{"id":2491,"date":"2025-03-14T14:31:28","date_gmt":"2025-03-14T12:31:28","guid":{"rendered":"https:\/\/matkailu.samediggi.fi\/?post_type=sanasto&#038;p=2491"},"modified":"2025-10-23T09:25:05","modified_gmt":"2025-10-23T06:25:05","slug":"kulttuurlaz-vuamstoollmos-kulttuurinen-omiminen","status":"publish","type":"sanasto","link":"https:\/\/matkailu.samediggi.fi\/sms\/sanasto\/kulttuurlaz-vuamstoollmos-kulttuurinen-omiminen\/","title":{"rendered":"Kulttuurla\u017e vu\u00e4mst\u00f5\u00f5llm\u00f5\u0161"},"content":{"rendered":"<div class=\"wpb-content-wrapper\"><p>[vc_row row_height_percent=&#8221;0&#8243; overlay_alpha=&#8221;50&#8243; gutter_size=&#8221;3&#8243; column_width_percent=&#8221;100&#8243; shift_y=&#8221;0&#8243; z_index=&#8221;0&#8243; bottom_divider=&#8221;pyramids&#8221; uncode_shortcode_id=&#8221;494265&#8243;][vc_column column_width_percent=&#8221;100&#8243; gutter_size=&#8221;3&#8243; overlay_alpha=&#8221;50&#8243; shift_x=&#8221;0&#8243; shift_y=&#8221;0&#8243; shift_y_down=&#8221;0&#8243; z_index=&#8221;0&#8243; medium_width=&#8221;0&#8243; mobile_visibility=&#8221;yes&#8221; mobile_width=&#8221;0&#8243; width=&#8221;1\/4&#8243; uncode_shortcode_id=&#8221;184376&#8243;][\/vc_column][vc_column width=&#8221;1\/2&#8243;][vc_custom_heading auto_text=&#8221;yes&#8221; desktop_visibility=&#8221;yes&#8221; medium_visibility=&#8221;yes&#8221; uncode_shortcode_id=&#8221;193470&#8243;]Page Title[\/vc_custom_heading][vc_column_text uncode_shortcode_id=&#8221;862703&#8243;]Kulttuurla\u017e vu\u00e4mst\u00f5\u00f5llm\u00f5\u0161 tuejjad ve\u00e4\u02b9r s\u00e4\u02b9mmlai kulttuurji\u00f5\u010d\u010dvaald\u00e2\u0161m le\u02b9be s\u00e4\u02b9mmlai vu\u00e2\u0111\u0111l\u00e4\u00e4\u01e5\u01e5la\u017evu\u00f5igg\u00e2dvu\u00f5\u0111 mie\u02b9rreed jiijj\u00e2z kulttuur\u00e2st da t\u00f5n \u00e2\u00e2\u02b9nnmest vu\u00e2stta. Kulttuurla\u017e vu\u00e4mst\u00f5\u00f5llm\u00f5\u00f5\u017e\u017ein juu\u02b9rdetn\u00e5kam t\u00e5\u00e5im, ko\u02b9st \u00e4u\u02b9\u01e9\u01e9en \u00e2\u00e2\u02b9net elemee\u02b9ntid nuu\u02b9bb kulttuur\u00e2st, k\u00e5\u00e5\u02b9tt ij kuul \u00f5\u00f5\u02b9nni jiijj\u00e2s kulttuu\u02b9re, da\u00e4u\u02b9\u01e9\u01e9en\u00e2\u00e2nnm\u00f5\u0161 \u0161\u00e2dd \u00f5nnum kulttuur vu\u00e4\u02b9mstee\u02b9ji mi\u00e2sttm\u00f5\u00f5\u017e\u017et\u00e4\u00e4. Kulttuurla\u017e vu\u00e4mst\u00f5\u00f5llm\u00f5\u00f5\u017e\u017e\u00e2st lijk\u00f5\u00f5\u010d\u010dm\u00f5\u0161 uu\u02b9ccb\u00f5s da j\u00e4\u00e4nb\u00f5s joouki k\u00f5skksa\u017e v\u00e4\u02b9lddrajjsin. L\u00e5\u00e5\u02b9vte\u02b9mes \u00e4u\u02b9\u01e9\u01e9en\u00e2\u00e2nnm\u00f5\u00f5\u017e\u017e l\u00e2\u00e2\u02b9ssen kulttuurvu\u00e4mst\u00f5\u00f5llm\u00f5\u00f5\u017e\u017e tuejjad p\u00e5\u00e5\u02b9mhall\u0161en t\u00f5t, \u0161to nuu\u02b9bb kulttuur elemee\u02b9ntid \u00e4u\u02b9\u01e9\u01e9en \u00f5\u00f5\u02b9nni oouma\u017e ij fi\u02b9tteda\/le\u02b9be \u00e2\u00e2\u02b9n \u00e4\u00e4rvast k\u00f5\u00f5\u010d\u010dm\u00f5\u00f5\u017e\u017e\u00e2st \u00e5\u00e5rrai, \u00e4u\u02b9\u01e9\u01e9en\u00e2\u00e2nnm\u00f5\u00f5\u017e\u017e obje\u02b9ktten joudd\u00e2m kulttuur le\u02b9be\u00e4u\u02b9\u01e9\u01e9en \u00f5nnum elemee\u02b9nti veiddsab kulttuurla\u017e mi\u00e2rkt\u00f5\u00f5zz le\u02b9be saa\u01e5\u01e5. M\u00e4\u00e4\u014bg s\u00e4\u00e4\u02b9mkulttuur elemee\u02b9nt lie \u00f5nnum \u00e4u\u02b9\u01e9\u01e9en maatk\u010dumm\u0161est ju\u02b9n ee\u02b9\u01e9\u01e9loo\u02b9jji \u00e4\u00e4i\u02b9j. T\u00e4ujja maatk\u010dumm\u0161est \u00f5nnum s\u00e4\u00e4\u02b9mkulttuur symbool lie s\u00e4\u02b9mmlaid samai v\u00e4\u00e4\u017enai da t\u00f5id \u00f5httne m\u00e4\u00e4\u014bg kulttuurla\u017e mi\u00e2rkt\u00f5\u00f5zz da saa\u01e5\u01e5, koin kulttuur toobd\u01e9ani oummust ij vuei\u02b9tlv\u00e2nji le\u00e4kku \u010di\u014b\u014blab fi\u02b9ttj\u00f5s. \u010ci\u014b\u014blab kulttuurla\u017e mi\u00e2rkt\u00f5\u00f5zz fi\u02b9ttjete\u02b9mesvu\u00f5tt veekk kulttuur pu\u00e4sttad\u00e2\u00e2nnm\u00f5\u00f5\u017e\u017eid da vuei\u02b9tlv\u00e2nji v\u00e2\u00e2\u01e5\u01e5li\u02b9\u017e\u017een mottjam kulttuurla\u017e informaatio li\u00e2vtumm\u0161a. Tie\u02b9\u0111te\u02b9mesvu\u00f5tt ij jaukk\u00e2d kulttuur \u00e5\u00e5l\u01e5pe\u00e4llsa\u017e \u00f5\u00f5\u02b9nni vastt\u00f5\u00f5zz, pe\u02b9ce \u010du\u00e4\u02b9jat je\u00e4\u02b9nben perstete\u02b9mesvu\u00f5\u0111 le\u02b9be \u00e4\u00e4rvast \u00e2\u00e2nnm\u00f5\u00f5\u017e\u017e v\u00e4\u00e4\u02b9n \u00e4u\u02b9\u01e9\u01e9en \u00f5nnum kulttuur \u00e5rra.[\/vc_column_text][vc_row_inner][vc_column_inner column_width_percent=&#8221;100&#8243; gutter_size=&#8221;3&#8243; back_color=&#8221;color-xsdn&#8221; overlay_alpha=&#8221;50&#8243; radius=&#8221;std&#8221; shadow=&#8221;xs&#8221; shift_x=&#8221;0&#8243; shift_y=&#8221;0&#8243; shift_y_down=&#8221;0&#8243; z_index=&#8221;0&#8243; medium_width=&#8221;0&#8243; mobile_width=&#8221;0&#8243; width=&#8221;1\/1&#8243; uncode_shortcode_id=&#8221;113858&#8243; back_color_type=&#8221;uncode-palette&#8221;][vc_column_text uncode_shortcode_id=&#8221;147278&#8243;]<\/p>\n<h3>\u01e8i\u00f5\u010d\u010d \u0161e<\/h3>\n<p><a href=\"https:\/\/matkailu.samediggi.fi\/sms\/sanasto\/kulttuursaz-%c7%a9eall%ca%bcjemvuott-kulttuurinen-kestavyys\/\">kulttuursa\u017e \u01e9e\u00e2ll\u02bcjemvu\u00f5tt<\/a>, <a href=\"https:\/\/matkailu.samediggi.fi\/sms\/sanasto\/kulttuurlaz-identite%ca%b9ttsualos-kulttuurinen-identiteettivarkaus\/\">kulttuurla\u017e identite\u02b9ttsu\u00e2l\u00f5s<\/a>, <a href=\"https:\/\/matkailu.samediggi.fi\/sms\/sanasto\/ho%ca%b9hssjum-a%ca%b9rbbvuod-keksityt-perinteet\/\">ho\u02b9hssjum \u00e4\u02b9rbbvu\u00f5\u0111<\/a>, <a href=\"https:\/\/matkailu.samediggi.fi\/sms\/sanasto\/lai%ca%b9nn%ca%bcjum-a%ca%b9rbbvuod-lainatut-perinteet\/\">lai\u02b9nn\u02bcjum \u00e4\u02b9rbbvu\u00f5\u0111<\/a>, <a href=\"https:\/\/matkailu.samediggi.fi\/sms\/sanasto\/disinformaatio-da-misinformaatio-disinformaatio-ja-misinformaatio\/\">disinformaatio da misinformaatio<\/a>, <a href=\"https:\/\/matkailu.samediggi.fi\/sms\/sanasto\/saa%ca%b9mvuod-au%ca%b9%c7%a9%c7%a9enoo%ca%b9nni-turismm-saamelaisuutta-hyvaksikayttava-matkailu\/\">s\u00e4\u00e4\u02b9mvu\u00f5\u0111 \u00e4u\u02b9\u01e9\u01e9en\u00f5\u00f5\u02b9nni turismm<\/a>, <a href=\"https:\/\/matkailu.samediggi.fi\/sms\/sanasto\/saa%ca%b9mvuo%ca%b9tte-vuaddoovvi-maatkcummus-saamelaisuuteen-perustuva-matkailu\/\" target=\"_blank\" rel=\"noopener\">s\u00e4\u00e4\u02b9mvu\u00f5\u02b9tte vu\u00e2\u0111\u0111\u00f5\u00f5vvi maatk\u010dummu\u0161<\/a>, <a href=\"https:\/\/matkailu.samediggi.fi\/sms\/sanasto\/kulttuur-vaaldseei-kulttuurin-haltijat\/\" rel=\"noopener\">kulttuur vaald\u0161eei<\/a>, <a href=\"https:\/\/matkailu.samediggi.fi\/sms\/sanasto\/tuodlazvuott-aitous\/\" target=\"_blank\" rel=\"noopener\">tu\u00f5\u0111la\u017evu\u00f5tt<\/a>[\/vc_column_text][\/vc_column_inner][\/vc_row_inner][\/vc_column][vc_column width=&#8221;1\/4&#8243;][\/vc_column][\/vc_row]<\/p>\n<\/div>","protected":false},"excerpt":{"rendered":"<p>[vc_row row_height_percent=&#8221;0&#8243; overlay_alpha=&#8221;50&#8243; gutter_size=&#8221;3&#8243; column_width_percent=&#8221;100&#8243; shift_y=&#8221;0&#8243; z_index=&#8221;0&#8243; bottom_divider=&#8221;pyramids&#8221; uncode_shortcode_id=&#8221;494265&#8243;][vc_column column_width_percent=&#8221;100&#8243; gutter_size=&#8221;3&#8243; overlay_alpha=&#8221;50&#8243; shift_x=&#8221;0&#8243; shift_y=&#8221;0&#8243; shift_y_down=&#8221;0&#8243; z_index=&#8221;0&#8243; medium_width=&#8221;0&#8243; mobile_visibility=&#8221;yes&#8221; mobile_width=&#8221;0&#8243; width=&#8221;1\/4&#8243; [&hellip;]<\/p>\n","protected":false},"featured_media":0,"template":"","meta":[],"categories":[133],"class_list":["post-2491","sanasto","type-sanasto","status-publish","hentry","category-k-sms"],"yoast_head":"<!-- This site is optimized with the Yoast SEO plugin v26.6 - https:\/\/yoast.com\/wordpress\/plugins\/seo\/ -->\n<title>Kulttuurla\u017e vu\u00e4mst\u00f5\u00f5llm\u00f5\u0161 - Saamelaismatkailu<\/title>\n<meta name=\"robots\" content=\"index, follow, max-snippet:-1, max-image-preview:large, max-video-preview:-1\" \/>\n<link rel=\"canonical\" href=\"https:\/\/matkailu.samediggi.fi\/sms\/sanasto\/kulttuurlaz-vuamstoollmos-kulttuurinen-omiminen\/\" \/>\n<meta property=\"og:locale\" content=\"en_US\" \/>\n<meta property=\"og:type\" content=\"article\" \/>\n<meta property=\"og:title\" content=\"Kulttuurla\u017e vu\u00e4mst\u00f5\u00f5llm\u00f5\u0161 - Saamelaismatkailu\" \/>\n<meta property=\"og:description\" content=\"[vc_row row_height_percent=&#8221;0&#8243; overlay_alpha=&#8221;50&#8243; gutter_size=&#8221;3&#8243; column_width_percent=&#8221;100&#8243; shift_y=&#8221;0&#8243; z_index=&#8221;0&#8243; bottom_divider=&#8221;pyramids&#8221; uncode_shortcode_id=&#8221;494265&#8243;][vc_column column_width_percent=&#8221;100&#8243; gutter_size=&#8221;3&#8243; overlay_alpha=&#8221;50&#8243; shift_x=&#8221;0&#8243; shift_y=&#8221;0&#8243; shift_y_down=&#8221;0&#8243; z_index=&#8221;0&#8243; medium_width=&#8221;0&#8243; mobile_visibility=&#8221;yes&#8221; mobile_width=&#8221;0&#8243; width=&#8221;1\/4&#8243; [&hellip;]\" \/>\n<meta property=\"og:url\" content=\"https:\/\/matkailu.samediggi.fi\/sms\/sanasto\/kulttuurlaz-vuamstoollmos-kulttuurinen-omiminen\/\" \/>\n<meta property=\"og:site_name\" content=\"Saamelaismatkailu\" \/>\n<meta property=\"article:modified_time\" content=\"2025-10-23T06:25:05+00:00\" \/>\n<meta name=\"twitter:card\" content=\"summary_large_image\" \/>\n<meta name=\"twitter:label1\" content=\"Est. reading time\" \/>\n\t<meta name=\"twitter:data1\" content=\"2 minutes\" \/>\n<script type=\"application\/ld+json\" class=\"yoast-schema-graph\">{\"@context\":\"https:\/\/schema.org\",\"@graph\":[{\"@type\":\"WebPage\",\"@id\":\"https:\/\/matkailu.samediggi.fi\/sms\/sanasto\/kulttuurlaz-vuamstoollmos-kulttuurinen-omiminen\/\",\"url\":\"https:\/\/matkailu.samediggi.fi\/sms\/sanasto\/kulttuurlaz-vuamstoollmos-kulttuurinen-omiminen\/\",\"name\":\"Kulttuurla\u017e vu\u00e4mst\u00f5\u00f5llm\u00f5\u0161 - Saamelaismatkailu\",\"isPartOf\":{\"@id\":\"https:\/\/matkailu.samediggi.fi\/sms\/#website\"},\"datePublished\":\"2025-03-14T12:31:28+00:00\",\"dateModified\":\"2025-10-23T06:25:05+00:00\",\"breadcrumb\":{\"@id\":\"https:\/\/matkailu.samediggi.fi\/sms\/sanasto\/kulttuurlaz-vuamstoollmos-kulttuurinen-omiminen\/#breadcrumb\"},\"inLanguage\":\"sms-FI\",\"potentialAction\":[{\"@type\":\"ReadAction\",\"target\":[\"https:\/\/matkailu.samediggi.fi\/sms\/sanasto\/kulttuurlaz-vuamstoollmos-kulttuurinen-omiminen\/\"]}]},{\"@type\":\"BreadcrumbList\",\"@id\":\"https:\/\/matkailu.samediggi.fi\/sms\/sanasto\/kulttuurlaz-vuamstoollmos-kulttuurinen-omiminen\/#breadcrumb\",\"itemListElement\":[{\"@type\":\"ListItem\",\"position\":1,\"name\":\"Home\",\"item\":\"https:\/\/matkailu.samediggi.fi\/sms\/\"},{\"@type\":\"ListItem\",\"position\":2,\"name\":\"Kulttuurla\u017e vu\u00e4mst\u00f5\u00f5llm\u00f5\u0161\"}]},{\"@type\":\"WebSite\",\"@id\":\"https:\/\/matkailu.samediggi.fi\/sms\/#website\",\"url\":\"https:\/\/matkailu.samediggi.fi\/sms\/\",\"name\":\"Saamelaismatkailu\",\"description\":\"\",\"publisher\":{\"@id\":\"https:\/\/matkailu.samediggi.fi\/sms\/#organization\"},\"potentialAction\":[{\"@type\":\"SearchAction\",\"target\":{\"@type\":\"EntryPoint\",\"urlTemplate\":\"https:\/\/matkailu.samediggi.fi\/sms\/?s={search_term_string}\"},\"query-input\":{\"@type\":\"PropertyValueSpecification\",\"valueRequired\":true,\"valueName\":\"search_term_string\"}}],\"inLanguage\":\"sms-FI\"},{\"@type\":\"Organization\",\"@id\":\"https:\/\/matkailu.samediggi.fi\/sms\/#organization\",\"name\":\"Saamelaisk\u00e4r\u00e4j\u00e4t\",\"url\":\"https:\/\/matkailu.samediggi.fi\/sms\/\",\"logo\":{\"@type\":\"ImageObject\",\"inLanguage\":\"sms-FI\",\"@id\":\"https:\/\/matkailu.samediggi.fi\/sms\/#\/schema\/logo\/image\/\",\"url\":\"https:\/\/matkailu.samediggi.fi\/wp-content\/uploads\/2022\/02\/Samediggilogo_TxtAktiv-1.png\",\"contentUrl\":\"https:\/\/matkailu.samediggi.fi\/wp-content\/uploads\/2022\/02\/Samediggilogo_TxtAktiv-1.png\",\"width\":2490,\"height\":1044,\"caption\":\"Saamelaisk\u00e4r\u00e4j\u00e4t\"},\"image\":{\"@id\":\"https:\/\/matkailu.samediggi.fi\/sms\/#\/schema\/logo\/image\/\"}}]}<\/script>\n<!-- \/ Yoast SEO plugin. -->","yoast_head_json":{"title":"Kulttuurla\u017e vu\u00e4mst\u00f5\u00f5llm\u00f5\u0161 - Saamelaismatkailu","robots":{"index":"index","follow":"follow","max-snippet":"max-snippet:-1","max-image-preview":"max-image-preview:large","max-video-preview":"max-video-preview:-1"},"canonical":"https:\/\/matkailu.samediggi.fi\/sms\/sanasto\/kulttuurlaz-vuamstoollmos-kulttuurinen-omiminen\/","og_locale":"en_US","og_type":"article","og_title":"Kulttuurla\u017e vu\u00e4mst\u00f5\u00f5llm\u00f5\u0161 - Saamelaismatkailu","og_description":"[vc_row row_height_percent=&#8221;0&#8243; overlay_alpha=&#8221;50&#8243; gutter_size=&#8221;3&#8243; column_width_percent=&#8221;100&#8243; shift_y=&#8221;0&#8243; z_index=&#8221;0&#8243; bottom_divider=&#8221;pyramids&#8221; uncode_shortcode_id=&#8221;494265&#8243;][vc_column column_width_percent=&#8221;100&#8243; gutter_size=&#8221;3&#8243; overlay_alpha=&#8221;50&#8243; shift_x=&#8221;0&#8243; shift_y=&#8221;0&#8243; shift_y_down=&#8221;0&#8243; z_index=&#8221;0&#8243; medium_width=&#8221;0&#8243; mobile_visibility=&#8221;yes&#8221; mobile_width=&#8221;0&#8243; width=&#8221;1\/4&#8243; [&hellip;]","og_url":"https:\/\/matkailu.samediggi.fi\/sms\/sanasto\/kulttuurlaz-vuamstoollmos-kulttuurinen-omiminen\/","og_site_name":"Saamelaismatkailu","article_modified_time":"2025-10-23T06:25:05+00:00","twitter_card":"summary_large_image","twitter_misc":{"Est. reading time":"2 minutes"},"schema":{"@context":"https:\/\/schema.org","@graph":[{"@type":"WebPage","@id":"https:\/\/matkailu.samediggi.fi\/sms\/sanasto\/kulttuurlaz-vuamstoollmos-kulttuurinen-omiminen\/","url":"https:\/\/matkailu.samediggi.fi\/sms\/sanasto\/kulttuurlaz-vuamstoollmos-kulttuurinen-omiminen\/","name":"Kulttuurla\u017e vu\u00e4mst\u00f5\u00f5llm\u00f5\u0161 - Saamelaismatkailu","isPartOf":{"@id":"https:\/\/matkailu.samediggi.fi\/sms\/#website"},"datePublished":"2025-03-14T12:31:28+00:00","dateModified":"2025-10-23T06:25:05+00:00","breadcrumb":{"@id":"https:\/\/matkailu.samediggi.fi\/sms\/sanasto\/kulttuurlaz-vuamstoollmos-kulttuurinen-omiminen\/#breadcrumb"},"inLanguage":"sms-FI","potentialAction":[{"@type":"ReadAction","target":["https:\/\/matkailu.samediggi.fi\/sms\/sanasto\/kulttuurlaz-vuamstoollmos-kulttuurinen-omiminen\/"]}]},{"@type":"BreadcrumbList","@id":"https:\/\/matkailu.samediggi.fi\/sms\/sanasto\/kulttuurlaz-vuamstoollmos-kulttuurinen-omiminen\/#breadcrumb","itemListElement":[{"@type":"ListItem","position":1,"name":"Home","item":"https:\/\/matkailu.samediggi.fi\/sms\/"},{"@type":"ListItem","position":2,"name":"Kulttuurla\u017e vu\u00e4mst\u00f5\u00f5llm\u00f5\u0161"}]},{"@type":"WebSite","@id":"https:\/\/matkailu.samediggi.fi\/sms\/#website","url":"https:\/\/matkailu.samediggi.fi\/sms\/","name":"Saamelaismatkailu","description":"","publisher":{"@id":"https:\/\/matkailu.samediggi.fi\/sms\/#organization"},"potentialAction":[{"@type":"SearchAction","target":{"@type":"EntryPoint","urlTemplate":"https:\/\/matkailu.samediggi.fi\/sms\/?s={search_term_string}"},"query-input":{"@type":"PropertyValueSpecification","valueRequired":true,"valueName":"search_term_string"}}],"inLanguage":"sms-FI"},{"@type":"Organization","@id":"https:\/\/matkailu.samediggi.fi\/sms\/#organization","name":"Saamelaisk\u00e4r\u00e4j\u00e4t","url":"https:\/\/matkailu.samediggi.fi\/sms\/","logo":{"@type":"ImageObject","inLanguage":"sms-FI","@id":"https:\/\/matkailu.samediggi.fi\/sms\/#\/schema\/logo\/image\/","url":"https:\/\/matkailu.samediggi.fi\/wp-content\/uploads\/2022\/02\/Samediggilogo_TxtAktiv-1.png","contentUrl":"https:\/\/matkailu.samediggi.fi\/wp-content\/uploads\/2022\/02\/Samediggilogo_TxtAktiv-1.png","width":2490,"height":1044,"caption":"Saamelaisk\u00e4r\u00e4j\u00e4t"},"image":{"@id":"https:\/\/matkailu.samediggi.fi\/sms\/#\/schema\/logo\/image\/"}}]}},"_links":{"self":[{"href":"https:\/\/matkailu.samediggi.fi\/sms\/wp-json\/wp\/v2\/sanasto\/2491","targetHints":{"allow":["GET"]}}],"collection":[{"href":"https:\/\/matkailu.samediggi.fi\/sms\/wp-json\/wp\/v2\/sanasto"}],"about":[{"href":"https:\/\/matkailu.samediggi.fi\/sms\/wp-json\/wp\/v2\/types\/sanasto"}],"wp:attachment":[{"href":"https:\/\/matkailu.samediggi.fi\/sms\/wp-json\/wp\/v2\/media?parent=2491"}],"wp:term":[{"taxonomy":"category","embeddable":true,"href":"https:\/\/matkailu.samediggi.fi\/sms\/wp-json\/wp\/v2\/categories?post=2491"}],"curies":[{"name":"wp","href":"https:\/\/api.w.org\/{rel}","templated":true}]}}