{"id":2435,"date":"2025-03-13T12:23:20","date_gmt":"2025-03-13T10:23:20","guid":{"rendered":"https:\/\/matkailu.samediggi.fi\/?post_type=sanasto&#038;p=2435"},"modified":"2025-04-03T13:29:05","modified_gmt":"2025-04-03T10:29:05","slug":"sosiaallas-killeelvuota-sosiaalinen-kestavyys","status":"publish","type":"sanasto","link":"https:\/\/matkailu.samediggi.fi\/smn\/s\u00e1n\u00e1d\u00e2h\/sosiaallas-killeelvuota-sosiaalinen-kestavyys\/","title":{"rendered":"Sosiaall\u00e2\u0161 killeelvuot\u00e2"},"content":{"rendered":"<div class=\"wpb-content-wrapper\"><p>[vc_row row_height_percent=&#8221;0&#8243; overlay_alpha=&#8221;50&#8243; gutter_size=&#8221;3&#8243; column_width_percent=&#8221;100&#8243; shift_y=&#8221;0&#8243; z_index=&#8221;0&#8243; bottom_divider=&#8221;pyramids&#8221; uncode_shortcode_id=&#8221;494265&#8243;][vc_column column_width_percent=&#8221;100&#8243; gutter_size=&#8221;3&#8243; overlay_alpha=&#8221;50&#8243; shift_x=&#8221;0&#8243; shift_y=&#8221;0&#8243; shift_y_down=&#8221;0&#8243; z_index=&#8221;0&#8243; medium_width=&#8221;0&#8243; mobile_visibility=&#8221;yes&#8221; mobile_width=&#8221;0&#8243; width=&#8221;1\/4&#8243; uncode_shortcode_id=&#8221;184376&#8243;][\/vc_column][vc_column width=&#8221;1\/2&#8243;][vc_custom_heading auto_text=&#8221;yes&#8221; desktop_visibility=&#8221;yes&#8221; medium_visibility=&#8221;yes&#8221; uncode_shortcode_id=&#8221;193470&#8243;]Page Title[\/vc_custom_heading][vc_column_text uncode_shortcode_id=&#8221;357353&#8243;]Sosiaallii killeelvuo\u0111\u00e2 pu\u00e1ht\u00e1 mi\u00e4ru\u0161t\u00e2ll\u00e2\u0111 sehe p\u00e1ih\u00e1lij ulmui j\u00e1 ma\u0111h\u00e2\u0161eijee u\u00e1inust. V\u00e2i ma\u0111h\u00e2\u0161em li\u010dij sosiaall\u00e1vt killeel p\u00e1ih\u00e1lii s\u00e4miaalmug u\u00e1inust, kalga ma\u0111h\u00e2\u0161emi\u00e4l\u00e1tt\u00e2s v\u00e4ldi\u0111 hu\u00e1mm\u00e1\u0161um\u00e1n p\u00e1ih\u00e1lij ulmui t\u00e1\u00e1rbuid sehe ma\u0111h\u00e2\u0161em j\u00e1 tast \u0161addee nub\u00e1stus\u00e2i vaikutt\u00e2s\u00e2id sii aarg\u00e2n j\u00e1 eellimkvaliteet\u00e2n. Ma\u0111h\u00e2\u0161em kalga pyehti\u0111 hald\u00e2\u0161i\u0111 j\u00e1 tast kalgeh le\u0111e \u010dielg\u00e2 r\u00e4\u00e4jih, maid nu\u00e1vditteh. Sosiaall\u00e1vt kilelis maa\u0111h\u00e2\u0161mist \u0161addee hi\u00e4tu kalga ju\u00e1h\u00e1si\u0111 nuuvt vij\u0111\u00e1ht ko m\u00e1h\u0111ul\u00e2\u0161 p\u00e1ih\u00e1lii aalmug koosk\u00e2st ovd\u00e2merkk\u00e2n p\u00e1ih\u00e1lii infrastruktuur j\u00e1 palv\u00e2lus\u00e2i pu\u00e1r\u00e1nem h\u00e4\u00e4mist. Meid maa\u0111h\u00e2\u0161mist \u0161addee s\u00e4misi\u00e4rv\u00e1d\u00e2h\u00e2n \u010dyeccee negatiivliih vaikutt\u00e2sah kalgeh le\u0111e nuuvt ucc\u00e1\u00e1 ko m\u00e1h\u0111ul\u00e2\u0161. Teh\u00e1l\u00e2\u0161 sosiaallii killeelvuo\u0111\u00e2 u\u00e1ssin lii-uv s\u00e4misi\u00e4rv\u00e1duv mieldi v\u00e4ldim j\u00e1 jieij\u00e2s eellimpirr\u00e2s\u00e2n \u010dyeccee ma\u0111h\u00e2\u0161em vaikuttemm\u00e1h\u0111ul\u00e2\u0161vuo\u0111ah. Ma\u0111h\u00e2\u0161emsyergi j\u00e1 ma\u0111h\u00e2\u0161eijei lu\u00e1nduresursijguin \u00e1vh\u00e1st\u00e2ll\u00e2m ij u\u00e1\u017eu hi\u00e4jusmitti\u0111 \u00e4rbivu\u00e1v\u00e1lij i\u00e4l\u00e1tt\u00e2s\u00e2i ijge s\u00e4misi\u00e4rv\u00e1duv m\u00e1h\u0111ul\u00e2\u0161vuo\u0111\u00e2id kevtti\u0111 ku\u00e1vlu lu\u00e1nduriggoduv\u00e2id.[\/vc_column_text][vc_row_inner][vc_column_inner column_width_percent=&#8221;100&#8243; gutter_size=&#8221;3&#8243; back_color=&#8221;color-xsdn&#8221; overlay_alpha=&#8221;50&#8243; radius=&#8221;std&#8221; shadow=&#8221;xs&#8221; shift_x=&#8221;0&#8243; shift_y=&#8221;0&#8243; shift_y_down=&#8221;0&#8243; z_index=&#8221;0&#8243; medium_width=&#8221;0&#8243; mobile_width=&#8221;0&#8243; width=&#8221;1\/1&#8243; uncode_shortcode_id=&#8221;113858&#8243; back_color_type=&#8221;uncode-palette&#8221;][vc_column_text uncode_shortcode_id=&#8221;106850&#8243;]<\/p>\n<h3>Keej\u00e2 meid<\/h3>\n<p><a href=\"https:\/\/matkailu.samediggi.fi\/smn\/sanasto\/siarvadah-yhteiso\/\">si\u00e4rv\u00e1d\u00e2h<\/a>, <a href=\"https:\/\/matkailu.samediggi.fi\/smn\/sanasto\/ovdasvastadaslas-samimadhasem-vastuullinen-saamelaismatkailu\/\">ovd\u00e2sv\u00e1st\u00e1d\u00e2sl\u00e2\u0161 s\u00e4mima\u0111h\u00e2\u0161em<\/a>, <a href=\"https:\/\/matkailu.samediggi.fi\/smn\/sanasto\/huammasuman-valdim-huomioiminen\/\">hu\u00e1mm\u00e1\u0161um\u00e1n v\u00e4ldim<\/a>, <a href=\"https:\/\/matkailu.samediggi.fi\/smn\/sanasto\/ellee-kulttuurenadah-elava-kulttuurimaisema\/\">ellee kulttuuren\u00e2d\u00e2h<\/a>, <a href=\"https:\/\/matkailu.samediggi.fi\/smn\/sanasto\/ekologalas-killeelvuota-ekologinen-kestavyys\/\">ekolog\u00e2l\u00e2\u0161 killeelvuot\u00e2<\/a>, <a href=\"https:\/\/matkailu.samediggi.fi\/smn\/sanasto\/kulttuurlas-killeelvuota-kulttuurinen-kestavyys\/\">kulttuurl\u00e2\u0161 killeelvuot\u00e2<\/a>, <a href=\"https:\/\/matkailu.samediggi.fi\/smn\/sanasto\/ekonomalas-killeelvuota-taloudellinen-kestavyys\/\">ekonom\u00e2l\u00e2\u0161 killeelvuot\u00e2<\/a>, <a href=\"https:\/\/matkailu.samediggi.fi\/smn\/sanasto\/ekologalas-kyeddimnahca-ekologinen-kantokyky\/\">ekolog\u00e2l\u00e2\u0161 kyeddimnahc\u00e2<\/a>,\u00a0<a href=\"https:\/\/matkailu.samediggi.fi\/smn\/sanasto\/kulttuurlii-kyeddimnaavca-kulttuurinen-kantokyky\/\">kulttuurlii kyeddimnaavc\u00e2<\/a>, <a href=\"https:\/\/matkailu.samediggi.fi\/smn\/sanasto\/sosiaallas-kyeddimnahca-sosiaalinen-kantokyky\/\">sosiaall\u00e2\u0161 kyeddimnahc\u00e2<\/a>, <a href=\"https:\/\/matkailu.samediggi.fi\/smn\/sanasto\/ekonomalas-kyeddimnahca-taloudellinen-kantokyky\/\">ekonom\u00e2l\u00e2\u0161 kyeddimnahc\u00e2<\/a>, <a href=\"https:\/\/matkailu.samediggi.fi\/smn\/sanasto\/sammilasvuotan-vuaduduvvee-madhasem-saamelaisuuteen-perustuva-matkailu\/\">s\u00e4mmil\u00e2\u0161vuot\u00e2n vu\u00e1\u0111uduvvee ma\u0111h\u00e2\u0161em<\/a>, <a href=\"https:\/\/matkailu.samediggi.fi\/smn\/sanasto\/sammilasvuodain-avhastellee-madhasem-saamelaisuutta-hyvaksikayttava-matkailu\/\">s\u00e4mmil\u00e2\u0161vuo\u0111\u00e1in \u00e1vh\u00e1stellee ma\u0111h\u00e2\u0161em<\/a>, <a href=\"https:\/\/matkailu.samediggi.fi\/smn\/sanasto\/eettisiih-ravvuuh-eettinen-ohje\/\">eettisiih ravvuuh<\/a>, <a href=\"https:\/\/matkailu.samediggi.fi\/smn\/sanasto\/samitigge-saamelaiskarajat\/\">s\u00e4mitigge<\/a>[\/vc_column_text][\/vc_column_inner][\/vc_row_inner][\/vc_column][vc_column width=&#8221;1\/4&#8243;][\/vc_column][\/vc_row]<\/p>\n<\/div>","protected":false},"excerpt":{"rendered":"<p>[vc_row row_height_percent=&#8221;0&#8243; overlay_alpha=&#8221;50&#8243; gutter_size=&#8221;3&#8243; column_width_percent=&#8221;100&#8243; shift_y=&#8221;0&#8243; z_index=&#8221;0&#8243; bottom_divider=&#8221;pyramids&#8221; uncode_shortcode_id=&#8221;494265&#8243;][vc_column column_width_percent=&#8221;100&#8243; gutter_size=&#8221;3&#8243; overlay_alpha=&#8221;50&#8243; shift_x=&#8221;0&#8243; shift_y=&#8221;0&#8243; shift_y_down=&#8221;0&#8243; z_index=&#8221;0&#8243; medium_width=&#8221;0&#8243; mobile_visibility=&#8221;yes&#8221; mobile_width=&#8221;0&#8243; width=&#8221;1\/4&#8243; [&hellip;]<\/p>\n","protected":false},"featured_media":0,"template":"","meta":[],"categories":[108],"class_list":["post-2435","sanasto","type-sanasto","status-publish","hentry","category-s-smn"],"yoast_head":"<!-- This site is optimized with the Yoast SEO plugin v26.6 - https:\/\/yoast.com\/wordpress\/plugins\/seo\/ -->\n<title>Sosiaall\u00e2\u0161 killeelvuot\u00e2 - Saamelaismatkailu<\/title>\n<meta name=\"robots\" content=\"index, follow, max-snippet:-1, max-image-preview:large, max-video-preview:-1\" \/>\n<link rel=\"canonical\" href=\"https:\/\/matkailu.samediggi.fi\/smn\/s\u00e1n\u00e1d\u00e2h\/sosiaallas-killeelvuota-sosiaalinen-kestavyys\/\" \/>\n<meta property=\"og:locale\" content=\"en_US\" \/>\n<meta property=\"og:type\" content=\"article\" \/>\n<meta property=\"og:title\" content=\"Sosiaall\u00e2\u0161 killeelvuot\u00e2 - Saamelaismatkailu\" \/>\n<meta property=\"og:description\" content=\"[vc_row row_height_percent=&#8221;0&#8243; overlay_alpha=&#8221;50&#8243; gutter_size=&#8221;3&#8243; column_width_percent=&#8221;100&#8243; shift_y=&#8221;0&#8243; z_index=&#8221;0&#8243; bottom_divider=&#8221;pyramids&#8221; uncode_shortcode_id=&#8221;494265&#8243;][vc_column column_width_percent=&#8221;100&#8243; gutter_size=&#8221;3&#8243; overlay_alpha=&#8221;50&#8243; shift_x=&#8221;0&#8243; shift_y=&#8221;0&#8243; shift_y_down=&#8221;0&#8243; z_index=&#8221;0&#8243; medium_width=&#8221;0&#8243; mobile_visibility=&#8221;yes&#8221; mobile_width=&#8221;0&#8243; width=&#8221;1\/4&#8243; [&hellip;]\" \/>\n<meta property=\"og:url\" content=\"https:\/\/matkailu.samediggi.fi\/smn\/s\u00e1n\u00e1d\u00e2h\/sosiaallas-killeelvuota-sosiaalinen-kestavyys\/\" \/>\n<meta property=\"og:site_name\" content=\"Saamelaismatkailu\" \/>\n<meta property=\"article:modified_time\" content=\"2025-04-03T10:29:05+00:00\" \/>\n<meta name=\"twitter:card\" content=\"summary_large_image\" \/>\n<meta name=\"twitter:label1\" content=\"Est. reading time\" \/>\n\t<meta name=\"twitter:data1\" content=\"2 minutes\" \/>\n<script type=\"application\/ld+json\" class=\"yoast-schema-graph\">{\"@context\":\"https:\/\/schema.org\",\"@graph\":[{\"@type\":\"WebPage\",\"@id\":\"https:\/\/matkailu.samediggi.fi\/smn\/s\u00e1n\u00e1d\u00e2h\/sosiaallas-killeelvuota-sosiaalinen-kestavyys\/\",\"url\":\"https:\/\/matkailu.samediggi.fi\/smn\/s\u00e1n\u00e1d\u00e2h\/sosiaallas-killeelvuota-sosiaalinen-kestavyys\/\",\"name\":\"Sosiaall\u00e2\u0161 killeelvuot\u00e2 - Saamelaismatkailu\",\"isPartOf\":{\"@id\":\"https:\/\/matkailu.samediggi.fi\/smn\/#website\"},\"datePublished\":\"2025-03-13T10:23:20+00:00\",\"dateModified\":\"2025-04-03T10:29:05+00:00\",\"breadcrumb\":{\"@id\":\"https:\/\/matkailu.samediggi.fi\/smn\/s\u00e1n\u00e1d\u00e2h\/sosiaallas-killeelvuota-sosiaalinen-kestavyys\/#breadcrumb\"},\"inLanguage\":\"smn-FI\",\"potentialAction\":[{\"@type\":\"ReadAction\",\"target\":[\"https:\/\/matkailu.samediggi.fi\/smn\/s\u00e1n\u00e1d\u00e2h\/sosiaallas-killeelvuota-sosiaalinen-kestavyys\/\"]}]},{\"@type\":\"BreadcrumbList\",\"@id\":\"https:\/\/matkailu.samediggi.fi\/smn\/s\u00e1n\u00e1d\u00e2h\/sosiaallas-killeelvuota-sosiaalinen-kestavyys\/#breadcrumb\",\"itemListElement\":[{\"@type\":\"ListItem\",\"position\":1,\"name\":\"Home\",\"item\":\"https:\/\/matkailu.samediggi.fi\/smn\/\"},{\"@type\":\"ListItem\",\"position\":2,\"name\":\"Sosiaall\u00e2\u0161 killeelvuot\u00e2\"}]},{\"@type\":\"WebSite\",\"@id\":\"https:\/\/matkailu.samediggi.fi\/smn\/#website\",\"url\":\"https:\/\/matkailu.samediggi.fi\/smn\/\",\"name\":\"Saamelaismatkailu\",\"description\":\"\",\"publisher\":{\"@id\":\"https:\/\/matkailu.samediggi.fi\/smn\/#organization\"},\"potentialAction\":[{\"@type\":\"SearchAction\",\"target\":{\"@type\":\"EntryPoint\",\"urlTemplate\":\"https:\/\/matkailu.samediggi.fi\/smn\/?s={search_term_string}\"},\"query-input\":{\"@type\":\"PropertyValueSpecification\",\"valueRequired\":true,\"valueName\":\"search_term_string\"}}],\"inLanguage\":\"smn-FI\"},{\"@type\":\"Organization\",\"@id\":\"https:\/\/matkailu.samediggi.fi\/smn\/#organization\",\"name\":\"Saamelaisk\u00e4r\u00e4j\u00e4t\",\"url\":\"https:\/\/matkailu.samediggi.fi\/smn\/\",\"logo\":{\"@type\":\"ImageObject\",\"inLanguage\":\"smn-FI\",\"@id\":\"https:\/\/matkailu.samediggi.fi\/smn\/#\/schema\/logo\/image\/\",\"url\":\"https:\/\/matkailu.samediggi.fi\/wp-content\/uploads\/2022\/02\/Samediggilogo_TxtAktiv-1.png\",\"contentUrl\":\"https:\/\/matkailu.samediggi.fi\/wp-content\/uploads\/2022\/02\/Samediggilogo_TxtAktiv-1.png\",\"width\":2490,\"height\":1044,\"caption\":\"Saamelaisk\u00e4r\u00e4j\u00e4t\"},\"image\":{\"@id\":\"https:\/\/matkailu.samediggi.fi\/smn\/#\/schema\/logo\/image\/\"}}]}<\/script>\n<!-- \/ Yoast SEO plugin. -->","yoast_head_json":{"title":"Sosiaall\u00e2\u0161 killeelvuot\u00e2 - Saamelaismatkailu","robots":{"index":"index","follow":"follow","max-snippet":"max-snippet:-1","max-image-preview":"max-image-preview:large","max-video-preview":"max-video-preview:-1"},"canonical":"https:\/\/matkailu.samediggi.fi\/smn\/s\u00e1n\u00e1d\u00e2h\/sosiaallas-killeelvuota-sosiaalinen-kestavyys\/","og_locale":"en_US","og_type":"article","og_title":"Sosiaall\u00e2\u0161 killeelvuot\u00e2 - Saamelaismatkailu","og_description":"[vc_row row_height_percent=&#8221;0&#8243; overlay_alpha=&#8221;50&#8243; gutter_size=&#8221;3&#8243; column_width_percent=&#8221;100&#8243; shift_y=&#8221;0&#8243; z_index=&#8221;0&#8243; bottom_divider=&#8221;pyramids&#8221; uncode_shortcode_id=&#8221;494265&#8243;][vc_column column_width_percent=&#8221;100&#8243; gutter_size=&#8221;3&#8243; overlay_alpha=&#8221;50&#8243; shift_x=&#8221;0&#8243; shift_y=&#8221;0&#8243; shift_y_down=&#8221;0&#8243; z_index=&#8221;0&#8243; medium_width=&#8221;0&#8243; mobile_visibility=&#8221;yes&#8221; mobile_width=&#8221;0&#8243; width=&#8221;1\/4&#8243; [&hellip;]","og_url":"https:\/\/matkailu.samediggi.fi\/smn\/s\u00e1n\u00e1d\u00e2h\/sosiaallas-killeelvuota-sosiaalinen-kestavyys\/","og_site_name":"Saamelaismatkailu","article_modified_time":"2025-04-03T10:29:05+00:00","twitter_card":"summary_large_image","twitter_misc":{"Est. reading time":"2 minutes"},"schema":{"@context":"https:\/\/schema.org","@graph":[{"@type":"WebPage","@id":"https:\/\/matkailu.samediggi.fi\/smn\/s\u00e1n\u00e1d\u00e2h\/sosiaallas-killeelvuota-sosiaalinen-kestavyys\/","url":"https:\/\/matkailu.samediggi.fi\/smn\/s\u00e1n\u00e1d\u00e2h\/sosiaallas-killeelvuota-sosiaalinen-kestavyys\/","name":"Sosiaall\u00e2\u0161 killeelvuot\u00e2 - Saamelaismatkailu","isPartOf":{"@id":"https:\/\/matkailu.samediggi.fi\/smn\/#website"},"datePublished":"2025-03-13T10:23:20+00:00","dateModified":"2025-04-03T10:29:05+00:00","breadcrumb":{"@id":"https:\/\/matkailu.samediggi.fi\/smn\/s\u00e1n\u00e1d\u00e2h\/sosiaallas-killeelvuota-sosiaalinen-kestavyys\/#breadcrumb"},"inLanguage":"smn-FI","potentialAction":[{"@type":"ReadAction","target":["https:\/\/matkailu.samediggi.fi\/smn\/s\u00e1n\u00e1d\u00e2h\/sosiaallas-killeelvuota-sosiaalinen-kestavyys\/"]}]},{"@type":"BreadcrumbList","@id":"https:\/\/matkailu.samediggi.fi\/smn\/s\u00e1n\u00e1d\u00e2h\/sosiaallas-killeelvuota-sosiaalinen-kestavyys\/#breadcrumb","itemListElement":[{"@type":"ListItem","position":1,"name":"Home","item":"https:\/\/matkailu.samediggi.fi\/smn\/"},{"@type":"ListItem","position":2,"name":"Sosiaall\u00e2\u0161 killeelvuot\u00e2"}]},{"@type":"WebSite","@id":"https:\/\/matkailu.samediggi.fi\/smn\/#website","url":"https:\/\/matkailu.samediggi.fi\/smn\/","name":"Saamelaismatkailu","description":"","publisher":{"@id":"https:\/\/matkailu.samediggi.fi\/smn\/#organization"},"potentialAction":[{"@type":"SearchAction","target":{"@type":"EntryPoint","urlTemplate":"https:\/\/matkailu.samediggi.fi\/smn\/?s={search_term_string}"},"query-input":{"@type":"PropertyValueSpecification","valueRequired":true,"valueName":"search_term_string"}}],"inLanguage":"smn-FI"},{"@type":"Organization","@id":"https:\/\/matkailu.samediggi.fi\/smn\/#organization","name":"Saamelaisk\u00e4r\u00e4j\u00e4t","url":"https:\/\/matkailu.samediggi.fi\/smn\/","logo":{"@type":"ImageObject","inLanguage":"smn-FI","@id":"https:\/\/matkailu.samediggi.fi\/smn\/#\/schema\/logo\/image\/","url":"https:\/\/matkailu.samediggi.fi\/wp-content\/uploads\/2022\/02\/Samediggilogo_TxtAktiv-1.png","contentUrl":"https:\/\/matkailu.samediggi.fi\/wp-content\/uploads\/2022\/02\/Samediggilogo_TxtAktiv-1.png","width":2490,"height":1044,"caption":"Saamelaisk\u00e4r\u00e4j\u00e4t"},"image":{"@id":"https:\/\/matkailu.samediggi.fi\/smn\/#\/schema\/logo\/image\/"}}]}},"_links":{"self":[{"href":"https:\/\/matkailu.samediggi.fi\/smn\/wp-json\/wp\/v2\/sanasto\/2435","targetHints":{"allow":["GET"]}}],"collection":[{"href":"https:\/\/matkailu.samediggi.fi\/smn\/wp-json\/wp\/v2\/sanasto"}],"about":[{"href":"https:\/\/matkailu.samediggi.fi\/smn\/wp-json\/wp\/v2\/types\/sanasto"}],"wp:attachment":[{"href":"https:\/\/matkailu.samediggi.fi\/smn\/wp-json\/wp\/v2\/media?parent=2435"}],"wp:term":[{"taxonomy":"category","embeddable":true,"href":"https:\/\/matkailu.samediggi.fi\/smn\/wp-json\/wp\/v2\/categories?post=2435"}],"curies":[{"name":"wp","href":"https:\/\/api.w.org\/{rel}","templated":true}]}}