{"id":1688,"date":"2024-11-05T12:57:59","date_gmt":"2024-11-05T10:57:59","guid":{"rendered":"https:\/\/matkailu.samediggi.fi\/tiervapuattim-euroop-algaaalmugmadhasemkonferensan-eitc-2025n\/"},"modified":"2025-05-21T11:55:10","modified_gmt":"2025-05-21T08:55:10","slug":"tiervapuattim-euroop-algaaalmugmadhasemkonferensan-eitc-2025n","status":"publish","type":"page","link":"https:\/\/matkailu.samediggi.fi\/smn\/tiervapuattim-euroop-algaaalmugmadhasemkonferensan-eitc-2025n\/","title":{"rendered":"Tierv\u00e2pu\u00e1ttim Euroop alg\u00e2aalmugma\u0111h\u00e2\u0161emkonferens\u00e2n EITC 2025:n!"},"content":{"rendered":"<div class=\"wpb-content-wrapper\"><p>[vc_row unlock_row_content=&#8221;yes&#8221; row_height_percent=&#8221;100&#8243; override_padding=&#8221;yes&#8221; h_padding=&#8221;0&#8243; top_padding=&#8221;0&#8243; bottom_padding=&#8221;0&#8243; back_image=&#8221;1426&#8243; back_repeat=&#8221;no-repeat&#8221; back_position=&#8221;center bottom&#8221; parallax=&#8221;yes&#8221; overlay_alpha=&#8221;50&#8243; equal_height=&#8221;yes&#8221; gutter_size=&#8221;0&#8243; column_width_percent=&#8221;100&#8243; shift_y=&#8221;0&#8243; z_index=&#8221;0&#8243; enable_bottom_divider=&#8221;default&#8221; bottom_divider_inv=&#8221;hills-opacity&#8221; shape_bottom_invert=&#8221;yes&#8221; shape_bottom_flip=&#8221;yes&#8221; shape_bottom_h_use_pixel=&#8221;&#8221; shape_bottom_height=&#8221;100&#8243; shape_bottom_color=&#8221;color-420331&#8243; shape_bottom_opacity=&#8221;100&#8243; shape_bottom_index=&#8221;1&#8243; content_parallax=&#8221;0&#8243; uncode_shortcode_id=&#8221;144125&#8243; back_size=&#8221;100% auto&#8221; el_class=&#8221;extra-height&#8221; shape_bottom_color_type=&#8221;uncode-palette&#8221;][vc_column column_width_percent=&#8221;100&#8243; position_vertical=&#8221;bottom&#8221; gutter_size=&#8221;3&#8243; override_padding=&#8221;yes&#8221; column_padding=&#8221;0&#8243; expand_height=&#8221;yes&#8221; back_image=&#8221;2018&#8243; back_repeat=&#8221;no-repeat&#8221; back_position=&#8221;center bottom&#8221; parallax=&#8221;yes&#8221; kburns=&#8221;yes&#8221; overlay_alpha=&#8221;50&#8243; shift_x=&#8221;0&#8243; shift_y=&#8221;0&#8243; shift_y_down=&#8221;0&#8243; z_index=&#8221;0&#8243; medium_width=&#8221;0&#8243; mobile_width=&#8221;0&#8243; width=&#8221;1\/1&#8243; uncode_shortcode_id=&#8221;106701&#8243; back_size=&#8221;100% auto!important&#8221; el_class=&#8221;cloudBG&#8221;][vc_row_inner row_inner_height_percent=&#8221;100&#8243; force_width_grid=&#8221;yes&#8221; back_image=&#8221;1430&#8243; back_repeat=&#8221;no-repeat&#8221; back_position=&#8221;center bottom&#8221; overlay_alpha=&#8221;50&#8243; gutter_size=&#8221;3&#8243; shift_y=&#8221;0&#8243; z_index=&#8221;0&#8243; uncode_shortcode_id=&#8221;131219&#8243; back_size=&#8221;100% auto&#8221; el_class=&#8221;extra-height&#8221;][vc_column_inner column_width_percent=&#8221;100&#8243; position_vertical=&#8221;bottom&#8221; gutter_size=&#8221;3&#8243; override_padding=&#8221;yes&#8221; column_padding=&#8221;3&#8243; expand_height=&#8221;yes&#8221; overlay_alpha=&#8221;50&#8243; shift_x=&#8221;0&#8243; shift_y=&#8221;0&#8243; shift_y_down=&#8221;0&#8243; z_index=&#8221;0&#8243; medium_width=&#8221;0&#8243; mobile_width=&#8221;0&#8243; width=&#8221;1\/1&#8243; uncode_shortcode_id=&#8221;117569&#8243;][vc_raw_html]W3dwbWxfbGFuZ3VhZ2Vfc2VsZWN0b3Jfd2lkZ2V0XQ==[\/vc_raw_html][vc_single_image media=&#8221;1432&#8243; media_width_percent=&#8221;66&#8243; css_animation=&#8221;alpha-anim&#8221; animation_speed=&#8221;1000&#8243; animation_delay=&#8221;400&#8243; uncode_shortcode_id=&#8221;195288&#8243;][vc_empty_space empty_h=&#8221;5&#8243;][\/vc_column_inner][\/vc_row_inner][\/vc_column][\/vc_row][vc_row row_height_percent=&#8221;0&#8243; override_padding=&#8221;yes&#8221; h_padding=&#8221;0&#8243; top_padding=&#8221;0&#8243; bottom_padding=&#8221;2&#8243; overlay_alpha=&#8221;50&#8243; gutter_size=&#8221;3&#8243; column_width_percent=&#8221;100&#8243; shift_y=&#8221;0&#8243; z_index=&#8221;0&#8243; content_parallax=&#8221;0&#8243; uncode_shortcode_id=&#8221;484686&#8243;][vc_column column_width_percent=&#8221;100&#8243; gutter_size=&#8221;4&#8243; override_padding=&#8221;yes&#8221; column_padding=&#8221;3&#8243; back_color=&#8221;color-xsdn&#8221; overlay_alpha=&#8221;50&#8243; radius=&#8221;std&#8221; shadow=&#8221;std&#8221; shift_x=&#8221;0&#8243; shift_y=&#8221;-5&#8243; shift_y_down=&#8221;0&#8243; z_index=&#8221;2&#8243; medium_width=&#8221;0&#8243; mobile_width=&#8221;0&#8243; width=&#8221;1\/1&#8243; uncode_shortcode_id=&#8221;206572&#8243; back_color_type=&#8221;uncode-palette&#8221;][vc_tabs history=&#8221;yes&#8221; tab_switch=&#8221;yes&#8221; animation_active=&#8221;yes&#8221; typography=&#8221;advanced&#8221; titles_size=&#8221;h4&#8243; uncode_shortcode_id=&#8221;166701&#8243;][vc_tab gutter_size=&#8221;2&#8243; column_padding=&#8221;3&#8243; title=&#8221;Info&#8221; tab_id=&#8221;1728039418-1-94&#8243; slug=&#8221;info&#8221;][vc_custom_heading heading_semantic=&#8221;h1&#8243; text_size=&#8221;custom&#8221; text_uppercase=&#8221;&#8221; uncode_shortcode_id=&#8221;728738&#8243; heading_custom_size=&#8221;clamp(30px,5vw,55px)&#8221;]Tierv\u00e2pu\u00e1ttim Euroop alg\u00e2aalmugma\u0111h\u00e2\u0161emkonferens\u00e2n EITC 2025:n![\/vc_custom_heading][vc_column_text text_color=&#8221;color-nhtu&#8221; uncode_shortcode_id=&#8221;127507&#8243; text_color_type=&#8221;uncode-palette&#8221;]World Indigenous Tourism Alliance (WINTA) oovt\u00e2st S\u00e4mitiggijn j\u00e1 Laapi oll\u00e2op\u00e2ttuvv\u00e1in pu\u00e1vdee puoh\u00e2id, ki\u00e4id \u00e4\u00e4\u0161i ki\u00e4sut, Euroop alg\u00e2aalmugma\u0111h\u00e2\u0161emkonferens\u00e2n EITC 2025:n, mii u\u00e1rnejuvvoo 20.\u221222.5.2025 Anarist. U\u00e1s\u00e1listem lii m\u00e1h\u0111ul\u00e2\u0161 sehe p\u00e4\u00e4ihi alne j\u00e1 k\u00e1idusin.<\/p>\n<p>Konferens f\u00e1dd\u00e1n lii eettis\u00e1vt kilelis alg\u00e2aalmugma\u0111h\u00e2\u0161em. U\u00e1rnejeijeeh tu\u00e1ivutteh liegg\u00e2s\u00e1vt tierv\u00e2pu\u00e1ttim puohh\u00e1id, ki\u00e4id f\u00e1dd\u00e1 ki\u00e4sut, erom\u00e2\u0161\u00e1vt alg\u00e2aalmugij ma\u0111h\u00e2\u0161emir\u00e2tteijeeh j\u00e1 \u010don\u00e2sju\u00e1vhuh S\u00e4\u00e4mist, Ru\u00e1n\u00e1\u00e1en\u00e2mist j\u00e1 pirr\u00e2 maailm sehe eres ma\u0111h\u00e2\u0161emsektor ovd\u00e2steijeeh f\u00e1\u00e1d\u00e1 ooleest j\u00e1 meid alg\u00e2aalmugtotkeeh.<\/p>\n<p>Konferens u\u00e1ssin u\u00e1rnejuvvoo 20.5.2025 alg\u00e2aalmugma\u0111h\u00e2\u0161em tutk\u00e2msymposium. 21.\u221222.5.2025 vu\u00e1ijup eettis\u00e1vt kilelis alg\u00e2aalmugma\u0111h\u00e2\u0161em vu\u00e1h\u00e1d\u00e2h\u00e2n.<\/p>\n<p>Konferensist lii simultaantulkkum e\u014bg\u00e2l\u00e2skiel\u00e2n, anar\u00e2\u0161-, nuortt\u00e2l\u00e2\u0161- j\u00e1 taves\u00e4mikiel\u00e2n sehe suom\u00e2kiel\u00e2n, eereeb tutk\u00e2msymposium, mon kiell\u00e2n lii tu\u0161 e\u014bg\u00e2l\u00e2skiel\u00e2.<\/p>\n<p>Almott\u00e2tt\u00e2m konferens\u00e2n t\u00e1b\u00e1htuv\u00e1 <a href=\"#ilmoittautuminen\">t\u00e4\u00e4bbin<\/a>. K\u00e1idusin u\u00e1s\u00e1listeid ij lah almott\u00e2tt\u00e2mm\u00e1ksu. P\u00e4\u00e4ihi alne u\u00e1s\u00e1listein pi\u00e4rroo u\u00e1s\u00e1listemm\u00e1ksu, mii lu\u00e1vd\u00e1 pur\u00e2demkoloid. Sij, ki\u00e4h u\u00e1s\u00e1listeh p\u00e4\u00e4ihi alne, v\u00e4stideh jiejah meid m\u00e4tki- j\u00e1 ij\u00e2st\u00e2ll\u00e2mkoloin. Almott\u00e2tt\u00e2msiij\u0111ost k\u00e1vnojeh ti\u00e4\u0111uh finnimn\u00e1\u00e1l orroo ij\u00e2st\u00e2ll\u00e2mmuuls\u00e2i\u00e4vtuin.<\/p>\n<p>M\u00e1tt\u00e1\u00e1tt\u00e2s- j\u00e1 kulttuurministeri\u00f6 lii mie\u0111ett\u00e2m erom\u00e2\u0161torjuu konferens ornim v\u00e1r\u00e1s.[\/vc_column_text][\/vc_tab][vc_tab gutter_size=&#8221;2&#8243; column_padding=&#8221;3&#8243; title=&#8221;tutk\u00e2msymposium&#8221; tab_id=&#8221;1728039418-2-47&#8243; slug=&#8221;symposium&#8221;][vc_custom_heading text_size=&#8221;custom&#8221; text_uppercase=&#8221;&#8221; uncode_shortcode_id=&#8221;166230&#8243; heading_custom_size=&#8221;clamp(30px,4vw,40px), 4em&#8221;]Alg\u00e2aalmugma\u0111h\u00e2\u0161em tutk\u00e2msymposium[\/vc_custom_heading][vc_column_text text_color=&#8221;color-nhtu&#8221; uncode_shortcode_id=&#8221;323442&#8243; text_color_type=&#8221;uncode-palette&#8221;]World Indigenous Tourism Alliance (WINTA) oovt\u00e2st S\u00e4mitiggijn j\u00e1 Laapi oll\u00e2op\u00e2ttuvv\u00e1in pu\u00e1vdee puoh\u00e2id, ki\u00e4id \u00e4\u00e4\u0161i ki\u00e4sut, Alg\u00e2aalmugma\u0111h\u00e2\u0161em tutk\u00e2msymposiumin, mii u\u00e1rnejuvvoo 20.5.2025 Anarist u\u00e1ssin Euroop alg\u00e2aalmugma\u0111h\u00e2\u0161emkonferens EITC 2025. U\u00e1s\u00e1listem lii m\u00e1h\u0111ul\u00e2\u0161 meid k\u00e1idusin.<\/p>\n<p>Orniist\u00e2ll\u00e2mtoim\u00e2kodde pivd\u00e1 vuolg\u00e2tti\u0111 abstraktijd tutk\u00e2msymposiumin. Mij tu\u00e1ivup mieldi empiirlijd tutk\u00e2mp\u00e1p\u00e1rijd sier\u00e2 tie\u0111\u00e2suorgijn mieldi luh\u00e2m\u00e1in ma\u0111h\u00e2\u0161em- j\u00e1 alg\u00e2aalmugtutk\u00e2mu\u0161, ohts\u00e2\u0161koddetiettuid vij\u0111\u00e1subbooht, ekonomiatiettuid j\u00e1 riehtitiettuid. Akateemisij p\u00e1p\u00e1rij lasseen mij movtijdittep j\u00e4vilt\u00e4\u00e4si alg\u00e2aalmugsi\u00e4rvusijd vuolg\u00e2tti\u0111 jieij\u00e2s oovd\u00e2npyehtimijd, moh vu\u00e1\u0111uduveh sii vu\u00e1tt\u00e1mu\u0161\u0161\u00e1id j\u00e1 maailmkuvvijd. Mij adelep vuos\u00e2saje oovd\u00e2npyehtim\u00e1id, moh vu\u00e1\u0111uduveh alg\u00e2aalmugij vuovvijd olgospyehti\u0111 ti\u00e4\u0111u (om. main\u00e2stem teik\u00e2 l\u00e1vlum) j\u00e1 pyehtih toim\u00e2\u0111 vu\u00e1im\u00e1dittee inspiraatiok\u00e4lden alg\u00e2aalmugsi\u00e4rvus\u00e1id j\u00e1 -ir\u00e2tteijeid.<\/p>\n<h3>Symposium teema j\u00e1 ki\u00e4sutteijee f\u00e1\u00e1d\u00e1h.<\/h3>\n<p>Tutk\u00e2msymposium teeman lii ma\u0111h\u00e2\u0161em j\u00e1 alg\u00e2aalmugij kulttuur\u00e4rbi. Ma\u0111h\u00e2\u0161em j\u00e1 alg\u00e2aalmugij kulttuur\u00e4\u00e4rbi kosk\u00e2vuo\u0111ah, om\u00e2stemn\u00e1gguseh, \u00e1\u00e1rvustanneem j\u00e1 lijgeraijiitt\u00e2sah l\u00e1\u00e1 lama\u0161 \u010duuvtij sav\u00e2st\u00e2llum f\u00e1\u00e1d\u00e1h. Ko ma\u0111h\u00e2\u0161em lii jo\u0111ettum alg\u00e2aalmug peeleest teik\u00e2 ovdedum kunnij\u00e2ttee kyeimikosk\u00e2vuo\u0111\u00e2st p\u00e1ih\u00e1lij alg\u00e2aalmugsi\u00e4rvusijguin, tast pu\u00e1ht\u00e1 le\u0111e tuo\u0111\u00e2i teh\u00e1l\u00e2\u0161 rooli kulttuur si\u00e4ilutmist j\u00e1 i\u00e4l\u00e1skitmist, j\u00e1 talle tot f\u00e1\u00e1l\u00e1 m\u00e1h\u0111ul\u00e2\u0161vuo\u0111\u00e2id alg\u00e2aalmugsi\u00e4rvus\u00e1id j\u00e1 -ir\u00e2tteijeid. Alg\u00e2aalmugma\u0111h\u00e2\u0161em pu\u00e1ht\u00e1 nanodi\u0111 alg\u00e2aalmugsi\u00e4rvusijd ekonom\u00e2l\u00e1vt, ko tot addel pargosoojijd j\u00e1 pu\u00e1\u0111uid \u00e4rbivu\u00e1v\u00e1lii ti\u00e4\u0111u hald\u00e2\u0161eijeid j\u00e1 m\u00e1h\u0111ul\u00e2\u0161vuo\u0111\u00e2id nuor\u00e2 suh\u00e2puolv\u00e1id opp\u00e2\u0111 j\u00e1 \u0161odd\u00e2\u0111 \u010depis u\u00e1pisin, main\u00e2steijen, tu\u00e1ij\u00e1rin j\u00e1 ir\u00e2tteijen. V\u00e2i taat pu\u00e1vt\u00e1\u010d\u010dij t\u00e1b\u00e1htu\u0111, te alg\u00e2aalmugma\u0111h\u00e2\u0161em kalga vu\u00e1ijutti\u0111 tai si\u00e4rvusij siis\u00e2, main ti\u00e4tu pu\u00e1t\u00e1. Alg\u00e2aalmugeh kalgeh paste\u0111 mu\u0161t\u00e2li\u0111 jieij\u00e2s main\u00e2s ma\u0111h\u00e2\u0161em oht\u00e2vuo\u0111\u00e2st.<\/p>\n<p>Alg\u00e2aalmugeh j\u00e1 alg\u00e2aalmugtutk\u00e2mu\u0161 l\u00e1\u00e1 \u00e1rvu\u0161t\u00e2ll\u00e2m alg\u00e2aalmugij kulttuurarbijn \u00e1vh\u00e1st\u00e2ll\u00e2m maa\u0111h\u00e2\u0161mist jo kuhh\u00e1\u00e1. Sav\u00e2st\u00e2lmeh kulttuurlii appropriaatiost j\u00e1 ma\u0111h\u00e2\u0161em h\u00e1itulijn vaikutt\u00e2s\u00e2in alg\u00e2aalmug\u00e1id l\u00e1\u00e1 majemui iheluuvij pu\u00e1tt\u00e1m almol\u00e1vt ti\u00e4tun. Taan \u010du\u00e1vumu\u0161\u0161\u00e2n kulttuurl\u00e2\u0161 appropriaatio j\u00e1 alg\u00e2aalmugij kulttuurarbijn \u00e1vh\u00e1st\u00e2ll\u00e2m l\u00e1\u00e1 pu\u00e1ht\u00e1m finni\u0111 v\u00e1rugub j\u00e1 een\u00e2b \u010diehhum haamijd peic maa\u0111h\u00e2\u0161mist te meid vij\u0111\u00e1subbooht finnod\u00e2htooim\u00e2st j\u00e1 popul\u00e1\u00e1rkulttuurist. Alg\u00e2aalmugpooss\u00e2m, mon pu\u00e1ht\u00e1 verdidi\u0111 ru\u00e1n\u00e1\u00e1pos\u00e2m\u00e2n, lii u\u0111\u0111\u00e2 almoon, mii tu\u00e1ist\u00e1\u00e1\u017e\u00e2n lii ucc\u00e1\u00e1 tutkum ma\u0111h\u00e2\u0161em teik\u00e2 eres finnod\u00e2htooim\u00e2 h\u00e1\u00e1r\u00e1n. Ton vij\u0111\u00e1sub ohts\u00e2\u0161kod\u00e1liih vaikutt\u00e2sah i\u00e4 meid lah ennuv tutkum.<\/p>\n<p>Ru\u00e1n\u00e1\u00e1pooss\u00e2m lii meid teh\u00e1l\u00e2\u0161 \u00e4\u0161\u0161i maa\u0111h\u00e2\u0161mist, mii t\u00e1b\u00e1htuv\u00e1 alg\u00e2aalmugij en\u00e2mijn. Ton \u00e1\u00e1nsust ma\u0111h\u00e2\u0161emfinnod\u00e2htoim\u00e2 oro lemin killeel j\u00e1 n\u00e1vt \u010di\u00e4h\u00e1 tooim\u00e2 vaah\u00e2glijd vaikutt\u00e2s\u00e2id lu\u00e1ndu- j\u00e1 kulttuurpirr\u00e2s\u00e1id. Nabdeh, ete ru\u00e1n\u00e1\u00e1pooss\u00e2m h\u00e1rjutteijeeh l\u00e1\u00e1 ovd\u00e2sv\u00e1st\u00e1d\u00e2sliih, kilelis ir\u00e2tt\u00e2sah, j\u00e1 s\u00e4ttih vij\u0111edi\u0111 taam nabdem kuosk\u00e2\u0111 vuovvijd, moiguin ir\u00e2tt\u00e2sah koht\u00e2leh alg\u00e2aalmugijd j\u00e1 alg\u00e2aalmugkulttuurijd. Joo\u0111oost orroo \u0161o\u014b\u014b\u00e2d\u00e2hkriis\u00e2 j\u00e1 toos loht\u00e2seijee ru\u00e1n\u00e1\u00e1 sird\u00e2\u0161um epivuoig\u00e2l\u00e2\u0161vuo\u0111\u00e2iguin l\u00e1\u00e1 meid uhkeh alg\u00e2aalmugij kulttuur\u00e1\u00e1rb\u00e1n. Ovd\u00e2merkk\u00e2n S\u00e4\u00e4mist piegg\u00e2vyeimil\u00e1j\u00e1d\u00e2s\u00e2i huksim uhked pu\u00e1suitu\u00e1lu, mii jo t\u00e1pp\u00e1\u00e1 en\u00e2mij v\u00e4ldimist, ku\u00e1ivuttuv\u00e2in, vij\u0111es vyevdi\u010duopp\u00e2mijn j\u00e1 eres ki\u0161tottellee eenn\u00e2mkevttimhaamijn, mieldi luh\u00e2m\u00e1in ma\u0111h\u00e2\u0161em. Ekomeerhah j\u00e1 kilelis ma\u0111h\u00e2\u0161em sertifikaateh pyehtih \u010dieh\u00e2\u0111 sistees taid j\u00e1 eres epivuoig\u00e2l\u00e2\u0161vuo\u0111\u00e2id. Si\u00e4mm\u00e1\u00e1 \u00e4\u00e4igi alg\u00e2aalmugeh r\u00e4htih jieij\u00e2s eettisijd ravvuid j\u00e1 sertifikaatijd maa\u0111h\u00e2\u0161m\u00e2n ulmen vaigutti\u0111 toos een\u00e2b. Maa\u0111h\u00e2\u0161mist j\u00e1 alg\u00e2aalmugijn pyehtih le\u0111e lu\u00e1ndu suoij\u00e2lmist meid ohtsiih hi\u00e4\u0111uh. Arkt\u00e2s\u00e2\u0161 ma\u0111h\u00e2\u0161em ij mi\u00e4n\u00e1stuu jis ij lah piir\u00e2s, mii vaja pyereest.<\/p>\n<p>Ma\u0111h\u00e2\u0161em ana kulttuur\u00e4\u00e4rbi \u00e4vkkin maa\u014bg\u00e2i vuovijguin. Museoh, moh jieij\u00e2s mi\u00e4ru\u0161t\u00e2ll\u00e2m mield vyerkkejeh, si\u00e4ilutteh j\u00e1 oovd\u00e2npyehtih kulttuur\u00e4\u00e4rbi, l\u00e1\u00e1 tobdosumosij ma\u0111h\u00e2\u0161em\u010duos\u00e2ttuv\u00e2i ju\u00e1vhust. Aalmuglii kulttuur\u00e4\u00e4rbi lasseen toid lii nurrum ennuv alg\u00e2aalmugij kulttuur\u00e4rbi. Alg\u00e2aalmugij kulttuur\u00e4\u00e4rbi oom\u00e2stmist, haald\u00e2\u0161mist j\u00e1 oovd\u00e2npyehtimist lii sav\u00e2st\u00e2llum maa\u014bg\u00e2i luuvij iivij \u00e4\u00e4igi sehe museomaailm siste j\u00e1 alg\u00e2aalmugijguin. T\u00e1\u00e1l\u00e1\u00e1 \u00e4\u00e4igi alg\u00e2aalmugij vuoig\u00e2dvuot\u00e2 jieij\u00e2s kulttuur\u00e1\u00e1rb\u00e1n lii tubd\u00e2stum ain vij\u0111\u00e1subbooht. Taan \u010du\u00e1vumu\u0161\u0161\u00e2n alg\u00e2ttum nur\u00e2lduv\u00e2i mac\u00e2ttemhaavah l\u00e1\u00e1 pieij\u00e2m joton vij\u0111\u00e1sub kulttuur\u00e4rbikiedi dekolonisistemv\u00e1t\u00e1mu\u0161\u00e2id j\u00e1 -vigg\u00e2mu\u0161\u00e2id, main tii\u014bg\u00e2i mac\u00e2ttem toi p\u00e4ikkien\u00e2m\u00e2n lii \u010dujott\u00e2m p\u00e1lg\u00e1 vij\u0111\u00e1sub, si\u00e4rv\u00e1duv\u00e2st vyelgee kulttuur\u00e4\u00e4rbi haaldun v\u00e4ldim\u00e2n j\u00e1 u\u0111\u0111\u00e2sist mi\u00e4ru\u0161t\u00e2lm\u00e2n alg\u00e2aalmugij maailmij j\u00e1 vuolg\u00e2soojij u\u00e1inust. Museo u\u0111\u0111\u00e2sist mi\u00e4ru\u0161t\u00e2ll\u00e2m alg\u00e2aalmug u\u00e1inust lii maailmvij\u0111os\u00e2\u0161 almoon, mast museo t\u00e1rgutt\u00e2s t\u00e1rkkojuvvoo u\u0111\u0111\u00e2sist. Muuls\u00e2i\u00e4vtulij, si\u00e4rv\u00e1duv u\u00e1inu mi\u00e4ld\u00e1sij vuovij ovdedem \u2013 dekolonisistem j\u00e1 alg\u00e2aalmugmi\u00e4ld\u00e1s\u00e2\u017e\u017e\u00e2n tooh\u00e2m \u2212 lii u\u0111\u0111\u00e2 sav\u00e2st\u00e2ll\u00e2mf\u00e1dd\u00e1 meid ma\u0111h\u00e2\u0161emsektorist mieldiluh\u00e2m\u00e1in ma\u0111h\u00e2\u0161emtutk\u00e2mu\u0161. Ulmen lii huksi\u0111 vuoig\u00e2lub ohts\u00e2\u0161kode, ekonomia j\u00e1 ti\u00e4\u0111upyevtittemvuovijd. Alg\u00e2aalmugmuseoi j\u00e1 ma\u0111h\u00e2\u0161em kosk\u00e2vuo\u0111ah l\u00e1\u00e1 kuitt\u00e2g tu\u00e1ist\u00e1\u00e1\u017e\u00e2n tutkum ucc\u00e1\u00e1.<\/p>\n<p>Symposium \u010duos\u00e2tt\u00e2hh\u00e2n l\u00e1\u00e1 ma\u0111h\u00e2\u0161em, alg\u00e2aalmugij kulttuur\u00e4\u00e4rbi j\u00e1 \u010du\u00e1vuv\u00e1i f\u00e1\u00e1d\u00e1i ku\u00e1ht\u00e1msajeh:<\/p>\n<ul>\n<li>ovd\u00e2sv\u00e1st\u00e1d\u00e2sl\u00e2\u0161vuot\u00e2, killeelvuot\u00e2 j\u00e1 vuoig\u00e2l\u00e2\u0161vuot\u00e2<\/li>\n<li>\u0161o\u014b\u014b\u00e2d\u00e2hnub\u00e1stus j\u00e1 lu\u00e1nduhi\u00e4vu<\/li>\n<li>kulttuurl\u00e2\u0161 appropriaatio<\/li>\n<li>kolonialism, dekolonisistem j\u00e1 alg\u00e2aalmugmi\u00e4ld\u00e1s\u00e2\u017e\u017e\u00e2n tooh\u00e2m<\/li>\n<li>eettisiih ravvuuh, sertifisistmeh<\/li>\n<li>alg\u00e2aalmugmuseoh<\/li>\n<li>t\u00e1\u00e1l\u00e1\u0161 alg\u00e2aalmugij kulttuurpyevtittem j\u00e1 kulttuurij i\u00e4l\u00e1skittem<\/li>\n<li>sov\u00e2tt\u00e2ll\u00e2m<\/li>\n<li>alg\u00e2aalmugsi\u00e4rvusij u\u00e1s\u00e1listem<\/li>\n<li>alg\u00e2aalmugir\u00e2tteijeevuot\u00e2 j\u00e1 -finnod\u00e2htooim\u00e2 ovdedem<\/li>\n<li>alg\u00e2aalmugij ontologiah, epistemologiah j\u00e1 metodologiah<\/li>\n<\/ul>\n<h3>Akateemisiih tutk\u00e2mabstrakteh j\u00e1 si\u00e4rvusprojektij abstrakteh<\/h3>\n<p>Mij movtijdittep totkeid, ki\u00e4h kuleh sehe totkeid, ki\u00e4h i\u00e4 kuul\u00e2 alg\u00e2aalmug\u00e1id, sehe oovd\u00e2npyehteid, ki\u00e4h ovd\u00e2steh alg\u00e2aalmugsi\u00e4rvus\u00e1id, vuolg\u00e2tti\u0111 abstraktijd. Akateemisijn totkein mii pivdep abstraktijd, moh l\u00e1\u00e1 en\u00e2must\u00e1\u00e1 400 s\u00e4\u00e4nnid kuheh (medd\u00e2l luh\u00e2m\u00e1in k\u00e4ldeid). Abstrakteh kalgeh vu\u00e1\u0111udu\u0111 \u010d\u00e4llee tooh\u00e2m empiirlii tutk\u00e2mu\u0161\u00e2n j\u00e1 kalgeh le\u0111e e\u014bg\u00e2l\u00e2skiel\u00e2n.<\/p>\n<p>Abstraktist kalga le\u0111e:<\/p>\n<ul>\n<li>paje\u010daal\u00e2<\/li>\n<li>3\u22125 \u010doovd\u00e2s\u00e4\u00e4ni<\/li>\n<li>u\u00e1nihis \u010du\u00e1k\u00e1nki\u00e4su tu\u00e1v\u00e1\u00e1st, vuovvijn, pu\u00e1tusijn j\u00e1 juurd\u00e2pu\u00e1tusijn<\/li>\n<li>\u010du\u00e1k\u00e1nki\u00e4suceelh\u00e2 pargo merh\u00e2\u0161uumeest symposium teeman.<\/li>\n<\/ul>\n<p>Alg\u00e2aalmugsi\u00e4rvusij oovd\u00e2npyehtimij abstrakteh kalgeh le\u0111e e\u014bg\u00e2l\u00e2skiel\u00e2n j\u00e1 en\u00e2must\u00e1\u00e1 500 s\u00e4\u00e4nnid kuheh. Toh kalgeh annee\u0111 sistees si\u00e4rvusproojeekt:<\/p>\n<ul>\n<li>paje\u010dalluu<\/li>\n<li>3\u22125 \u010doovd\u00e2s\u00e4\u00e4ni<\/li>\n<li>u\u00e1nihis \u010du\u00e1k\u00e1nki\u00e4su proojeekt tu\u00e1v\u00e1\u00e1st, si\u00e4rvusist, mast proojeekt lii ol\u00e1\u0161uttum, pu\u00e1tusijn j\u00e1 juurd\u00e2pu\u00e1tusijn pu\u00e1tteevuo\u0111\u00e2 v\u00e1r\u00e1s<\/li>\n<li>\u010du\u00e1k\u00e1nki\u00e4sucelkkuu proojeekt merh\u00e2\u0161uumeest symposium teeman.<\/li>\n<\/ul>\n<p>Akateemisiih tutk\u00e2mabstraktijd j\u00e1 si\u00e4rvusproojeektabstraktijd kalga vuolg\u00e2tti\u0111 Microsoft Word -ti\u00e4tuvu\u00e1rkk\u00e1n. Tain kalga le\u0111e main\u00e2\u0161ume tast, lii-uv ko\u010d\u010d\u00e2mu\u0161 akateemisii v\u00e2i si\u00e4rvusabstraktist j\u00e1 \u010d\u00e4llei tiev\u00e2sliih oht\u00e2vuot\u00e2ti\u00e4\u0111uh, meid sii:<\/p>\n<ul>\n<li>nomm\u00e2<\/li>\n<li>oht\u00e2vuo\u0111ah alg\u00e2aalmug\u00e1id, jis tagareh l\u00e1\u00e1<\/li>\n<li>ornijdume<\/li>\n<li>\u0161le\u0111g\u00e2post\u00e2\u010dujott\u00e2s.<\/li>\n<\/ul>\n<p>Abstraktij vuolg\u00e2tteijei ovd\u00e2sv\u00e1st\u00e1d\u00e2ss\u00e2n lii, ete abstraktij rievtiskiel\u00e2l\u00e2\u0161vuot\u00e2 lii t\u00e4rhistum. Ucemust\u00e1\u00e1 oht\u00e2 \u010d\u00e4llee kalga u\u00e1s\u00e1listi\u0111 symposiumin p\u00e4\u00e4ihi alne teik\u00e2 k\u00e1idusin, v\u00e2i p\u00e1\u00e1pp\u00e1r pu\u00e1ht\u00e1 tuhhiittu\u0111 lop\u00e2lii ohjelm\u00e2n.<\/p>\n<p>Abstrakteh vuolg\u00e2ttuvvojeh \u0161le\u0111g\u00e2poost\u00e2 peht \u010dujott\u00e2s\u00e2n: <a href=\"mailto:monika.luthje@ulapland.fi\">monika.luthje@ulapland.fi<\/a><\/p>\n<p>Symposium kiel\u00e2 lii e\u014bg\u00e2l\u00e2skiel\u00e2.<\/p>\n<h3>\u00c1rvu\u0161t\u00e2ll\u00e2mproosees<\/h3>\n<p>Puoh abstrakteh vi\u00e4rd\u00e1s\u00e2\u0161\u00e1rvu\u0161t\u00e2llojeh. \u00c1rvu\u0161t\u00e2lleeh \u00e1rvu\u0161t\u00e2leh abstraktijd j\u00e1 taheh av\u017euutt\u00e2s\u00e2id orniist\u00e2ll\u00e2mtoim\u00e2kood\u00e1n valjiimij v\u00e1r\u00e1s. Orniist\u00e2ll\u00e2mtoim\u00e2kodde meerrid, ete tuhhiitteh-uv v\u00e2i hilgoh-uv ovt\u00e2sk\u00e2s abstrakt v\u00e2i pivdeh-uv mutte\u0111 tom. Orniist\u00e2ll\u00e2mtoim\u00e2kode mi\u00e4r\u00e1d\u00e2sah l\u00e1\u00e1 lop\u00e2liih.<\/p>\n<h3>Pyevtitt\u00e2sah<\/h3>\n<p>Alg\u00e2aalmugma\u0111h\u00e2\u0161em tutk\u00e2msymposiumin tuhhiittum j\u00e1 tobbeen oovd\u00e2npuohtum akateemisij j\u00e1 si\u00e4rvusproojeektabstraktij r\u00e4hteevuoig\u00e2dvuo\u0111ah p\u00e4\u00e4cih r\u00e4hteid. Konferens nettisiij\u0111oin almostittoo abstraktkirje pdf-h\u00e4\u00e4mist ovdil symposium. Symposium ma\u014ba akateemisijn \u010d\u00e4llein lii m\u00e1h\u0111ul\u00e2\u0161vuot\u00e2 almostitti\u0111 jieij\u00e2s p\u00e1\u00e1pp\u00e1r oll\u00e2t\u00e1s\u00e1sii aalmugijkosk\u00e2sii akateemisii loost\u00e2 spesiaalnumerist. Spesiaalnumer\u00e2n vuolg\u00e2ttum p\u00e1p\u00e1reh joteh \u010doo\u0111\u00e2 loost\u00e2 normaal vi\u00e4rd\u00e1s\u00e2\u0161\u00e1rvu\u0161t\u00e2ll\u00e2mproosees ige orniist\u00e2ll\u00e2mtoim\u00e2kodde tondiet pyevti le\u0111e vises tast, ete toh almostittojeh.<\/p>\n<p>V\u00e4ljejum si\u00e4rvusprojekt\u00e1id adeluvvoo m\u00e1h\u0111ul\u00e2\u0161vuot\u00e2 almostitti\u0111 \u010du\u00e1k\u00e1nki\u00e4su jieij\u00e2s projektist konferensraportist, mii almostittoo \u00e1vus nettialmostitmin TemaNord- almostittemr\u00e1\u00e1i\u0111ust konferens ma\u014ba. Almostittem pyevtit Kilelis alg\u00e2aalmugma\u0111h\u00e2\u0161em Tave-en\u00e2mij arkt\u00e2sijn ku\u00e1vluin -proojeekt, mon rutt\u00e2d Tave-en\u00e2mij Ministerr\u00e4\u00e4\u0111i arkt\u00e2sii oovt\u00e2stpargo ohjelm. Proojeekt tu\u00e1rju konferens ol\u00e1\u0161uttem.<\/p>\n<h3>Almott\u00e2tt\u00e2m<\/h3>\n<p>Almott\u00e2tt\u00e2m t\u00e1b\u00e1htuv\u00e1 <a href=\"#ilmoittautuminen\">t\u00e4\u00e4bbin<\/a>. Sijj\u00e2n, ki\u00e4h u\u00e1s\u00e1listeh k\u00e1idusin, ij lah almott\u00e2tt\u00e2mm\u00e1ksu. Sist, ki\u00e4h u\u00e1s\u00e1listeh p\u00e4\u00e4ihi alne, pi\u00e4rroo almott\u00e2tt\u00e2mm\u00e1ksu, mii lu\u00e1vd\u00e1 kosk\u00e2peivipurr\u00e2mu\u0161 j\u00e1 k\u00e4\u00e4hvi koloid. P\u00e4\u00e4ihi alne u\u00e1s\u00e1listeeh m\u00e4ksih jiejah meid m\u00e4tki- j\u00e1 ij\u00e2st\u00e2ll\u00e2mkoloid. Almott\u00e2tt\u00e2msiij\u0111ost k\u00e1vnojeh ti\u00e4\u0111uh finnimn\u00e1\u00e1l orroo ij\u00e2st\u00e2ll\u00e2mmuuls\u00e2i\u00e4vtuin.<\/p>\n<h3>Teh\u00e1liih peivimereh<\/h3>\n<p><strong>30.11.2024:<\/strong> Majemu\u0161 peivi vuolg\u00e2tti\u0111 abstrakt<br \/>\n<strong>15.1.2025:<\/strong> Abstraktij \u010d\u00e4lleeh finnejeh ti\u00e4\u0111u orniist\u00e2ll\u00e2mtoim\u00e2kode mi\u00e4r\u00e1d\u00e2s\u00e2in sii abstraktij h\u00e1\u00e1r\u00e1n<br \/>\n<strong>31.1.2025:<\/strong> Majemu\u0161 peivi tuhhiittum abstraktij \u010d\u00e4lleid nonni\u0111, ete oovd\u00e2npu\u00e1ht\u00e1 jieij\u00e2s p\u00e1\u00e1pp\u00e1r symposiumist<br \/>\n<strong>20.5.2025:<\/strong> Abstraktij \u010d\u00e4lleeh oovd\u00e2npyehtih jieij\u00e2s p\u00e1p\u00e1rijd Alg\u00e2aalmugma\u0111h\u00e2\u0161em tutk\u00e2msymposiumist<\/p>\n<p>Symposium ornim rutt\u00e2d Suom\u00e2 M\u00e1tt\u00e1\u00e1tt\u00e2s- j\u00e1 kulttuurministeri\u00f6.[\/vc_column_text][\/vc_tab][vc_tab gutter_size=&#8221;2&#8243; column_padding=&#8221;3&#8243; title=&#8221;Almott\u00e2tt\u00e2m&#8221; tab_id=&#8221;1728039993426-2-9&#8243; slug=&#8221;ilmoittautuminen&#8221;][vc_custom_heading text_size=&#8221;custom&#8221; text_uppercase=&#8221;&#8221; uncode_shortcode_id=&#8221;497534&#8243; heading_custom_size=&#8221;clamp(30px,4vw,40px), 4em&#8221;]Almott\u00e2tt\u00e2m[\/vc_custom_heading][vc_column_text text_color=&#8221;color-nhtu&#8221; uncode_shortcode_id=&#8221;633252&#8243; text_color_type=&#8221;uncode-palette&#8221;]T\u00e1b\u00e1htus u\u00e1rnejuvvoo hybridin, u\u00e1s\u00e1listi\u0111 pu\u00e1ht\u00e1 sehe p\u00e4\u00e4ihi alne Anarist S\u00e4\u00e4mi kulttuurku\u00e1vd\u00e1\u0161 <a href=\"https:\/\/www.sajos.fi\/\" target=\"_blank\" rel=\"noopener\">Saijoosist<\/a> j\u00e1 k\u00e1idusin. U\u00e1s\u00e1listei en\u00e2musmeeri p\u00e4\u00e4ihi alne Anarist lii 200. Puoh u\u00e1s\u00e1listeeh, kyesih j\u00e1 s\u00e1rnooh kalgeh almott\u00e2tt\u00e2\u0111 konferens\u00e2n. Konferensist ij lah u\u00e1s\u00e1listemm\u00e1ksu, mut\u00e2 u\u00e1rnejeijeeh noreh fal\u00e2demkoloid u\u00e1s\u00e1listein (ohjelm\u00e2n merkkejum k\u00e4hvi j\u00e1 kosk\u00e2peivim\u00e1l\u00e1seh). Faal\u00e2dmijd kalga m\u00e4ksi\u0111 muuneeld. Kosk\u00e2peivim\u00e4\u00e4lis lii f\u00e1\u00e1llun kuulm\u00e2 raav\u00e2dvi\u00e4sust, Saijoosist, Siidast j\u00e1 Wilderness Juutuast.<\/p>\n<p><strong>Paikan p\u00e4\u00e4ll\u00e4 osallistuville ilmoittautuminen on auki 11.5. asti ja et\u00e4n\u00e4 osallistuville 22.5. asti.<\/strong><\/p>\n<p>Almott\u00e2t konferens\u00e2n j\u00e1 eehidohjelm\u00e2n kevttim\u00e1in taam <a href=\"https:\/\/registration.contio.fi\/lapinyliopisto\/Registration\/Login?id=1053-T_1053-123\" target=\"_blank\" rel=\"noopener\">almott\u00e2tt\u00e2mlu\u00e1m\u00e1ttuv<\/a>. Lu\u00e1m\u00e1tt\u00e2h lii e\u014bg\u00e2l\u00e2skiel\u00e2n. Jis tust l\u00e1\u00e1 v\u00e4disvuo\u0111ah lu\u00e1m\u00e1ttuv tevdimist, te v\u00e4\u00e4ldi oht\u00e2vuo\u0111\u00e2 kongrespalv\u00e2lus\u00e2n (<a href=\"mailto:congress@ulapland.fi\">congress@ulapland.fi<\/a>), mast i\u0161edeh tuu suom\u00e2kiel\u00e2n.<\/p>\n<h4>Fal\u00e2demm\u00e1\u00e1vsuh:<\/h4>\n<ul>\n<li>K\u00e4hvi j\u00e1 kosk\u00e2peivim\u00e4\u00e4lis Saijoosist: 26 \u20ac\/peivi<\/li>\n<li>K\u00e4hvi j\u00e1 kosk\u00e2peivim\u00e4\u00e4lis Siidast: 29 \u20ac\/peivi<\/li>\n<li>K\u00e4hvi j\u00e1 kosk\u00e2peivim\u00e4\u00e4lis Wilderness Juutua: 32 \u20ac\/peivi<\/li>\n<li>Ehid\u00e2sm\u00e4\u00e4lis majebaarg\u00e2 20.5.: 51 \u20ac<\/li>\n<li>Ehid\u00e2sm\u00e4\u00e4lis koskoho 21.5.: 77 \u20ac<\/li>\n<li>Ehid\u00e2sm\u00e4\u00e4lis tuor\u00e2stuv 22.5.: 51 \u20ac<\/li>\n<\/ul>\n<h3>Kirdemkieddis\u00e1\u00e1tuh<\/h3>\n<p>U\u00e1rnejeijeeh l\u00e1\u00e1 tiil\u00e1m priivaat s\u00e1\u00e1tu konferens u\u00e1s\u00e1listeid taid kirdemijd:<\/p>\n<ul>\n<li>Vu 19.5., kirdem Helsig &#8211; Avveel tme 19:55-21:30<\/li>\n<li>Ma 20.5., kirdem Helsig &#8211; Avveel tme 7:40-9:55<\/li>\n<li>Ma 20.5., kirdem Helsig &#8211; Avveel tme 20:15-21:50<\/li>\n<li>V\u00e1 23.5., kirdem Avveel &#8211; Helsig tme 22:10-23:45<\/li>\n<\/ul>\n<p>Hadde 20 \u20ac\/sunde, almott\u00e2t s\u00e1\u00e1tun almott\u00e2tt\u00e2mlu\u00e1m\u00e1ttuvv\u00e1in.<\/p>\n<h3>M\u00e1\u00e1vsuh<\/h3>\n<p>U\u00e1s\u00e1listemm\u00e1\u00e1vsu \u00e1\u00e1rvulasevi\u00e4ru lii 0 %. Valjii jieij\u00e2d m\u00e1ksuvyevi almott\u00e2tt\u00e2mlu\u00e1m\u00e1ttuv\u00e2st &#8211;<br \/>\nmuuls\u00e2i\u00e4vtuh l\u00e1\u00e1<\/p>\n<ul>\n<li>Nettipa\u014bkkim\u00e1ksu (Paytrail)<\/li>\n<li>MobilePay (Paytrail)<\/li>\n<li>Lu\u00e1ttukortt\u00e2 (Visa\/MasterCard\/Visa Electron\/American Express &#8211; Paytrail)<\/li>\n<li>Rekigistem<\/li>\n<\/ul>\n<p>Jis tun valjiih rekigistemmuuls\u00e2i\u00e4vtu, te tun koolgah almotti\u0111 lu\u00e1m\u00e1ttuvv\u00e1in \u00e4\u00e4\u0161imi\u00e4ld\u00e1sii saajeest sier\u00e2 rekigistem\u010dujott\u00e2s. Puoh rekig\u00e1id lasettuvvoo rekigistemlase 10 \u20ac.<\/p>\n<p>Tuoivuu ju\u00e1vkkurekigist pu\u00e1ht\u00e1 vuolg\u00e2tti\u0111 \u0161le\u0111g\u00e2post\u00e1in kongrespalv\u00e2lus\u00e2n (<a href=\"mailto:congress@ulapland.fi\">congress@ulapland.fi<\/a>) &#8211; almoot viest\u00e2st rekigistem\u010dujott\u00e2s, m\u00e1h\u0111ulijd \u010dujosti\u00e4\u0111uid j\u00e1 rekigistemn\u00e1\u00e1l ulmui noomaid.<\/p>\n<h3>Maas\u00e2dkeessimi\u00e4vtuh<\/h3>\n<p>Maas\u00e2dkeessim kalga tooh\u00e2\u0111 \u0161le\u0111g\u00e2post\u00e1in kongrespalv\u00e2lus\u00e2n (<a href=\"mailto:congress@ulapland.fi\">congress@ulapland.fi<\/a>). Ehid\u00e2sm\u00e4\u00e4lism\u00e1\u00e1vsuh mac\u00e2ttuvvojeh, jis maas\u00e2dkeessim tahhoo <strong>14.4.2025 r\u00e4i<\/strong>, j\u00e1 kosk\u00e2peivim\u00e4\u00e4lis- j\u00e1 k\u00e4hvim\u00e1\u00e1vsuh, jis maas\u00e2dkeessim tahhoo <strong>5.5.2025 r\u00e4i<\/strong>. Tai peivimeerij ma\u014ba m\u00e1\u00e1vsuh i\u00e4 mac\u00e2ttuu. Puoh mac\u00e2ttum m\u00e1\u00e1vsuin tu\u00e1lloo kie\u0111\u00e2vu\u0161\u0161\u00e2mm\u00e1ksu 20 \u20ac. U\u00e1s\u00e1listem sirdem nube ulmui lii nuuvt\u00e1.[\/vc_column_text][\/vc_tab][vc_tab gutter_size=&#8221;2&#8243; column_padding=&#8221;3&#8243; title=&#8221;Ij\u00e2st\u00e2ll\u00e2m&#8221; tab_id=&#8221;1730801372760-5-9&#8243; slug=&#8221;majoitus&#8221;][vc_column_text text_color=&#8221;color-nhtu&#8221; uncode_shortcode_id=&#8221;753925&#8243; text_color_type=&#8221;uncode-palette&#8221; el_class=&#8221;boxedTextBlock&#8221;]<\/p>\n<h3>Ij\u00e2st\u00e2ll\u00e2m<\/h3>\n<p>U\u00e1rnejeijeeh l\u00e1\u00e1 v\u00e4rid\u00e2m ti\u00e4tumere ij\u00e2st\u00e2ll\u00e2msoojijd konferens u\u00e1s\u00e1listei v\u00e1r\u00e1s vii\u0111\u00e2 hotellist j\u00e1 kyevti lu\u00e1muvistekyl\u00e1st Anarist j\u00e1 Avelist. <strong>V\u00e4\u00e4rridmeh njuolgist ij\u00e2st\u00e2ll\u00e2msoojijn.<\/strong><\/p>\n<hr \/>\n<h4><a href=\"https:\/\/wildernesshotels.fi\/fi\/wilderness-hotel-juutua\" target=\"_blank\" rel=\"noopener\">Wilderness Hotel Juutua<\/a> (m\u00e4tki Saijoosist 300 m)<\/h4>\n<ul>\n<li>Wilderness 1 ulmuu viste 129 eur\/ijj\u00e2<\/li>\n<li>Wilderness 2 ulmuu viste 139 eur\/ijj\u00e2<\/li>\n<li>Arctic 1 ulmuu viste 149 eur\/ijj\u00e2<\/li>\n<li>Arctic 2 ulmuu viste 159 eur\/ijj\u00e2<\/li>\n<li>Juutua-sviitti 1 olmoo\u0161 154 eur\/ijj\u00e2<\/li>\n<li>Juutua-sviitti 2 ulmuu 164 eur\/ijj\u00e2<\/li>\n<\/ul>\n<p>Hooteel ti\u00e4tumeeriv\u00e4\u00e4rridmeh l\u00e1\u00e1 vyeimist 31.3.2025 r\u00e4i. Hadeh aneh sistees ii\u0111eedpit\u00e1.<br \/>\nV\u00e4ridem \u0161le\u0111g\u00e2post\u00e1in: <a href=\"mailto:sales@wildernesshotels.fi\">sales@wildernesshotels.fi<\/a>. Keevti <strong>v\u00e4ridemkoodi: EITC2025.<\/strong><\/p>\n<p><strong>M\u00e1ksui\u00e4vtuh:<\/strong> Oles m\u00e1ksu muuneeld 14 peivid ovdil pu\u00e1ttim.<br \/>\n<strong>Maas\u00e2dkeessimi\u00e4vtuh:<\/strong> I\u00e4 maas\u00e2dkeessimkoloh maas\u00e2dkesim\u00e1id, jis pu\u00e1ttimpi\u00e4iv\u00e1n l\u00e1\u00e1 een\u00e2b ko 14 pirr\u00e2mpeivid. M\u00e1\u00e1vsuh i\u00e4 mac\u00e2ttuu maas\u00e2dkesim\u00e1id, jis pu\u00e1tim\u00e2n l\u00e1\u00e1 ucceeb ko 14 pirr\u00e2mpeivid.<\/p>\n<hr \/>\n<h4><a href=\"https:\/\/visitinari.fi\/fi\/majoitus\/hotelli\/\" target=\"_blank\" rel=\"noopener\">Hotel Inari<\/a> (m\u00e4tki Saijoosist 600 m)<\/h4>\n<ul>\n<li>Superior 1 ulmuu viste 100 eur\/ijj\u00e2<\/li>\n<li>Superior 2 ulmuu viste 120 eur\/ijj\u00e2<\/li>\n<\/ul>\n<p>Hadeh aneh sistees ii\u0111eedpit\u00e1. V\u00e4\u00e4rridmeh taan <a href=\"https:\/\/visitinari.fi\/accommodation\/hotel-inari\/\" target=\"_blank\" rel=\"noopener\">siij\u0111o<\/a> peht. Keevti <strong>koodi: EITC2025.<\/strong><\/p>\n<hr \/>\n<h4><a href=\"https:\/\/visitinari.fi\/fi\/korppiojan-mokit\/\" target=\"_blank\" rel=\"noopener\">Korppioja tuuv\u00e1\u00e1h<\/a> (m\u00e4tki Saijoosist 700 m)<\/h4>\n<ul>\n<li>tuuv\u00e1\u00e1\u0161 75 eur\/ijj\u00e2, 1-2 ulmuu<\/li>\n<\/ul>\n<p>Hadde ij ane sistees ii\u0111eedpit\u00e1. Tun pu\u00e1vt\u00e1h u\u00e1sti\u0111 ii\u0111eedpit\u00e1 Hotel Inarist v\u00e4ridemlu\u00e1m\u00e1ttuv peht, ii\u0111eedpit\u00e1 hadde 10 \u20ac\/olmoo\u0161\/peivi V\u00e4\u00e4rridmeh taan <a href=\"https:\/\/visitinari.fi\/accommodation\/hotel-inari\/\" target=\"_blank\" rel=\"noopener\">siij\u0111o<\/a> peht. Keevti <strong>koodi: EITC2025.<\/strong><\/p>\n<hr \/>\n<h4><a href=\"https:\/\/visitinari.fi\/fi\/majoitus\/lomakyla-inari\/\" target=\"_blank\" rel=\"noopener\">Lomakyl\u00e4 Inari<\/a> (m\u00e4tki Saijoosist 1.3 km)<\/h4>\n<ul>\n<li>Panorama-tuuv\u00e1\u00e1\u0161 95 eur\/ijj\u00e2, 1-2 ulmuu<\/li>\n<li>Inari Sauna Studio 120 eur\/ijj\u00e2, 1-2 ulmuu<\/li>\n<li>Inari Sauna Suite 145 eur\/ijj\u00e2, 1-2 ulmuu<\/li>\n<li>Auroratuuv\u00e1\u00e1\u0161 150 eur\/ijj\u00e2, 1-2 ulmuu<\/li>\n<\/ul>\n<p>Hadde ij ane sistees ii\u0111eedpit\u00e1. Tun pu\u00e1vt\u00e1h u\u00e1sti\u0111 ii\u0111eedpit\u00e1 Hotel Inarist v\u00e4ridemlu\u00e1m\u00e1ttuv peht, ii\u0111eedpit\u00e1 hadde 10 \u20ac\/olmoo\u0161\/peivi V\u00e4\u00e4rridmeh taan <a href=\"https:\/\/visitinari.fi\/accommodation\/hotel-inari\/\" target=\"_blank\" rel=\"noopener\">siij\u0111o<\/a> peht. Keevti <strong>koodi: EITC2025.<\/strong><\/p>\n<hr \/>\n<h4><a href=\"https:\/\/korpikartano.fi\/\" target=\"_blank\" rel=\"noopener\">Hotel Korpikartano<\/a> (m\u00e4tki Saijoosist 33 km)<\/h4>\n<ul>\n<li>1 ulmuu viste 73 eur\/ijj\u00e2<\/li>\n<li>2 ulmuu viste 98 eur\/ijj\u00e2<\/li>\n<\/ul>\n<p>Hadeh aneh sistees ii\u0111eedpit\u00e1 j\u00e1 tiijme priivaat s\u00e4vnivu\u00e1ru jyehi peeivi. V\u00e4\u00e4rridmeh \u0161le\u0111g\u00e2post\u00e1in: <a href=\"mailto:korpikartano@korpikartano.fi\">korpikartano@korpikartano.fi<\/a>. M\u00e1ksu v\u00e4ridem oht\u00e2vuo\u0111\u00e2st rekig\u00e1in, mon m\u00e1ksui\u00e4htu lii 7 peivid. V\u00e4ridem lii nannejum, ko v\u00e4rideijee lii m\u00e1ks\u00e1m reekkig m\u00e1ksupeeivi r\u00e4i. Nuuvt\u00e1 maas\u00e2dkeessim 30 peivid ovdil pu\u00e1ttim. Kyesih av\u017euuttuvvojeh v\u00e4ldi\u0111 m\u00e4tkit\u00e1h\u00e1d\u00e2s.<\/p>\n<hr \/>\n<h4><a href=\"https:\/\/hotelivalo.fi\/\" target=\"_blank\" rel=\"noopener\">Hotel Ivalo<\/a> (m\u00e4tki Saijoosist 40 km)<\/h4>\n<ul>\n<li>Standard 1 ulmuu viste 112 eur\/ijj\u00e2 (ij vala \u010doo\u0111\u00e2 pyeredum)<\/li>\n<li>Standard 2 ulmuu viste 135 eur\/ijj\u00e2 (ij vala \u010doo\u0111\u00e2 pyeredum)<\/li>\n<li>Premium 1 ulmuu viste 135 eur\/ijj\u00e2<\/li>\n<li>Premium 2 ulmuu viste 165 eur\/ijj\u00e2<\/li>\n<\/ul>\n<p>Vistehadeh aneh sistees ii\u0111eedpit\u00e1, eehids\u00e4\u00e4vni, vuoj\u00e2dem\u00e1ld\u00e1 kevttim j\u00e1 wifi. M\u00e1ksu p\u00e4\u00e4ihi<br \/>\nalne pu\u00e1\u0111idijn. V\u00e4\u00e4rridmeh \u0161le\u0111g\u00e2post\u00e1in: <a href=\"mailto:hotelivalo@hotelivalo.fi\">hotelivalo@hotelivalo.fi<\/a>. Nuuvt\u00e1 maas\u00e2dkeessim<br \/>\n16.5.2025 r\u00e4i.<\/p>\n<p>&nbsp;<\/p>\n<hr \/>\n<h4><a href=\"https:\/\/hotellikultahippu.fi\/\" target=\"_blank\" rel=\"noopener\">Hotelli Kultahippu<\/a> (m\u00e4tki Saijoosist 39 km)<\/h4>\n<p><strong>Alg\u00e2alg\u00e2l\u00e2\u0161 Kultahippu (ij hissi)<\/strong><\/p>\n<ul>\n<li>Standard 1 ulmuu viste 84 eur\/ijj\u00e2<\/li>\n<li>Standard 2 ulmuu viste 105 eur\/ijj\u00e2<\/li>\n<\/ul>\n<p><strong>Juh\u00e2riddo<\/strong><\/p>\n<ul>\n<li>Deluxe 1 ulmuu viste 109 eur\/ijj\u00e2<\/li>\n<li>Deluxe 2 ulmuu viste 143 eur\/ijj\u00e2<\/li>\n<li>Deluxe savnijn 1 ulmuu viste 133 eur\/ijj\u00e2<\/li>\n<li>Deluxe savnijn 2 ulmuu viste 176 eur\/ijj\u00e2<\/li>\n<\/ul>\n<p>Adelum hadeh aneh sistees ii\u0111eedpitt\u00e1id, eehids\u00e4\u00e4vni, sra\u014bg\u00e2ttes neeti kevttim sehe ALV. Viistijn l\u00e1\u00e1 sier\u00e2 see\u014bgah. V\u00e4\u00e4rridmeh taan <a href=\"https:\/\/booking.profitroom.com\/fi\/kultahippuhotelappartments\/home?no-cache=&amp;amp%3Bcurrency=EUR&amp;currency=EUR\" target=\"_blank\" rel=\"noopener\">siij\u0111o<\/a> peht. T\u00e1b\u00e1htushoodijd tun finniih anon, ko adelah koodi <strong>EITC2025<\/strong> Tarjous-\/lahjakortti (Fal\u00e2ld\u00e2h-(ske\u014bkk\u00e2kortt\u00e2) -sajan. Ij\u00e2st\u00e2ll\u00e2m m\u00e1ksoo v\u00e4ridem tov\u00e2dijn j\u00e1 maas\u00e2dkeessimi\u00e4htu lii \u010du\u00e1vuv\u00e2\u0161:<\/p>\n<ul>\n<li>v\u00e4ridem pu\u00e1ht\u00e1 keessi\u0111 maas\u00e2d 2 pirr\u00e2mpeeivi ovdil pu\u00e1ttimpeeivi, ku\u00e1s maas\u00e2d finnee 100% maksum summeest<\/li>\n<li>jis v\u00e4ridem ij kessuu maas\u00e2d \u00e4\u00e4igild, t\u00e2i kihheen ij pu\u00e1\u0111i p\u00e4\u00e4ihi ool\u00e2, te m\u00e1\u00e1vsuh i\u00e4<br \/>\nmac\u00e2ttuu.<\/li>\n<\/ul>\n<p>[\/vc_column_text][\/vc_tab][vc_tab gutter_size=&#8221;2&#8243; column_padding=&#8221;2&#8243; title=&#8221;Ohjelm&#8221; tab_id=&#8221;1728050210410-3-1&#8243; slug=&#8221;ohjelma&#8221;][vc_column_text uncode_shortcode_id=&#8221;272614&#8243;]<\/p>\n<h2>EITC ohjelm<\/h2>\n<p>Ornimtoim\u00e2kodde v\u00e4\u00e4rrid olssis vuoig\u00e2dvuo\u0111\u00e2 mutte\u0111 ohjelm.<\/p>\n<p>Puoh \u00e4\u00e4igih l\u00e1\u00e1 Suom\u00e2 \u00e4\u00e4igist, UTC+3h, Eastern European Summer Time (EEST).[\/vc_column_text][vc_separator sep_color=&#8221;&#8221; uncode_shortcode_id=&#8221;143146&#8243;][vc_custom_heading text_color=&#8221;color-928458&#8243; heading_semantic=&#8221;h3&#8243; text_size=&#8221;h3&#8243; uncode_shortcode_id=&#8221;290920&#8243; text_color_type=&#8221;uncode-palette&#8221;]Majebarg\u00e2 20.5.2025.[\/vc_custom_heading][vc_row_inner][vc_column_inner width=&#8221;2\/3&#8243;][vc_column_text uncode_shortcode_id=&#8221;470648&#8243;]<strong>Alg\u00e2aalmugma\u0111h\u00e2\u0161em tutk\u00e2msymposium, Saijoos Auditorio Dolla j\u00e1 k\u00e1idusoht\u00e2vuot\u00e2<\/strong><\/p>\n<table class=\"eventProgram\">\n<tbody>\n<tr>\n<td>08:30\u221209:00<\/td>\n<td>Almott\u00e2tt\u00e2m<\/td>\n<\/tr>\n<\/tbody>\n<thead>\n<tr>\n<td colspan=\"2\">Ii\u0111eedpeivioosij saav\u00e2jo\u0111etteijee: Monika L\u00fcthje<\/td>\n<\/tr>\n<\/thead>\n<tbody>\n<tr>\n<td>09:00\u221209:05<\/td>\n<td>Monika L\u00fcthje: Tierv\u00e2pu\u00e1ttim<\/td>\n<\/tr>\n<tr>\n<td>09:05\u221209:45<\/td>\n<td>\u00c1ile Aikio: v\u00e1ldusah\u00e2vu\u00e1ru: <i>\u010ciktit firpmiid, \u010duoldit hearvvaid. Rethinking museum.<\/i><\/td>\n<\/tr>\n<tr>\n<td>09:45\u221210:15<\/td>\n<td>Rune Magne Opdahl, Dorthe Eide ja Anastasiya Henk: <em>When indigenous culture experiences spur negative communication in SoMe: reasons for stereotypes and implications for S\u00e1mi tourism<\/em><\/td>\n<\/tr>\n<tr>\n<td>10:15\u221210:40<\/td>\n<td>Pascal Tremblay: <em><em>The ambiguous interface between indigenous tourism and expanding \u2018wellness tourism\u2019 narratives: weighing market and product opportunities against cultural appropriation risks<\/em><\/em><strong>Linkki:<\/strong>\u00a0<a href=\"https:\/\/www.tourismnt.com.au\/industry-toolkit\/what-aboriginal-cultural-tourism\/wellness-tourism\/understanding-business\" target=\"_blank\" rel=\"noopener\">SECTION 1: Understanding the business of wellness tourism<\/a><\/td>\n<\/tr>\n<tr>\n<td>10:40\u221211:05<\/td>\n<td>Eleonora Alariesto: <em>Colonial land-use as contaminant in S\u00e1mi sacred cultural environments \u2013 the cases of \u00c4ijih and R\u00e1stig\u00e1is\u00e1<\/em><\/td>\n<\/tr>\n<tr class=\"break\">\n<td>11:05\u221211:30<\/td>\n<td>K\u00e4\u00e4hvi<\/td>\n<\/tr>\n<tr>\n<td>11:30\u221211:55<\/td>\n<td>Nina Smedseng: <em>Co-creating tourism knowledge: relational ethics (accountability) and indigenous methodologies in S\u00e1mi tourism research<\/em><\/td>\n<\/tr>\n<tr>\n<td>11:55\u221212:20<\/td>\n<td>Ningning Sun, Maud A.J. van Soest ja Zo\u00eb Wright: <em>Co-producing codes of ethics for visitors to indigenous communities: adapting research practices for responsible tourism in the European Arctic<\/em><\/td>\n<\/tr>\n<tr class=\"break\">\n<td>12:20\u221213:20<\/td>\n<td>Peivim\u00e4\u00e4lis<\/td>\n<\/tr>\n<tr class=\"break\">\n<td>13:20\u221214:05<\/td>\n<td>Pudd\u00e2<\/td>\n<\/tr>\n<tr class=\"break\">\n<td>14:05\u221214:30<\/td>\n<td>K\u00e4\u00e4hvi<\/td>\n<\/tr>\n<\/tbody>\n<thead>\n<tr>\n<td colspan=\"2\">Eehidpeivioosij saav\u00e2jo\u0111etteijee: Eleonora Alariesto<\/td>\n<\/tr>\n<\/thead>\n<tbody>\n<tr>\n<td>14:30\u221214:55<\/td>\n<td>Sonya Graci, Yvette Rasmussen ja Wendy Cukier: <i>Indigenous entrepreneurship and social innovation in indigenous tourism development in Northern Canada<\/i><\/p>\n<p><strong>Linkki:<\/strong>\u00a0<a href=\"https:\/\/www.torontomu.ca\/content\/dam\/diversity\/reports\/itac-northern-we\/DI-FSC-ITAC%20Northern%20WE%20Report_EN.pdf\" target=\"_blank\" rel=\"noopener\">Indigenous Entrepreneurship and Social Innovation<\/a><\/td>\n<\/tr>\n<tr>\n<td>14:55\u221215:20<\/td>\n<td>Herminia Din: <i>Connecting culture, land and nature: reimaging a new model of northern tourism program<\/i><\/td>\n<\/tr>\n<tr>\n<td>15:20\u221215:30<\/td>\n<td>Eleonora Alariesto j\u00e1 Monika L\u00fcthje: Juurd\u00e2pu\u00e1tuseh<\/td>\n<\/tr>\n<\/tbody>\n<\/table>\n<p>Symposium kiel\u00e2 lii e\u014bg\u00e2l\u00e2skiel\u00e2. Symposiumoovd\u00e2npyehtimeh i\u00e4 tulkkojuu eres kiel\u00e1id.[\/vc_column_text][\/vc_column_inner][vc_column_inner column_width_percent=&#8221;100&#8243; gutter_size=&#8221;3&#8243; back_color=&#8221;color-lxmt&#8221; overlay_alpha=&#8221;50&#8243; shift_x=&#8221;0&#8243; shift_y=&#8221;0&#8243; shift_y_down=&#8221;0&#8243; z_index=&#8221;0&#8243; medium_width=&#8221;0&#8243; mobile_width=&#8221;0&#8243; sticky=&#8221;yes&#8221; width=&#8221;1\/3&#8243; uncode_shortcode_id=&#8221;140990&#8243; back_color_type=&#8221;uncode-palette&#8221;][vc_custom_heading heading_semantic=&#8221;h3&#8243; text_size=&#8221;h4&#8243; uncode_shortcode_id=&#8221;148985&#8243;]Ladattavat dokumentit[\/vc_custom_heading][vc_button button_color=&#8221;accent&#8221; border_width=&#8221;0&#8243; link=&#8221;url:https%3A%2F%2Fmatkailu.samediggi.fi%2Fwp-content%2Fuploads%2F2025%2F04%2FIndigenous-Tourism-Research-Symposium-Abstract-Book-with-Keynote.pdf|title:Abstr%C3%A1ktkirj%C3%A1|target:_blank|&#8221; button_color_type=&#8221;uncode-palette&#8221; icon=&#8221;fa fa-file-pdf-o&#8221; uncode_shortcode_id=&#8221;321626&#8243;]Lataa symposiumin abstraktikirja[\/vc_button][\/vc_column_inner][\/vc_row_inner][vc_row_inner][vc_column_inner width=&#8221;2\/3&#8243;][vc_column_text uncode_shortcode_id=&#8221;787691&#8243;]<\/p>\n<table class=\"eventProgram\">\n<thead>\n<tr>\n<td colspan=\"2\">Si\u00e4mm\u00e1\u00e1 \u00e4\u00e4igi symposiumijn:<\/td>\n<\/tr>\n<\/thead>\n<tbody>\n<tr>\n<td>09:00\u221218:00<\/td>\n<td><strong>\u010c\u00e1it\u00e1ld\u00e2h Saijoos aulast:<\/strong> S\u00e4mmilii r\u00e1i\u0111ukovetaai\u0111\u00e2r Sunna Kiti koveh Ovd\u00e2sv\u00e1st\u00e1d\u00e2sl\u00e2\u0161 ma\u0111h\u00e2\u0161em s\u00e4mmilij p\u00e4ikkiku\u00e1vlust -ku\u00e1llejeijeeravvuid.<\/td>\n<\/tr>\n<tr>\n<td>10:00\u221217:00<\/td>\n<td>M\u00e1h\u0111ul\u00e2\u0161vuot\u00e2 kolli\u0111 S\u00e4\u00e4mimuseo Siidast, siis\u00e2peess\u00e2m 12 eurod ulmuu ku\u00e1tt\u00e1 (\u010d\u00e4\u00e4iti jieij\u00e2d EITC-nomm\u00e2koort\u00e2, ko u\u00e1st\u00e1h liipu v\u00e2i finniih liipu taan haadan)<\/td>\n<\/tr>\n<tr>\n<td>10:00\u221217:00<\/td>\n<td><strong>Tyejimarkk\u00e2neh Saijoos aulast:<\/strong> S\u00e4mmiliih tu\u00e1ij\u00e1reh vyebdih jieij\u00e2s tuojijd.<br \/>\n<strong>U\u00e1rnejeijee:<\/strong> S\u00e1mi Duodji rs<\/td>\n<\/tr>\n<tr>\n<td>10:00\u221212:00<\/td>\n<td><strong>Tyejipargop\u00e1\u00e1j\u00e1 1:<\/strong> R\u00e4\u00e4hti olss\u00e2d s\u00e4mmil\u00e2\u0161 n\u00e4hkipu\u00e1hh\u00e1\u00e1<br \/>\n<strong>Saje:<\/strong> Silban\u00e1sti, Sajos<br \/>\n<strong>U\u00e1s\u00e1listemm\u00e1ksu:<\/strong> 25 eurod ulmuu ku\u00e1tt\u00e1 (m\u00e1ksoo pargop\u00e1\u00e1j\u00e1st) <strong>Almott\u00e2tt\u00e2m:<\/strong> konferens nettisiij\u0111oi peht<br \/>\n<strong>U\u00e1rnejeijee:<\/strong> S\u00e1mi Duodji rsPargop\u00e1j\u00e1kielah l\u00e1\u00e1 taves\u00e4mikiel\u00e2, suom\u00e2kiel\u00e2 j\u00e1 e\u014bg\u00e2l\u00e2skiel\u00e2.<\/td>\n<\/tr>\n<tr>\n<td>13:30\u221215:30<\/td>\n<td><strong>Tyejipargop\u00e1\u00e1j\u00e1 2:<\/strong> R\u00e4\u00e4hti olss\u00e2d \u0161i\u0161neest \u010doovd\u00e2p\u00e4ddi<br \/>\n<strong>Saje:<\/strong> Silban\u00e1sti, Sajos<br \/>\n<strong>U\u00e1s\u00e1listemm\u00e1ksu:<\/strong> 13-16 eurod ulmuu ku\u00e1tt\u00e1 (m\u00e1ksoo pargop\u00e1\u00e1j\u00e1st) <strong>Almott\u00e2tt\u00e2m:<\/strong> konferens nettisiij\u0111oi peht<br \/>\n<strong>U\u00e1rnejeijee:<\/strong> S\u00e1mi Duodji rsPargop\u00e1j\u00e1kielah l\u00e1\u00e1 taves\u00e4mikiel\u00e2, suom\u00e2kiel\u00e2 j\u00e1 e\u014bg\u00e2l\u00e2skiel\u00e2.<\/td>\n<\/tr>\n<\/tbody>\n<\/table>\n<p>[\/vc_column_text][\/vc_column_inner][vc_column_inner column_width_percent=&#8221;100&#8243; gutter_size=&#8221;3&#8243; back_color=&#8221;color-lxmt&#8221; overlay_alpha=&#8221;50&#8243; shift_x=&#8221;0&#8243; shift_y=&#8221;0&#8243; shift_y_down=&#8221;0&#8243; z_index=&#8221;0&#8243; medium_width=&#8221;0&#8243; mobile_width=&#8221;0&#8243; sticky=&#8221;yes&#8221; width=&#8221;1\/3&#8243; uncode_shortcode_id=&#8221;659170&#8243; back_color_type=&#8221;uncode-palette&#8221;][vc_custom_heading heading_semantic=&#8221;h3&#8243; text_size=&#8221;h4&#8243; uncode_shortcode_id=&#8221;430790&#8243;]Kuvia ty\u00f6pajasta[\/vc_custom_heading][vc_gallery el_id=&#8221;gallery-138590&#8243; medias=&#8221;2103,2108&#8243; gutter_size=&#8221;1&#8243; screen_lg=&#8221;1000&#8243; screen_md=&#8221;600&#8243; screen_sm=&#8221;480&#8243; single_width=&#8221;1&#8243; images_size=&#8221;one-one&#8221; single_overlay_opacity=&#8221;50&#8243; single_padding=&#8221;2&#8243; uncode_shortcode_id=&#8221;172295&#8243;][\/vc_column_inner][\/vc_row_inner][vc_row_inner][vc_column_inner width=&#8221;2\/3&#8243;][vc_column_text uncode_shortcode_id=&#8221;560262&#8243;]<\/p>\n<table class=\"eventProgram\">\n<thead>\n<tr>\n<td colspan=\"2\">Modern j\u00e1 \u00e4rbivu\u00e1v\u00e1l\u00e2\u0161 s\u00e4mmil\u00e2\u0161 m\u00e4listem \u00e4rbivu\u00e1v\u00e1lijn amn\u00e2sijn- pargop\u00e1\u00e1j\u00e1, Saijoos Auditorio Dolla j\u00e1 k\u00e1idusoht\u00e2vuot\u00e2<\/td>\n<\/tr>\n<\/thead>\n<tbody>\n<tr>\n<td>16:15\u221218:15<\/td>\n<td>S\u00e4mmil\u00e2\u0161 kievkk\u00e2nmi\u00e4\u0161t\u00e1r Heikki Nikula j\u00e1 \u00e4rbipurr\u00e2mu\u0161\u00e2i \u010deppi Maarit L\u00e4nsman m\u00e4list\u00e1v\u00e1 j\u00e1 adel\u00e1v\u00e1 smakk\u00e2pitt\u00e1id<\/p>\n<p>Lai\u0111iisteijee: Saara-Maria Salonen<br \/>\nU\u00e1s\u00e1listemm\u00e1ksu: ij m\u00e1ksu<br \/>\nAlmott\u00e2tt\u00e2m: ij taarb\u00e2\u0161 almott\u00e2tt\u00e2\u0111<br \/>\nU\u00e1rnejeijee: <a href=\"https:\/\/mahtutproject.com\/\" target=\"_blank\" rel=\"noopener\">M\u00e1htut-haah\u00e2<\/a><\/p>\n<p>Pargop\u00e1j\u00e1kiel\u00e2 lii e\u014bg\u00e2l\u00e2skiel\u00e2. Pargop\u00e1\u00e1j\u00e1 ij tulkkojuu eres kiel\u00e1id.<\/p>\n<p>Spesiaalpurr\u00e2mu\u0161t\u00e1\u00e1rbuid ep paste v\u00e4ldi\u0111 hu\u00e1mm\u00e1\u0161um\u00e1n. Smakkimn\u00e1\u00e1l<br \/>\npurr\u00e2mu\u0161\u00e2i v\u00e1lduamn\u00e2s lii pu\u00e1sui.<\/td>\n<\/tr>\n<\/tbody>\n<\/table>\n<p>[\/vc_column_text][\/vc_column_inner][vc_column_inner width=&#8221;1\/3&#8243;][\/vc_column_inner][\/vc_row_inner][vc_row_inner][vc_column_inner width=&#8221;2\/3&#8243;][vc_column_text uncode_shortcode_id=&#8221;150479&#8243;]<\/p>\n<table class=\"eventProgram\">\n<thead>\n<tr>\n<td colspan=\"2\">Ehid\u00e2sm\u00e4\u00e4lis<\/td>\n<\/tr>\n<\/thead>\n<tbody>\n<tr>\n<td>19:00\u221221:00<\/td>\n<td>Wilderness Hotel Juutua<\/td>\n<\/tr>\n<\/tbody>\n<\/table>\n<p>[\/vc_column_text][\/vc_column_inner][vc_column_inner width=&#8221;1\/3&#8243;][\/vc_column_inner][\/vc_row_inner][vc_separator sep_color=&#8221;&#8221; uncode_shortcode_id=&#8221;143146&#8243;][vc_custom_heading text_color=&#8221;color-928458&#8243; heading_semantic=&#8221;h3&#8243; text_size=&#8221;h3&#8243; uncode_shortcode_id=&#8221;155924&#8243; text_color_type=&#8221;uncode-palette&#8221;]Koskokko 21.5.2025[\/vc_custom_heading][vc_row_inner][vc_column_inner width=&#8221;2\/3&#8243;][vc_column_text uncode_shortcode_id=&#8221;186836&#8243;]Lai\u0111iisteijee: Suvi West<\/p>\n<p>S\u00e1rnooh kevttih sier\u00e2 kiel\u00e2id. Saavah tulkkojuvvojeh vii\u0111\u00e2 kiel\u00e2n (e\u014bg\u00e2l\u00e2skiel\u00e2, anar\u00e2\u0161kiel\u00e2, nuortt\u00e2l\u00e2\u0161kiel\u00e2, taves\u00e4mikiel\u00e2, suom\u00e2kiel\u00e2) sehe p\u00e4\u00e4ihi alne j\u00e1 k\u00e1idusin u\u00e1s\u00e1listeid.<\/p>\n<table class=\"eventProgram\">\n<tbody>\n<tr class=\"break\">\n<td>08:15\u221209:00<\/td>\n<td>Almott\u00e2tt\u00e2m j\u00e1 k\u00e4\u00e4hvi<\/td>\n<\/tr>\n<\/tbody>\n<thead>\n<tr>\n<td colspan=\"2\">Lekk\u00e2mu\u00e1si<\/td>\n<\/tr>\n<\/thead>\n<tbody>\n<tr>\n<td>09:00\u221209:10<\/td>\n<td>Inarinsaamelaista musiikkia Anna Morottajalta<\/td>\n<\/tr>\n<tr>\n<td>09:10\u221209:20<\/td>\n<td>Tuomas Aslak Juuso, S\u00e4mitigge Suom\u00e2st: Tierv\u00e2pu\u00e1ttims\u00e4\u00e4nih<\/td>\n<\/tr>\n<tr>\n<td>09:20\u221209:30<\/td>\n<td>Frank Antoine, Moccasin Trails j\u00e1 WINTA: Tiervuo\u0111ah World Indigenous Tourism Alliancest<\/td>\n<\/tr>\n<tr>\n<td>09:30\u221209:40<\/td>\n<td>Silje Karine Muotka, S\u00e4mitigge Taa\u017e\u00e2st: Tiervuo\u0111ah Taa\u017e\u00e2 S\u00e4mitiggeest<\/td>\n<\/tr>\n<tr>\n<td>09:40\u221209:50<\/td>\n<td>H\u00e5kan Jonsson, S\u00e4mitigge Ruot\u00e2st: Tiervuo\u0111ah Ruot\u00e2 S\u00e4mitiggeest<\/td>\n<\/tr>\n<tr>\n<td>09:50\u221210:00<\/td>\n<td>Per Olof Nutti, S\u00e4mir\u00e4\u00e4\u0111i: Tiervuo\u0111ah S\u00e4mir\u00e4\u00e4\u0111ist<\/td>\n<\/tr>\n<tr>\n<td>10:00\u221210:10<\/td>\n<td>Naaja H. Nathanielsen, Kalaallit Nunaat hald\u00e2tt\u00e2s: Videotiervuo\u0111ah Kalaallit Nunaatist<\/td>\n<\/tr>\n<tr>\n<td>10:10\u221210:20<\/td>\n<td>Niila-Juh\u00e1n Valkeap\u00e4\u00e4, S\u00e4mitige Nuor\u00e2ir\u00e4\u00e4\u0111i: Tiervuo\u0111ah Nuor\u00e2ir\u00e4\u00e4\u0111ist<\/td>\n<\/tr>\n<tr>\n<td>10:20\u201310:30<\/td>\n<td>Anar\u00e2\u0161 muusik Heli Aikiost<\/td>\n<\/tr>\n<tr>\n<td>10:30\u201311:05<\/td>\n<td>V\u00e1ldusah\u00e2vu\u00e1ru S\u00e4\u00e4mist: Suvi West: Love pivdem j\u00e1 main\u00e2s pivdem \u2013 s\u00e4mmilii main\u00e2steijee u\u00e1inu maa\u0111h\u00e2\u0161mist j\u00e1 tast, maid jyehi\u0111<\/td>\n<\/tr>\n<\/tbody>\n<thead>\n<tr>\n<td colspan=\"2\">Sertifisistmeh alg\u00e2aalmugmaa\u0111h\u00e2\u0161mist<\/td>\n<\/tr>\n<\/thead>\n<tbody>\n<tr>\n<td>11:05\u221211:40<\/td>\n<td>Kirsi Suomi, S\u00e4mitigge Suom\u00e2st: Pu\u00e1tte\u0161 s\u00e4mima\u0111h\u00e2\u0161emsertifisistem Suom\u00e2st<\/td>\n<\/tr>\n<tr>\n<td>11:40\u221212:15<\/td>\n<td>Christina H\u00e6tta, S\u00e4mir\u00e4\u00e4\u0111i: S\u00e4mmiliih t\u00e4\u00e4vvirmeerhah \u2013 pitt\u00e1\u00e1\u0161 alg\u00e2aalmug jie\u0161meerridmist<\/td>\n<\/tr>\n<tr class=\"break\">\n<td>12:15\u221213:15<\/td>\n<td>Peivim\u00e4\u00e4lis<\/td>\n<\/tr>\n<tr>\n<td>13:15\u201314:00<\/td>\n<td>S\u00e9bastien Desnoyers-Picard, Indigenous Tourism Association of Canada: Vu\u00e1tt\u00e1mu\u0161ah Original Original -sertifisistemohjelmist Kanadast<\/td>\n<\/tr>\n<tr>\n<td>14:00\u221214:30<\/td>\n<td>Lennart Pittja, S\u00e1pmi Nature j\u00e1 WINTA j\u00e1 S\u00e9bastien Desnoyers-Picard, Indigenous Tourism Association of Canada: Maht \u00e1rvu\u0161t\u00e2ll\u00e2\u0111 alg\u00e2aalmugma\u0111h\u00e2\u0161emsertifisistem vaikutt\u00e2s\u00e2id?<\/td>\n<\/tr>\n<tr class=\"break\">\n<td>14:30\u221215:00<\/td>\n<td>K\u00e4\u00e4hvi<\/td>\n<\/tr>\n<tr>\n<td>15:00\u221215:45<\/td>\n<td>Frank Antoine, Moccasin Trails j\u00e1 WINTA: Alg\u00e2aalmugl\u00e2\u0161 sertifisistem<\/td>\n<\/tr>\n<tr>\n<td>15:45\u221216:45<\/td>\n<td>Alg\u00e2aalmugma\u0111h\u00e2\u0161emir\u00e2tteijei paaneel: John Barrett, Kapiti Island Nature Tours ja Nature Lodge, U\u0111\u0111\u00e2-Seeland; Ann-Kristine Bongo, Sami Siida, Taa\u017e\u00e2; Mai Britt Eira, Arctic Urbi, Taa\u017e\u00e2; Aviaja Holm Jensen, Great Greenland, Kalaallit Nunaat; Emma Krupula, Emma\u2019s Reindeer, Suom\u00e2; ja Heikki Paltto, Paltto El\u00e4mysretket, Suom\u00e2<\/p>\n<p>Lai\u0111iisteijee: Lennart Pittja, S\u00e1pmi Nature j\u00e1 WINTA<\/td>\n<\/tr>\n<tr>\n<td>16:45\u221216:50<\/td>\n<td>Suvi West: U\u00e1nihis \u010du\u00e1k\u00e1nki\u00e4su peeivist<\/td>\n<\/tr>\n<tr class=\"break\">\n<td>16:50\u221219:00<\/td>\n<td>Pudd\u00e2<\/td>\n<\/tr>\n<tr>\n<td>19:00\u221219:30<\/td>\n<td>Nuortt\u00e2l\u00e2\u0161 muusik Su\u00f5mmkar-ju\u00e1vhust (tu\u0161e p\u00e4\u00e4ihi alne)<br \/>\nSu\u00f5mmkar lii vuoss\u00e2mu\u0161 muusikju\u00e1vkku maailmist, kote ovt\u00e2stit pu\u00e1ris nuortt\u00e2lii \u00e4rbivu\u00e1v\u00e1lii muusik (leu\u02b9dd, katrilli) j\u00e1 t\u00e1\u00e1l\u00e1\u00e1 aalmugmuusik- j\u00e1 pop-vaikutt\u00e2s\u00e2id<\/td>\n<\/tr>\n<\/tbody>\n<\/table>\n<p>[\/vc_column_text][\/vc_column_inner][vc_column_inner column_width_percent=&#8221;100&#8243; gutter_size=&#8221;3&#8243; overlay_alpha=&#8221;50&#8243; shift_x=&#8221;0&#8243; shift_y=&#8221;0&#8243; shift_y_down=&#8221;0&#8243; z_index=&#8221;0&#8243; medium_width=&#8221;0&#8243; mobile_width=&#8221;0&#8243; sticky=&#8221;yes&#8221; width=&#8221;1\/3&#8243; uncode_shortcode_id=&#8221;107020&#8243;][\/vc_column_inner][\/vc_row_inner][vc_row_inner][vc_column_inner width=&#8221;2\/3&#8243;][vc_column_text uncode_shortcode_id=&#8221;192551&#8243;]<\/p>\n<table class=\"eventProgram\">\n<thead>\n<tr>\n<td colspan=\"2\">Si\u00e4mm\u00e1\u00e1 \u00e4\u00e4igi konferensosijguin:<\/td>\n<\/tr>\n<\/thead>\n<tbody>\n<tr>\n<td>09:00\u221218:00<\/td>\n<td>\u010c\u00e1it\u00e1ld\u00e2h Saijoos aulast: S\u00e4mmilii r\u00e1i\u0111ukovetaai\u0111\u00e2r Sunna Kiti koveh Ovd\u00e2sv\u00e1st\u00e1d\u00e2sl\u00e2\u0161 ma\u0111h\u00e2\u0161em s\u00e4mmilij p\u00e4ikkiku\u00e1vlust -ku\u00e1llejeijeeravvuid.<\/td>\n<\/tr>\n<tr>\n<td>10:00\u221217:00<\/td>\n<td>M\u00e1h\u0111ul\u00e2\u0161vuot\u00e2 kolli\u0111 S\u00e4mimuseo Siidast, siis\u00e2peess\u00e2m 12 eurod ulmuu ku\u00e1tt\u00e1 (\u010d\u00e4\u00e4iti jieij\u00e2d EITC-nomm\u00e2koort\u00e2, ko u\u00e1st\u00e1h liipu v\u00e2i finniih liipu taan haadan)<\/td>\n<\/tr>\n<tr>\n<td>&#8211;<\/td>\n<td>Tyejimarkk\u00e2neh Saijoos aulast: S\u00e4mmiliih tu\u00e1ij\u00e1reh vyebdih jieij\u00e2s tuojijd.<br \/>\nU\u00e1rnejeijee: S\u00e1mi Duodji rs<\/td>\n<\/tr>\n<tr>\n<td>16:00\u221218:00<\/td>\n<td><strong>Tyejipargop\u00e1\u00e1j\u00e1 4:<\/strong> R\u00e4\u00e4hti olssis s\u00e4mmilii silb\u00e2\u010dii\u014b\u00e2<br \/>\n<strong>Saje:<\/strong> Silban\u00e1sti, Sajos<br \/>\n<strong>U\u00e1s\u00e1listemm\u00e1ksu:<\/strong> 10 eurod + siilb\u00e2 hadde ki\u00e4vtu mield (m\u00e1ksoo pargop\u00e1\u00e1j\u00e1st)<br \/>\n<strong>Almott\u00e2tt\u00e2m:<\/strong> konferens nettisiij\u0111oi peht<br \/>\n<strong>U\u00e1rnejeijee:<\/strong> S\u00e1mi Duodji rsPargop\u00e1j\u00e1kielah l\u00e1\u00e1 taves\u00e4mikiel\u00e2, suom\u00e2kiel\u00e2 j\u00e1 e\u014bg\u00e2l\u00e2skiel\u00e2.<\/td>\n<\/tr>\n<\/tbody>\n<\/table>\n<p>[\/vc_column_text][\/vc_column_inner][vc_column_inner column_width_percent=&#8221;100&#8243; gutter_size=&#8221;3&#8243; overlay_alpha=&#8221;50&#8243; shift_x=&#8221;0&#8243; shift_y=&#8221;0&#8243; shift_y_down=&#8221;0&#8243; z_index=&#8221;0&#8243; medium_width=&#8221;0&#8243; mobile_width=&#8221;0&#8243; sticky=&#8221;yes&#8221; width=&#8221;1\/3&#8243; uncode_shortcode_id=&#8221;214510&#8243;][\/vc_column_inner][\/vc_row_inner][vc_row_inner][vc_column_inner width=&#8221;2\/3&#8243;][vc_column_text uncode_shortcode_id=&#8221;146888&#8243;]<\/p>\n<table class=\"eventProgram\">\n<thead>\n<tr>\n<td colspan=\"2\"><b>Ehid\u00e2sm\u00e4\u00e4lis<\/b><\/td>\n<\/tr>\n<\/thead>\n<tbody>\n<tr>\n<td>19:45\u221222:00<\/td>\n<td>Wilderness Hotel Juutua<br \/>\nOrj\u00e2l\u00e2\u0161- j\u00e1 anar\u00e2\u0161kiel\u00e2l\u00e2\u0161 r\u00e1p-muusik \u00c1ilu Vallest j\u00e1 Amocist<\/td>\n<\/tr>\n<\/tbody>\n<\/table>\n<p>[\/vc_column_text][\/vc_column_inner][vc_column_inner width=&#8221;1\/3&#8243;][\/vc_column_inner][\/vc_row_inner][vc_separator sep_color=&#8221;&#8221; uncode_shortcode_id=&#8221;143146&#8243;][vc_custom_heading text_color=&#8221;color-928458&#8243; heading_semantic=&#8221;h3&#8243; text_size=&#8221;h3&#8243; uncode_shortcode_id=&#8221;655445&#8243; text_color_type=&#8221;uncode-palette&#8221;]Tuor\u00e2st\u00e2h 22.5.2025[\/vc_custom_heading][vc_row_inner][vc_column_inner width=&#8221;2\/3&#8243;][vc_column_text uncode_shortcode_id=&#8221;160600&#8243;]Lai\u0111iisteijee: Suvi West<\/p>\n<p>S\u00e1rnooh kevttih sier\u00e2 kiel\u00e2id. Saavah tulkkojuvvojeh vii\u0111\u00e2 kiel\u00e2n (e\u014bg\u00e2l\u00e2skiel\u00e2, anar\u00e2\u0161kiel\u00e2, nuortt\u00e2l\u00e2\u0161kiel\u00e2, taves\u00e4mikiel\u00e2, suom\u00e2kiel\u00e2) sehe p\u00e4\u00e4ihi alne j\u00e1 k\u00e1idusin u\u00e1s\u00e1listeid.<\/p>\n<table class=\"eventProgram\">\n<tbody>\n<tr class=\"break\">\n<td>08:30\u221209:00<\/td>\n<td>K\u00e4\u00e4hvi<\/td>\n<\/tr>\n<\/tbody>\n<thead>\n<tr>\n<td colspan=\"2\">Kilelis ma\u0111h\u00e2\u0161em<\/td>\n<\/tr>\n<\/thead>\n<tbody>\n<tr>\n<td>09:00\u221209:30<\/td>\n<td>John Barrett, Kapiti Island Nature Tours j\u00e1 Nature Lodge j\u00e1 WINTA: Maht mii Maori-peer\u00e2 ibbeerd kilelisvuo\u0111\u00e2<\/td>\n<\/tr>\n<tr>\n<td>09:30\u221210:00<\/td>\n<td>Ellinor Guttorm Utsi, Davvi Siida: Lii-uv ru\u00e1n\u00e1\u00e1 sird\u00e2\u0161ume kilelis s\u00e4mi- i\u00e4l\u00e1tt\u00e2s\u00e2i u\u00e1inust?<\/td>\n<\/tr>\n<tr>\n<td>10:00\u221210:30<\/td>\n<td>Taija Aikio, S\u00e4mimuseo Siida: Kulttuurl\u00e1vt kilelis ma\u0111h\u00e2\u0161em si\u00e4rv\u00e1duvv\u00e1in porg\u00e2m peht<\/td>\n<\/tr>\n<tr>\n<td>10:30\u221211:00<\/td>\n<td>Ulunnguaq Markussen, Kalaallit Nunaat oll\u00e2op\u00e2tt\u00e2h j\u00e1 Carina Ren, Aalborg oll\u00e2op\u00e2tt\u00e2h: Vuoig\u00e2l\u00e2\u0161 ma\u0111h\u00e2\u0161em\u010duos\u00e2tt\u00e2h? Tutk\u00e2min p\u00e1ih\u00e1lijd tuoivuid, paloid j\u00e1 epit\u00e4siti\u00e4dulijd v\u00e4ldikosk\u00e2vuo\u0111\u00e2id Nuorttii Kalaallit Nunaat (Tunu) ma\u0111h\u00e2\u0161em oovdedmist<\/td>\n<\/tr>\n<tr>\n<td>11:00\u221211:35<\/td>\n<td>Alg\u00e2aalmugma\u0111h\u00e2\u0161emir\u00e2tteijei paaneel: Sofianguak Kristiansen, Sermeq Pottery, Kalaallit Nunaat;\u00a0Risten Oskal, Cavzo Safari, Norja; j\u00e1 Heikki Paltto, Paltto El\u00e4mysretket, Suom\u00e2<br \/>\nLai\u0111iisteijee: Lennart Pittja, S\u00e1pmi Nature j\u00e1 WINTA<\/td>\n<\/tr>\n<tr class=\"break\">\n<td>11:35\u221212:35<\/td>\n<td>Peivim\u00e4\u00e4lis<\/td>\n<\/tr>\n<\/tbody>\n<thead>\n<tr>\n<td colspan=\"2\">Alg\u00e2aalmugma\u0111h\u00e2\u0161em vyebdim maailmvij\u0111os\u00e1vt j\u00e1 p\u00e1ih\u00e1l\u00e1vt<\/td>\n<\/tr>\n<\/thead>\n<tbody>\n<tr>\n<td>12:35\u221212:55<\/td>\n<td>Frank Antoine, Moccasin Trails j\u00e1 WINTA: Alg\u00e2aalmugl\u00e2\u0161 markk\u00e2nistem<\/td>\n<\/tr>\n<tr>\n<td>12:55\u221213:15<\/td>\n<td>S\u00e9bastien Desnoyers-Picard, Indigenous Tourism Association of Canada: U\u0111\u0111\u00e2seh u\u0111\u0111\u00e2 gloobaal DO-IT (Destination Original Indigenous Tourism) -markk\u00e2nistemorganisaatiost<\/td>\n<\/tr>\n<tr>\n<td>13:15\u221213:45<\/td>\n<td>Stine Selmer, Sustine Consult: Kalaallit Nunaat ma\u0111h\u00e2\u0161emovd\u00e1nem \u010du\u00e1k\u00e1nki\u00e4su<\/td>\n<\/tr>\n<tr>\n<td>13:45\u221214:45<\/td>\n<td>S\u00e4mmil\u00e2\u0161- j\u00e1 inuiitma\u0111h\u00e2\u0161emir\u00e2tt\u00e2s\u00e2i oovd\u00e2npyehtim: Ann-Kristine Bongo, Sami Siida, Taa\u017e\u00e2; Mai Britt Eira, Arctic Urbi, Taa\u017e\u00e2; Sofianguak Kristiansen, Sermeq Pottery, Kalaallit Nunaat;\u00a0Risten Oskal, Cavzo Safari, Norja; j\u00e1 Heikki Paltto, Paltto El\u00e4mysretket, Suom\u00e2<\/td>\n<\/tr>\n<tr class=\"break\">\n<td>14:45\u221215:15<\/td>\n<td>K\u00e4\u00e4hvi<\/td>\n<\/tr>\n<tr>\n<td>15:15\u221215:35<\/td>\n<td>Jaakko Leinonen, Torvol\u00e2\u0161vuot\u00e2 j\u00e1 kemikaalvirg\u00e1d\u00e2h: U\u0111\u0111\u00e2 kul\u00e2tteijeetorvol\u00e2\u0161vuot\u00e2lah\u00e2as\u00e2ttem ma\u0111h\u00e2\u0161empalv\u00e2lus\u00e2i u\u00e1inust<\/td>\n<\/tr>\n<tr>\n<td>15:35\u221215:55<\/td>\n<td>Stine Selmer, Sustine Consult: Ru\u00e1n\u00e1\u00e1pooss\u00e2m j\u00e1 EU u\u0111\u0111\u00e2 pir\u00e2sn\u00e1ggusdirektiv \u2013 vaikutt\u00e2sah maa\u0111h\u00e2\u0161m\u00e2n<\/td>\n<\/tr>\n<tr>\n<td>15:55\u221216:00<\/td>\n<td>Suvi West: Lopp\u00e2s\u00e4\u00e4nih<\/td>\n<\/tr>\n<\/tbody>\n<\/table>\n<p>[\/vc_column_text][\/vc_column_inner][vc_column_inner column_width_percent=&#8221;100&#8243; gutter_size=&#8221;3&#8243; overlay_alpha=&#8221;50&#8243; shift_x=&#8221;0&#8243; shift_y=&#8221;0&#8243; shift_y_down=&#8221;0&#8243; z_index=&#8221;0&#8243; medium_width=&#8221;0&#8243; mobile_width=&#8221;0&#8243; sticky=&#8221;yes&#8221; width=&#8221;1\/3&#8243; uncode_shortcode_id=&#8221;107020&#8243;][\/vc_column_inner][\/vc_row_inner][vc_row_inner][vc_column_inner width=&#8221;2\/3&#8243;][vc_column_text uncode_shortcode_id=&#8221;117561&#8243;]<\/p>\n<table class=\"eventProgram\">\n<thead>\n<tr>\n<td colspan=\"2\">Modern s\u00e4mmil\u00e2\u0161 m\u00e4listem \u00e4rbivu\u00e1v\u00e1lijn amn\u00e2sijn- pargop\u00e1\u00e1j\u00e1, S\u00e4\u00e4mi m\u00e1tt\u00e1\u00e1tt\u00e2sku\u00e1vd\u00e1\u0161, m\u00e1tt\u00e1\u00e1tt\u00e2skievkk\u00e2n<\/td>\n<\/tr>\n<\/thead>\n<tbody>\n<tr>\n<td>16:00\u221219:00<\/td>\n<td>M\u00e4listempargop\u00e1\u00e1j\u00e1 s\u00e4mmilii kievkk\u00e2nmi\u00e4\u0161t\u00e1r Heikki Nikulain, r\u00e4ijejum meeri alg\u00e2aalmugma\u0111h\u00e2\u0161emir\u00e2tteijeeh<\/p>\n<p><strong>U\u00e1s\u00e1listemm\u00e1ksu:<\/strong> ij m\u00e1ksu<br \/>\n<strong>Almott\u00e2tt\u00e2m:<\/strong> \u0160le\u0111g\u00e2post\u00e1in <a id=\"m_9200957138574390193OWA9d06e3cf-8d97-d0cf-b4af-c6dad3ba6406\" style=\"font-family: inherit; font-size: inherit;\" href=\"mailto:mari.viinikainen@ulapland.fi\" target=\"_blank\" rel=\"noopener\">mari.viinikainen@ulapland.fi<\/a><br \/>\n<strong><span style=\"font-family: inherit; font-size: inherit;\">U\u00e1rnejeijee: <\/span><\/strong><a style=\"font-family: inherit; font-size: inherit;\" href=\"https:\/\/mahtutproject.com\/\" target=\"_blank\" rel=\"noopener\">M\u00e1htut-haah\u00e2<\/a><\/p>\n<p>Pargop\u00e1\u00e1j\u00e1 kiel\u00e2 lii suom\u00e2kiel\u00e2.<\/td>\n<\/tr>\n<\/tbody>\n<\/table>\n<p>[\/vc_column_text][\/vc_column_inner][vc_column_inner width=&#8221;1\/3&#8243;][\/vc_column_inner][\/vc_row_inner][vc_row_inner][vc_column_inner width=&#8221;2\/3&#8243;][vc_column_text uncode_shortcode_id=&#8221;376424&#8243;]<\/p>\n<table class=\"eventProgram\">\n<thead>\n<tr>\n<td colspan=\"2\">Si\u00e4mm\u00e1\u00e1 \u00e4\u00e4igi konferensosijguin:<\/td>\n<\/tr>\n<\/thead>\n<tbody>\n<tr>\n<td>09:00\u221217:00<\/td>\n<td><strong>\u010c\u00e1it\u00e1ld\u00e2h Saijoos aulast:<\/strong> S\u00e4mmilii r\u00e1i\u0111ukovetaai\u0111\u00e2r Sunna Kiti koveh Ovd\u00e2sv\u00e1st\u00e1d\u00e2sl\u00e2\u0161 ma\u0111h\u00e2\u0161em s\u00e4mmilij p\u00e4ikkiku\u00e1vlust -ku\u00e1llejeijeeravvuid.<\/td>\n<\/tr>\n<tr>\n<td>10:00\u221217:00<\/td>\n<td>M\u00e1h\u0111ul\u00e2\u0161vuot\u00e2 kolli\u0111 S\u00e4mimuseo Siidast, siis\u00e2peess\u00e2m 12 eurod ulmuu ku\u00e1tt\u00e1 (\u010d\u00e4\u00e4iti jieij\u00e2d EITC-nomm\u00e2koort\u00e2, ko u\u00e1st\u00e1h liipu v\u00e2i finniih liipu taan haadan)<\/td>\n<\/tr>\n<tr>\n<td><\/td>\n<td><strong>Tyejimarkk\u00e2neh Saijoos aulast:<\/strong> S\u00e4mmiliih tu\u00e1ij\u00e1reh vyebdih jieij\u00e2s tuojijd.<br \/>\n<strong>U\u00e1rnejeijee:<\/strong> S\u00e1mi Duodji rs<\/td>\n<\/tr>\n<tr>\n<td>10:00\u221212:00<\/td>\n<td><strong>Tyejipargop\u00e1\u00e1j\u00e1 5:<\/strong> R\u00e4\u00e4hti olss\u00e2d s\u00e4mmil\u00e2\u0161 n\u00e4hkipu\u00e1hh\u00e1\u00e1<br \/>\n<strong>Saje:<\/strong> Silban\u00e1sti, Sajos<br \/>\n<strong>U\u00e1s\u00e1listemm\u00e1ksu:<\/strong> 25 eurod ulmuu ku\u00e1tt\u00e1 (m\u00e1ksoo pargop\u00e1\u00e1j\u00e1st) Almott\u00e2tt\u00e2m: konferens nettisiij\u0111oi peht<br \/>\n<strong>U\u00e1rnejeijee:<\/strong> S\u00e1mi Duodji rs<\/p>\n<p>Pargop\u00e1j\u00e1kielah l\u00e1\u00e1 taves\u00e4mikiel\u00e2, suom\u00e2kiel\u00e2 j\u00e1 e\u014bg\u00e2l\u00e2skiel\u00e2.<\/td>\n<\/tr>\n<tr>\n<td>16:00\u221218:00<\/td>\n<td><strong>Tyejipargop\u00e1\u00e1j\u00e1 6:<\/strong> R\u00e4\u00e4hti olssis s\u00e4mmilii silb\u00e2\u010dii\u014b\u00e2<br \/>\n<strong>Saje:<\/strong> Silban\u00e1sti, Sajos<br \/>\n<strong>U\u00e1s\u00e1listemm\u00e1ksu:<\/strong> 10 eurod + siilb\u00e2 hadde ki\u00e4vtu mield (m\u00e1ksoo pargop\u00e1\u00e1j\u00e1st)<br \/>\nAlmott\u00e2tt\u00e2m: konferens nettisiij\u0111oi peht<br \/>\n<strong>U\u00e1rnejeijee:<\/strong> S\u00e1mi Duodji rs<\/p>\n<p>Pargop\u00e1j\u00e1kielah l\u00e1\u00e1 taves\u00e4mikiel\u00e2, suom\u00e2kiel\u00e2 j\u00e1 e\u014bg\u00e2l\u00e2skiel\u00e2.<\/td>\n<\/tr>\n<\/tbody>\n<\/table>\n<p>[\/vc_column_text][\/vc_column_inner][vc_column_inner column_width_percent=&#8221;100&#8243; gutter_size=&#8221;3&#8243; overlay_alpha=&#8221;50&#8243; shift_x=&#8221;0&#8243; shift_y=&#8221;0&#8243; shift_y_down=&#8221;0&#8243; z_index=&#8221;0&#8243; medium_width=&#8221;0&#8243; mobile_width=&#8221;0&#8243; sticky=&#8221;yes&#8221; width=&#8221;1\/3&#8243; uncode_shortcode_id=&#8221;214510&#8243;][\/vc_column_inner][\/vc_row_inner][vc_row_inner][vc_column_inner width=&#8221;2\/3&#8243;][vc_column_text uncode_shortcode_id=&#8221;197668&#8243;]<\/p>\n<table class=\"eventProgram\">\n<thead>\n<tr>\n<td colspan=\"2\">Ehid\u00e2sm\u00e4\u00e4lis<\/td>\n<\/tr>\n<\/thead>\n<tbody>\n<tr>\n<td>19:30\u221221:30<\/td>\n<td>Wilderness Hotel Juutua<\/td>\n<\/tr>\n<\/tbody>\n<\/table>\n<p>[\/vc_column_text][\/vc_column_inner][vc_column_inner width=&#8221;1\/3&#8243;][\/vc_column_inner][\/vc_row_inner][\/vc_tab][vc_tab gutter_size=&#8221;2&#8243; column_padding=&#8221;2&#8243; title=&#8221;Puhujaesittelyt&#8221; tab_id=&#8221;1746440183620-6-3&#8243; slug=&#8221;esittelyt&#8221;][vc_column_text uncode_shortcode_id=&#8221;155860&#8243;]<\/p>\n<h2>Puhujaesittelyt<\/h2>\n<p>[\/vc_column_text][vc_separator sep_color=&#8221;&#8221; uncode_shortcode_id=&#8221;143146&#8243;][vc_gallery el_id=&#8221;gallery-994972&#8243; medias=&#8221;3403,3398,3393,3388,3383,3378,3373,3368,3363,3358,3410,3507,3502,3611&#8243; gutter_size=&#8221;3&#8243; media_items=&#8221;media|lightbox|original,title,description&#8221; screen_lg=&#8221;1000&#8243; screen_md=&#8221;600&#8243; screen_sm=&#8221;480&#8243; single_text=&#8221;under&#8221; images_size=&#8221;one-one&#8221; single_shape=&#8221;round&#8221; single_overlay_opacity=&#8221;50&#8243; single_overlay_anim=&#8221;no&#8221; single_text_anim=&#8221;no&#8221; single_image_anim=&#8221;no&#8221; single_padding=&#8221;1&#8243; single_text_reduced=&#8221;yes&#8221; single_title_family=&#8221;font-963720&#8243; single_title_dimension=&#8221;h4&#8243; single_text_lead=&#8221;small&#8221; single_border=&#8221;yes&#8221; uncode_shortcode_id=&#8221;204173&#8243;][\/vc_tab][vc_tab gutter_size=&#8221;2&#8243; column_padding=&#8221;3&#8243; title=&#8221;Yhteisty\u00f6kumppanit&#8221; tab_id=&#8221;1747659301577-7-1&#8243; slug=&#8221;yhteistyokumppanit&#8221;][vc_custom_heading text_uppercase=&#8221;&#8221; uncode_shortcode_id=&#8221;922755&#8243;]Yhteisty\u00f6kumppanit[\/vc_custom_heading][vc_separator sep_color=&#8221;&#8221; uncode_shortcode_id=&#8221;143146&#8243;][vc_row_inner][vc_column_inner width=&#8221;1\/4&#8243;][vc_single_image media=&#8221;3709&#8243; media_width_percent=&#8221;100&#8243; uncode_shortcode_id=&#8221;616309&#8243;][\/vc_column_inner][vc_column_inner width=&#8221;3\/4&#8243;][vc_column_text uncode_shortcode_id=&#8221;142335&#8243;]<\/p>\n<h3>Dalvadis<\/h3>\n<p>Welcome to Dalvadis Sami Experience &#8211; discover the authentic Sami culture up close!<\/p>\n<p><a href=\"https:\/\/dalvadis.com\/\" target=\"_blank\" rel=\"noopener\">https:\/\/dalvadis.com\/<\/a>[\/vc_column_text][\/vc_column_inner][\/vc_row_inner][vc_separator sep_color=&#8221;&#8221; uncode_shortcode_id=&#8221;143146&#8243;][vc_row_inner][vc_column_inner width=&#8221;1\/4&#8243;][vc_single_image media=&#8221;3714&#8243; media_width_percent=&#8221;100&#8243; uncode_shortcode_id=&#8221;189515&#8243;][\/vc_column_inner][vc_column_inner width=&#8221;3\/4&#8243;][vc_column_text uncode_shortcode_id=&#8221;546631&#8243;]<\/p>\n<h3>Sami Siida<\/h3>\n<p>Sami Siida on kulttuuri- ja yhteis\u00f6keskus, joka on omistautunut saamelaisen kulttuurin, kilen ja perinteidenedist\u00e4miseen. Se sijaitsee saamelaisten kotiseutualueen syd\u00e4mess\u00e4, Altassa, ja palvelee solmukohtana sek\u00e4 paikallisille ett\u00e4 vierailijoille, jotka ovat kiinnostuneita oppimaan saamelaisten rikkaasta kulttuuriperinn\u00f6st\u00e4. Keskus tarjoaa erilaisia ohjelmia, ty\u00f6pajoja ja tapahtumia, jotka esittelev\u00e4t perinteisi\u00e4 saamelaisia k\u00e4sit\u00f6it\u00e4, musiikkia ja tarinankerrontaa. Se tarjoaa my\u00f6s koulutusresursseja lis\u00e4ten ymm\u00e4rryst\u00e4 koskien saamelaista el\u00e4m\u00e4ntapaa ja yhteytt\u00e4 maahan.<\/p>\n<p><a href=\"https:\/\/www.samisiida.no\/\" target=\"_blank\" rel=\"noopener\">https:\/\/www.samisiida.no\/<\/a>[\/vc_column_text][\/vc_column_inner][\/vc_row_inner][vc_separator sep_color=&#8221;&#8221; uncode_shortcode_id=&#8221;143146&#8243;][vc_row_inner][vc_column_inner width=&#8221;1\/4&#8243;][vc_single_image media=&#8221;3719&#8243; media_width_percent=&#8221;100&#8243; uncode_shortcode_id=&#8221;130013&#8243;][\/vc_column_inner][vc_column_inner width=&#8221;3\/4&#8243;][vc_column_text uncode_shortcode_id=&#8221;134850&#8243;]<\/p>\n<h3>Great Greenland<\/h3>\n<p>Great Greenland Webshop &#8211; World Wide Shipping<\/p>\n<p><a href=\"https:\/\/www.greatgreenland.com\/\" target=\"_blank\" rel=\"noopener\">https:\/\/www.greatgreenland.com\/<\/a>[\/vc_column_text][\/vc_column_inner][\/vc_row_inner][vc_separator sep_color=&#8221;&#8221; uncode_shortcode_id=&#8221;143146&#8243;][vc_row_inner][vc_column_inner width=&#8221;1\/4&#8243;][vc_single_image media=&#8221;3724&#8243; media_width_percent=&#8221;100&#8243; uncode_shortcode_id=&#8221;135302&#8243;][\/vc_column_inner][vc_column_inner width=&#8221;3\/4&#8243;][vc_column_text uncode_shortcode_id=&#8221;739326&#8243;]<\/p>\n<h3>Emma\u2019s Reindeer<\/h3>\n<p>Emma\u2019s Reindeer on poromatkailuyritys, joka toimii osana Giellajohkan lomakyl\u00e4\u00e4. Tarjoan vierailleni poroel\u00e4myksi\u00e4 \u2013 muun muassa poroajeluita.<\/p>\n<p>Esittelen vieraillemme duodjia, eli perinteisi\u00e4 saamenk\u00e4sit\u00f6it\u00e4, ja kerron niiden merkityksest\u00e4 sek\u00e4 valmistusprosessista. Vierailun aikana k\u00e4vij\u00e4t oppivat paitsi poroista, my\u00f6s alueen luonnosta, historiasta, saamenkielitilanteesta ja alkuper\u00e4iskakulttuurien nyky haasteista, kuten ilmastonmuutoksesta.<\/p>\n<p>Tavoitteena on lis\u00e4t\u00e4 tietoisuutta kolttasaamelaisten rikkaasta kulttuurista ja edist\u00e4\u00e4 sen s\u00e4ilymist\u00e4.<\/p>\n<p><a href=\"https:\/\/www.emmasreindeer.fi\/\" target=\"_blank\" rel=\"noopener\">https:\/\/www.emmasreindeer.fi\/<\/a>[\/vc_column_text][\/vc_column_inner][\/vc_row_inner][vc_separator sep_color=&#8221;&#8221; uncode_shortcode_id=&#8221;143146&#8243;][vc_row_inner][vc_column_inner width=&#8221;1\/4&#8243;][vc_single_image media=&#8221;3729&#8243; media_width_percent=&#8221;100&#8243; uncode_shortcode_id=&#8221;179428&#8243;][\/vc_column_inner][vc_column_inner width=&#8221;3\/4&#8243;][vc_column_text uncode_shortcode_id=&#8221;137119&#8243;]<\/p>\n<h3>Saamelaismuseo Siida<\/h3>\n<p>Saamelaismuseo Siida on Pohjois-Lapin merkitt\u00e4vimpi\u00e4 matkailukohteita. Siida toimii saamelaiskulttuurin valtakunnallisena vastuumuseona, jonka teht\u00e4v\u00e4n\u00e4 on vaalia saamelaista kulttuuriperint\u00f6\u00e4, tukea kulttuurista itsetuntoa ja vahvistaa alkuper\u00e4iskansan omaa \u00e4\u00e4nt\u00e4 museotoiminnassa.<\/p>\n<p>Vuonna 2024 Siida palkittiin sek\u00e4 European Museum of the Year Award -tunnustuksella ett\u00e4 Vuoden museo -palkinnolla Suomessa. Palkinnot my\u00f6nnettiin erityisesti Siidan yhteis\u00f6l\u00e4ht\u00f6isest\u00e4 ty\u00f6st\u00e4 ja osallistavasta l\u00e4hestymistavasta perusn\u00e4yttelyn uudistusprosessissa, jossa saamelaisyhteis\u00f6 oli aktiivisesti mukana koko suunnittelun ja toteutuksen ajan.<\/p>\n<p>Siida edustaa museotoimintaa, jossa alkuper\u00e4iskansan n\u00e4k\u00f6kulma, asiantuntemus ja osallisuus ovat keski\u00f6ss\u00e4 \u2013 sek\u00e4 sis\u00e4lt\u00f6jen luomisessa ett\u00e4 yleis\u00f6ty\u00f6ss\u00e4.<\/p>\n<p><a href=\"https:\/\/siida.fi\/\" target=\"_blank\" rel=\"noopener\">https:\/\/siida.fi\/<\/a>[\/vc_column_text][\/vc_column_inner][\/vc_row_inner][vc_separator sep_color=&#8221;&#8221; uncode_shortcode_id=&#8221;143146&#8243;][vc_row_inner][vc_column_inner width=&#8221;1\/4&#8243;][vc_single_image media=&#8221;3734&#8243; media_width_percent=&#8221;100&#8243; uncode_shortcode_id=&#8221;206944&#8243;][\/vc_column_inner][vc_column_inner width=&#8221;3\/4&#8243;][vc_column_text uncode_shortcode_id=&#8221;162549&#8243;]<\/p>\n<h3>SAKK<\/h3>\n<p>Saamelaisalueen koulutuskeskus (SAKK) tarjoaa ammatillista koulutusta ja vahvistaa saamen kielten ja saamelaiskulttuurin elinvoimaisuutta. Inarissa sijaitseva oppilaitos toimii pohjoisen elinkeinoel\u00e4m\u00e4n ja kulttuuriperinn\u00f6n tukijana. Matkailualan opiskelijamme osallistuvat EITC 2025 -konferenssiin konferenssiavustajina, saaden arvokasta kokemusta kansainv\u00e4lisess\u00e4 tapahtumaymp\u00e4rist\u00f6ss\u00e4. Samalla he p\u00e4\u00e4sev\u00e4t kuulemaan lis\u00e4\u00e4 konferenssin t\u00e4rke\u00e4st\u00e4 teemasta, vastuullisesta alkuper\u00e4iskansamatkailusta.<\/p>\n<p><a href=\"https:\/\/www.sogsakk.fi\/fi\" target=\"_blank\" rel=\"noopener\">https:\/\/www.sogsakk.fi\/fi<\/a>[\/vc_column_text][\/vc_column_inner][\/vc_row_inner][\/vc_tab][vc_tab gutter_size=&#8221;2&#8243; column_padding=&#8221;3&#8243; title=&#8221;Rutt\u00e2dem&#8221; tab_id=&#8221;1729499746234-4-1&#8243; slug=&#8221;rahoitus&#8221;][vc_custom_heading text_size=&#8221;custom&#8221; text_uppercase=&#8221;&#8221; uncode_shortcode_id=&#8221;122801&#8243; heading_custom_size=&#8221;clamp(30px,4vw,40px), 4em&#8221;]Euroop alg\u00e2aalmugma\u0111h\u00e2\u0161emkonferens EITC 2025[\/vc_custom_heading][vc_column_text text_color=&#8221;color-nhtu&#8221; uncode_shortcode_id=&#8221;110593&#8243; text_color_type=&#8221;uncode-palette&#8221;]World Indigenous Tourism Alliance, S\u00e4mitigge j\u00e1 Laapi oll\u00e2op\u00e2tt\u00e2h u\u00e1rnejeh aalmugijkosk\u00e2sii alg\u00e2aalmugma\u0111h\u00e2\u0161emkonferens Anarist vyesim\u00e1\u00e1nust 2025.<\/p>\n<p>Konferens v\u00e1lduteeman lii eettis\u00e1vt kilelis alg\u00e2aalmugma\u0111h\u00e2\u0161em. Konferens vu\u00e1ju erom\u00e2\u0161\u00e1vt maa\u0111h\u00e2\u0161m\u00e2n, mii t\u00e1b\u00e1htuv\u00e1 Euroop arkt\u00e2sijn ku\u00e1vluin.<\/p>\n<p>Konferens u\u00e1rnejuvvoo Suom\u00e2 M\u00e1tt\u00e1\u00e1tt\u00e2s- j\u00e1 kulttuurministeri\u00f6 mie\u0111ettem erom\u00e2\u0161torjuin.[\/vc_column_text][vc_gallery el_id=&#8221;gallery-174161a1&#8243; medias=&#8221;1648&#8243; gutter_size=&#8221;3&#8243; media_items=&#8221;media|nolink|original&#8221; screen_lg=&#8221;900&#8243; screen_md=&#8221;11&#8243; screen_sm=&#8221;10&#8243; single_overlay_opacity=&#8221;50&#8243; single_overlay_anim=&#8221;no&#8221; single_text_anim=&#8221;no&#8221; single_image_anim=&#8221;no&#8221; single_padding=&#8221;2&#8243; single_border=&#8221;yes&#8221; uncode_shortcode_id=&#8221;823667&#8243;][vc_empty_space empty_h=&#8221;3&#8243;][vc_custom_heading text_size=&#8221;custom&#8221; text_uppercase=&#8221;&#8221; uncode_shortcode_id=&#8221;245568&#8243; heading_custom_size=&#8221;clamp(30px,4vw,40px), 4em&#8221;]Kilelis alg\u00e2aalmugma\u0111h\u00e2\u0161em Tave-en\u00e2mij arkt\u00e2sijn ku\u00e1vluin[\/vc_custom_heading][vc_column_text text_color=&#8221;color-nhtu&#8221; uncode_shortcode_id=&#8221;994282&#8243; text_color_type=&#8221;uncode-palette&#8221;]Haah\u00e2 naanood kilelis alg\u00e2aalmugma\u0111h\u00e2\u0161em ovdedem Tave-en\u00e2mij arkt\u00e2sijn ku\u00e1vluin vi\u00e4rm\u00e1d\u00e2tt\u00e2m j\u00e1 oovt\u00e2stpargo viev\u00e2st, moid u\u00e1s\u00e1listeh alg\u00e2aalmugma\u0111h\u00e2\u0161emir\u00e2tteijeeh Ru\u00e1n\u00e1\u00e1en\u00e2mist, Taa\u017e\u00e2st, Ruot\u00e2st, Suom\u00e2st j\u00e1 eres staat\u00e2in sehe S\u00e4mitigeh, oll\u00e2op\u00e2ttuvah, ma\u0111h\u00e2\u0161em \u010duos\u00e2tt\u00e2hornijdumeh sehe World Indigenous Tourism Alliance. Haav\u00e2 tooimah t\u00e1b\u00e1htuveh Euroop alg\u00e2aalmugma\u0111h\u00e2\u0161emkonferens EITC 2025 ooleest Anarist vyesim\u00e1\u00e1nust 2025.<\/p>\n<p>Haav\u00e2 ulmen lii nanodi\u0111 kilelis alg\u00e2aalmugma\u0111h\u00e2\u0161em ovdedem Tave-en\u00e2mij arkt\u00e2sijn ku\u00e1vluin:<\/p>\n<ul>\n<li>aalg\u00e2tm\u00e1in j\u00e1 naanoodm\u00e1in oovt\u00e2stpargoost mi\u00e4t\u00e1 arkt\u00e2sii ku\u00e1vlu t\u00e1b\u00e1htuvvee ti\u00e4\u0111u oovt\u00e2st pyevtittem j\u00e1 ki\u00e4rgusvuo\u0111\u00e2i ovdedem<\/li>\n<li>tu\u00e1rjum\u00e1in p\u00e1ih\u00e1lijd ma\u0111h\u00e2\u0161em \u010duos\u00e2tt\u00e2hornijduumijd j\u00e1 ir\u00e2tt\u00e2s\u00e2id toi strategisijn uulmijn kilelij finnod\u00e2htoim\u00e2\u010du\u00e1vdusij h\u00e1\u00e1r\u00e1n<\/li>\n<\/ul>\n<p>Haav\u00e2 rutt\u00e2d Tave-en\u00e2mij Ministerr\u00e4\u00e4\u0111i arkt\u00e2sii oovt\u00e2stpargo ohjelm.[\/vc_column_text][vc_gallery el_id=&#8221;gallery-174161a&#8221; medias=&#8221;1622&#8243; gutter_size=&#8221;3&#8243; media_items=&#8221;media|nolink|original&#8221; screen_lg=&#8221;900&#8243; screen_md=&#8221;11&#8243; screen_sm=&#8221;10&#8243; single_overlay_opacity=&#8221;50&#8243; single_overlay_anim=&#8221;no&#8221; single_text_anim=&#8221;no&#8221; single_image_anim=&#8221;no&#8221; single_padding=&#8221;2&#8243; single_border=&#8221;yes&#8221; uncode_shortcode_id=&#8221;102480&#8243;][vc_empty_space empty_h=&#8221;3&#8243;][vc_column_text text_color=&#8221;color-nhtu&#8221; uncode_shortcode_id=&#8221;891316&#8243; text_color_type=&#8221;uncode-palette&#8221;]<\/p>\n<h3>Hah\u00e2kyeimih<\/h3>\n<p>[\/vc_column_text][vc_gallery el_id=&#8221;gallery-174161b&#8221; isotope_mode=&#8221;cellsByRow&#8221; medias=&#8221;1612,1616,1618,1620,1633&#8243; gutter_size=&#8221;3&#8243; media_items=&#8221;media|nolink|original&#8221; screen_lg=&#8221;1000&#8243; screen_md=&#8221;900&#8243; screen_sm=&#8221;1&#8243; single_width=&#8221;2&#8243; single_overlay_opacity=&#8221;50&#8243; single_overlay_anim=&#8221;no&#8221; single_text_anim=&#8221;no&#8221; single_image_anim=&#8221;no&#8221; single_padding=&#8221;2&#8243; single_border=&#8221;yes&#8221; uncode_shortcode_id=&#8221;418820&#8243;][\/vc_tab][\/vc_tabs][vc_row_inner][vc_column_inner column_width_use_pixel=&#8221;yes&#8221; align_horizontal=&#8221;align_center&#8221; gutter_size=&#8221;3&#8243; override_padding=&#8221;yes&#8221; column_padding=&#8221;3&#8243; back_color=&#8221;color-lxmt&#8221; overlay_alpha=&#8221;50&#8243; shift_x=&#8221;0&#8243; shift_y=&#8221;0&#8243; shift_y_down=&#8221;0&#8243; z_index=&#8221;0&#8243; medium_width=&#8221;0&#8243; mobile_width=&#8221;0&#8243; width=&#8221;1\/1&#8243; uncode_shortcode_id=&#8221;131122&#8243; back_color_type=&#8221;uncode-palette&#8221; column_width_pixel=&#8221;900&#8243;][vc_column_text text_color=&#8221;color-nhtu&#8221; uncode_shortcode_id=&#8221;955012&#8243; text_color_type=&#8221;uncode-palette&#8221;]<strong>Oht\u00e2vuot\u00e2olmoo\u0161:<\/strong><br \/>\nMonika L\u00fcthje, Laapi oll\u00e2op\u00e2tt\u00e2h, puh. 040-484 4198, <a href=\"mailto:monika.luthje@ulapland.fi\">monika.luthje@ulapland.fi<\/a>[\/vc_column_text][\/vc_column_inner][\/vc_row_inner][vc_separator sep_color=&#8221;&#8221; uncode_shortcode_id=&#8221;128775&#8243;][vc_row_inner][vc_column_inner column_width_use_pixel=&#8221;yes&#8221; align_horizontal=&#8221;align_center&#8221; gutter_size=&#8221;3&#8243; overlay_alpha=&#8221;50&#8243; shift_x=&#8221;0&#8243; shift_y=&#8221;0&#8243; shift_y_down=&#8221;0&#8243; z_index=&#8221;0&#8243; medium_width=&#8221;0&#8243; mobile_width=&#8221;0&#8243; width=&#8221;1\/1&#8243; uncode_shortcode_id=&#8221;743055&#8243; column_width_pixel=&#8221;900&#8243;][vc_custom_heading heading_semantic=&#8221;h3&#8243; text_size=&#8221;h3&#8243; uncode_shortcode_id=&#8221;102283&#8243;]Hah\u00e2kyeimih[\/vc_custom_heading][vc_gallery el_id=&#8221;gallery-174161&#8243; medias=&#8221;1454,1452,1458&#8243; gutter_size=&#8221;3&#8243; media_items=&#8221;media|nolink|original&#8221; screen_lg=&#8221;0&#8243; screen_md=&#8221;0&#8243; screen_sm=&#8221;0&#8243; single_overlay_opacity=&#8221;50&#8243; single_overlay_anim=&#8221;no&#8221; single_text_anim=&#8221;no&#8221; single_image_anim=&#8221;no&#8221; single_padding=&#8221;2&#8243; single_border=&#8221;yes&#8221; uncode_shortcode_id=&#8221;963821&#8243;][\/vc_column_inner][\/vc_row_inner][\/vc_column][\/vc_row][vc_row row_height_percent=&#8221;0&#8243; override_padding=&#8221;yes&#8221; h_padding=&#8221;0&#8243; top_padding=&#8221;0&#8243; bottom_padding=&#8221;3&#8243; overlay_alpha=&#8221;50&#8243; gutter_size=&#8221;3&#8243; column_width_percent=&#8221;100&#8243; shift_y=&#8221;0&#8243; z_index=&#8221;0&#8243; content_parallax=&#8221;0&#8243; uncode_shortcode_id=&#8221;896848&#8243;][vc_column column_width_percent=&#8221;100&#8243; gutter_size=&#8221;3&#8243; override_padding=&#8221;yes&#8221; column_padding=&#8221;3&#8243; back_color=&#8221;color-xsdn&#8221; overlay_alpha=&#8221;50&#8243; radius=&#8221;std&#8221; shadow=&#8221;std&#8221; shift_x=&#8221;0&#8243; shift_y=&#8221;0&#8243; shift_y_down=&#8221;0&#8243; z_index=&#8221;2&#8243; medium_width=&#8221;0&#8243; mobile_width=&#8221;0&#8243; width=&#8221;1\/1&#8243; uncode_shortcode_id=&#8221;739323&#8243; back_color_type=&#8221;uncode-palette&#8221;][vc_custom_heading sub_lead=&#8221;yes&#8221; sub_reduced=&#8221;yes&#8221; uncode_shortcode_id=&#8221;238141&#8243; subheading=&#8221;Pu\u00e1ris e\u0111\u00e2ld\u00e2h, mii mu\u0161t\u00e2l, ku\u00e1s vu\u00e1ss\u00e1\u00e1h kolg\u00e2\u010d\u010dii pu\u00e1tti\u0111 maailm\u00e2n.&#8221;]\u201dV\u00e1lbur\u00e4\u00e4igi vu\u00e1s\u00e1\u0161 lii cuo\u014b\u014buu alne.\u201d[\/vc_custom_heading][vc_row_inner][vc_column_inner width=&#8221;1\/2&#8243;][vc_single_image media=&#8221;1462&#8243; media_width_percent=&#8221;100&#8243; alignment=&#8221;right&#8221; uncode_shortcode_id=&#8221;155300&#8243;][\/vc_column_inner][vc_column_inner column_width_percent=&#8221;100&#8243; gutter_size=&#8221;2&#8243; overlay_alpha=&#8221;50&#8243; shift_x=&#8221;0&#8243; shift_y=&#8221;0&#8243; shift_y_down=&#8221;0&#8243; z_index=&#8221;0&#8243; medium_width=&#8221;0&#8243; mobile_width=&#8221;0&#8243; width=&#8221;1\/2&#8243; uncode_shortcode_id=&#8221;166174&#8243;][vc_column_text uncode_shortcode_id=&#8221;574968&#8243;]Kooveest pu\u00e1sui lii vu\u00e1ss\u00e1in ohtuu pirr\u00e2sist, kuus tot lii pu\u00e1tt\u00e1m jyehi ive vuossi\u0111.<\/p>\n<p>Maht maailm ton pirr\u00e2 lii-uv muttum ovdebij iivij vuossim ma\u014ba. Maidsun jis vyesi ij pu\u00e1\u0111igin cuo\u014b\u014buu ool\u00e2?<\/p>\n<p>Laapi lu\u00e1ndu lii erom\u00e2\u0161 herkki, j\u00e1 taan tyejeest mun ke\u010d\u010d\u00e2lim pyehti\u0111 oovd\u00e2n, mon jotel\u00e1vt maailm muttoo, kuus elleeh, tego pu\u00e1sui, kalgeh tu\u0161 vu\u00e1h\u00e1dutti\u0111 ton mield. Lu\u00e1ndu herkkivuo\u0111\u00e2 mij ep kenski aaib\u00e2s tuo\u0111\u00e2i ibbeerd j\u00e1 tom, maht toh ucc\u00e2-uv \u00e4\u00e4\u0161ih vaigutteh \u010duuvtij. Pu\u00e1sui liijk\u00e1 i\u00e4l\u00e1 j\u00e1 tu\u00e1im\u00e1 tego lii \u010duo\u0111ij iivij \u00e4\u00e4igi h\u00e1rj\u00e1n\u00e2m, mut\u00e2 maht te ki\u00e4v\u00e1, ko maailm muttoo liijk\u00e1s jotel\u00e1vt ton pirr\u00e2?<\/p>\n<p><strong>&#8211; Ellen Maarit Juuso, grafikk\u00e1r<\/strong>[\/vc_column_text][vc_separator sep_color=&#8221;,Default&#8221;][vc_button button_color=&#8221;accent&#8221; border_width=&#8221;0&#8243; link=&#8221;url:https%3A%2F%2Fellenmaaritjuuso.fi|title:Ellen%20Maarit%20Juuso%2C%20grafikk%C3%A1r|target:_blank|&#8221; button_color_type=&#8221;uncode-palette&#8221; icon=&#8221;fa fa-open&#8221; uncode_shortcode_id=&#8221;165038&#8243;]ellenmaaritjuuso.fi[\/vc_button][\/vc_column_inner][\/vc_row_inner][\/vc_column][\/vc_row][vc_row row_height_percent=&#8221;0&#8243; override_padding=&#8221;yes&#8221; h_padding=&#8221;2&#8243; top_padding=&#8221;3&#8243; bottom_padding=&#8221;3&#8243; overlay_alpha=&#8221;50&#8243; gutter_size=&#8221;3&#8243; column_width_percent=&#8221;100&#8243; shift_y=&#8221;0&#8243; z_index=&#8221;0&#8243; content_parallax=&#8221;0&#8243; uncode_shortcode_id=&#8221;980863&#8243;][vc_column column_width_percent=&#8221;100&#8243; align_horizontal=&#8221;align_center&#8221; gutter_size=&#8221;3&#8243; overlay_alpha=&#8221;50&#8243; shift_x=&#8221;0&#8243; shift_y=&#8221;0&#8243; shift_y_down=&#8221;0&#8243; z_index=&#8221;0&#8243; medium_width=&#8221;0&#8243; mobile_width=&#8221;0&#8243; width=&#8221;1\/1&#8243; uncode_shortcode_id=&#8221;174344&#8243;][uncode_share layout=&#8221;multiple&#8221; bigger=&#8221;yes&#8221; no_back=&#8221;yes&#8221;][\/vc_column][\/vc_row]<\/p>\n<\/div>","protected":false},"excerpt":{"rendered":"<p>20.\u221222.5.2025<\/p>\n","protected":false},"author":8,"featured_media":2042,"parent":0,"menu_order":0,"comment_status":"closed","ping_status":"closed","template":"","meta":{"footnotes":""},"class_list":["post-1688","page","type-page","status-publish","has-post-thumbnail","hentry"],"yoast_head":"<!-- This site is optimized with the Yoast SEO plugin v26.6 - https:\/\/yoast.com\/wordpress\/plugins\/seo\/ -->\n<title>Euroop alg\u00e2aalmugma\u0111h\u00e2\u0161emkonferens\u00e2n EITC 2025 - Saamelaismatkailu<\/title>\n<meta name=\"description\" content=\"World Indigenous Tourism Alliance (WINTA) oovt\u00e2st S\u00e4mitiggijn j\u00e1 Laapi oll\u00e2op\u00e2ttuvv\u00e1in pu\u00e1vdee puoh\u00e2id, ki\u00e4id \u00e4\u00e4\u0161i ki\u00e4sut, Euroop alg\u00e2aalmugma\u0111h\u00e2\u0161emkonferens\u00e2n EITC 2025:n, mii u\u00e1rnejuvvoo 20.\u221222.5.2025 Anarist.\" \/>\n<meta name=\"robots\" content=\"index, follow, max-snippet:-1, max-image-preview:large, max-video-preview:-1\" \/>\n<link rel=\"canonical\" href=\"https:\/\/matkailu.samediggi.fi\/smn\/tiervapuattim-euroop-algaaalmugmadhasemkonferensan-eitc-2025n\/\" \/>\n<meta property=\"og:locale\" content=\"en_US\" \/>\n<meta property=\"og:type\" content=\"article\" \/>\n<meta property=\"og:title\" content=\"Euroop alg\u00e2aalmugma\u0111h\u00e2\u0161emkonferens\u00e2n EITC 2025 - Saamelaismatkailu\" \/>\n<meta property=\"og:description\" content=\"World Indigenous Tourism Alliance (WINTA) oovt\u00e2st S\u00e4mitiggijn j\u00e1 Laapi oll\u00e2op\u00e2ttuvv\u00e1in pu\u00e1vdee puoh\u00e2id, ki\u00e4id \u00e4\u00e4\u0161i ki\u00e4sut, Euroop alg\u00e2aalmugma\u0111h\u00e2\u0161emkonferens\u00e2n EITC 2025:n, mii u\u00e1rnejuvvoo 20.\u221222.5.2025 Anarist.\" \/>\n<meta property=\"og:url\" content=\"https:\/\/matkailu.samediggi.fi\/smn\/tiervapuattim-euroop-algaaalmugmadhasemkonferensan-eitc-2025n\/\" \/>\n<meta property=\"og:site_name\" content=\"Saamelaismatkailu\" \/>\n<meta property=\"article:modified_time\" content=\"2025-05-21T08:55:10+00:00\" \/>\n<meta property=\"og:image\" content=\"https:\/\/matkailu.samediggi.fi\/wp-content\/uploads\/2024\/10\/european-indigenous-tourism-conference-2025.jpg\" \/>\n\t<meta property=\"og:image:width\" content=\"1920\" \/>\n\t<meta property=\"og:image:height\" content=\"1358\" \/>\n\t<meta property=\"og:image:type\" content=\"image\/jpeg\" \/>\n<meta name=\"twitter:card\" content=\"summary_large_image\" \/>\n<meta name=\"twitter:label1\" content=\"Est. reading time\" \/>\n\t<meta name=\"twitter:data1\" content=\"39 minutes\" \/>\n<script type=\"application\/ld+json\" class=\"yoast-schema-graph\">{\"@context\":\"https:\/\/schema.org\",\"@graph\":[{\"@type\":\"WebPage\",\"@id\":\"https:\/\/matkailu.samediggi.fi\/smn\/tiervapuattim-euroop-algaaalmugmadhasemkonferensan-eitc-2025n\/\",\"url\":\"https:\/\/matkailu.samediggi.fi\/smn\/tiervapuattim-euroop-algaaalmugmadhasemkonferensan-eitc-2025n\/\",\"name\":\"Euroop alg\u00e2aalmugma\u0111h\u00e2\u0161emkonferens\u00e2n EITC 2025 - Saamelaismatkailu\",\"isPartOf\":{\"@id\":\"https:\/\/matkailu.samediggi.fi\/smn\/#website\"},\"primaryImageOfPage\":{\"@id\":\"https:\/\/matkailu.samediggi.fi\/smn\/tiervapuattim-euroop-algaaalmugmadhasemkonferensan-eitc-2025n\/#primaryimage\"},\"image\":{\"@id\":\"https:\/\/matkailu.samediggi.fi\/smn\/tiervapuattim-euroop-algaaalmugmadhasemkonferensan-eitc-2025n\/#primaryimage\"},\"thumbnailUrl\":\"https:\/\/matkailu.samediggi.fi\/wp-content\/uploads\/2024\/10\/european-indigenous-tourism-conference-2025.jpg\",\"datePublished\":\"2024-11-05T10:57:59+00:00\",\"dateModified\":\"2025-05-21T08:55:10+00:00\",\"description\":\"World Indigenous Tourism Alliance (WINTA) oovt\u00e2st S\u00e4mitiggijn j\u00e1 Laapi oll\u00e2op\u00e2ttuvv\u00e1in pu\u00e1vdee puoh\u00e2id, ki\u00e4id \u00e4\u00e4\u0161i ki\u00e4sut, Euroop alg\u00e2aalmugma\u0111h\u00e2\u0161emkonferens\u00e2n EITC 2025:n, mii u\u00e1rnejuvvoo 20.\u221222.5.2025 Anarist.\",\"breadcrumb\":{\"@id\":\"https:\/\/matkailu.samediggi.fi\/smn\/tiervapuattim-euroop-algaaalmugmadhasemkonferensan-eitc-2025n\/#breadcrumb\"},\"inLanguage\":\"smn-FI\",\"potentialAction\":[{\"@type\":\"ReadAction\",\"target\":[\"https:\/\/matkailu.samediggi.fi\/smn\/tiervapuattim-euroop-algaaalmugmadhasemkonferensan-eitc-2025n\/\"]}]},{\"@type\":\"ImageObject\",\"inLanguage\":\"smn-FI\",\"@id\":\"https:\/\/matkailu.samediggi.fi\/smn\/tiervapuattim-euroop-algaaalmugmadhasemkonferensan-eitc-2025n\/#primaryimage\",\"url\":\"https:\/\/matkailu.samediggi.fi\/wp-content\/uploads\/2024\/10\/european-indigenous-tourism-conference-2025.jpg\",\"contentUrl\":\"https:\/\/matkailu.samediggi.fi\/wp-content\/uploads\/2024\/10\/european-indigenous-tourism-conference-2025.jpg\",\"width\":1920,\"height\":1358,\"caption\":\"European Indigenous Tourism Conference 2025 at Inari, Finland\"},{\"@type\":\"BreadcrumbList\",\"@id\":\"https:\/\/matkailu.samediggi.fi\/smn\/tiervapuattim-euroop-algaaalmugmadhasemkonferensan-eitc-2025n\/#breadcrumb\",\"itemListElement\":[{\"@type\":\"ListItem\",\"position\":1,\"name\":\"Home\",\"item\":\"https:\/\/matkailu.samediggi.fi\/smn\/\"},{\"@type\":\"ListItem\",\"position\":2,\"name\":\"Tierv\u00e2pu\u00e1ttim Euroop alg\u00e2aalmugma\u0111h\u00e2\u0161emkonferens\u00e2n EITC 2025:n!\"}]},{\"@type\":\"WebSite\",\"@id\":\"https:\/\/matkailu.samediggi.fi\/smn\/#website\",\"url\":\"https:\/\/matkailu.samediggi.fi\/smn\/\",\"name\":\"Saamelaismatkailu\",\"description\":\"\",\"publisher\":{\"@id\":\"https:\/\/matkailu.samediggi.fi\/smn\/#organization\"},\"potentialAction\":[{\"@type\":\"SearchAction\",\"target\":{\"@type\":\"EntryPoint\",\"urlTemplate\":\"https:\/\/matkailu.samediggi.fi\/smn\/?s={search_term_string}\"},\"query-input\":{\"@type\":\"PropertyValueSpecification\",\"valueRequired\":true,\"valueName\":\"search_term_string\"}}],\"inLanguage\":\"smn-FI\"},{\"@type\":\"Organization\",\"@id\":\"https:\/\/matkailu.samediggi.fi\/smn\/#organization\",\"name\":\"Saamelaisk\u00e4r\u00e4j\u00e4t\",\"url\":\"https:\/\/matkailu.samediggi.fi\/smn\/\",\"logo\":{\"@type\":\"ImageObject\",\"inLanguage\":\"smn-FI\",\"@id\":\"https:\/\/matkailu.samediggi.fi\/smn\/#\/schema\/logo\/image\/\",\"url\":\"https:\/\/matkailu.samediggi.fi\/wp-content\/uploads\/2022\/02\/Samediggilogo_TxtAktiv-1.png\",\"contentUrl\":\"https:\/\/matkailu.samediggi.fi\/wp-content\/uploads\/2022\/02\/Samediggilogo_TxtAktiv-1.png\",\"width\":2490,\"height\":1044,\"caption\":\"Saamelaisk\u00e4r\u00e4j\u00e4t\"},\"image\":{\"@id\":\"https:\/\/matkailu.samediggi.fi\/smn\/#\/schema\/logo\/image\/\"}}]}<\/script>\n<!-- \/ Yoast SEO plugin. -->","yoast_head_json":{"title":"Euroop alg\u00e2aalmugma\u0111h\u00e2\u0161emkonferens\u00e2n EITC 2025 - Saamelaismatkailu","description":"World Indigenous Tourism Alliance (WINTA) oovt\u00e2st S\u00e4mitiggijn j\u00e1 Laapi oll\u00e2op\u00e2ttuvv\u00e1in pu\u00e1vdee puoh\u00e2id, ki\u00e4id \u00e4\u00e4\u0161i ki\u00e4sut, Euroop alg\u00e2aalmugma\u0111h\u00e2\u0161emkonferens\u00e2n EITC 2025:n, mii u\u00e1rnejuvvoo 20.\u221222.5.2025 Anarist.","robots":{"index":"index","follow":"follow","max-snippet":"max-snippet:-1","max-image-preview":"max-image-preview:large","max-video-preview":"max-video-preview:-1"},"canonical":"https:\/\/matkailu.samediggi.fi\/smn\/tiervapuattim-euroop-algaaalmugmadhasemkonferensan-eitc-2025n\/","og_locale":"en_US","og_type":"article","og_title":"Euroop alg\u00e2aalmugma\u0111h\u00e2\u0161emkonferens\u00e2n EITC 2025 - Saamelaismatkailu","og_description":"World Indigenous Tourism Alliance (WINTA) oovt\u00e2st S\u00e4mitiggijn j\u00e1 Laapi oll\u00e2op\u00e2ttuvv\u00e1in pu\u00e1vdee puoh\u00e2id, ki\u00e4id \u00e4\u00e4\u0161i ki\u00e4sut, Euroop alg\u00e2aalmugma\u0111h\u00e2\u0161emkonferens\u00e2n EITC 2025:n, mii u\u00e1rnejuvvoo 20.\u221222.5.2025 Anarist.","og_url":"https:\/\/matkailu.samediggi.fi\/smn\/tiervapuattim-euroop-algaaalmugmadhasemkonferensan-eitc-2025n\/","og_site_name":"Saamelaismatkailu","article_modified_time":"2025-05-21T08:55:10+00:00","og_image":[{"width":1920,"height":1358,"url":"https:\/\/matkailu.samediggi.fi\/wp-content\/uploads\/2024\/10\/european-indigenous-tourism-conference-2025.jpg","type":"image\/jpeg"}],"twitter_card":"summary_large_image","twitter_misc":{"Est. reading time":"39 minutes"},"schema":{"@context":"https:\/\/schema.org","@graph":[{"@type":"WebPage","@id":"https:\/\/matkailu.samediggi.fi\/smn\/tiervapuattim-euroop-algaaalmugmadhasemkonferensan-eitc-2025n\/","url":"https:\/\/matkailu.samediggi.fi\/smn\/tiervapuattim-euroop-algaaalmugmadhasemkonferensan-eitc-2025n\/","name":"Euroop alg\u00e2aalmugma\u0111h\u00e2\u0161emkonferens\u00e2n EITC 2025 - Saamelaismatkailu","isPartOf":{"@id":"https:\/\/matkailu.samediggi.fi\/smn\/#website"},"primaryImageOfPage":{"@id":"https:\/\/matkailu.samediggi.fi\/smn\/tiervapuattim-euroop-algaaalmugmadhasemkonferensan-eitc-2025n\/#primaryimage"},"image":{"@id":"https:\/\/matkailu.samediggi.fi\/smn\/tiervapuattim-euroop-algaaalmugmadhasemkonferensan-eitc-2025n\/#primaryimage"},"thumbnailUrl":"https:\/\/matkailu.samediggi.fi\/wp-content\/uploads\/2024\/10\/european-indigenous-tourism-conference-2025.jpg","datePublished":"2024-11-05T10:57:59+00:00","dateModified":"2025-05-21T08:55:10+00:00","description":"World Indigenous Tourism Alliance (WINTA) oovt\u00e2st S\u00e4mitiggijn j\u00e1 Laapi oll\u00e2op\u00e2ttuvv\u00e1in pu\u00e1vdee puoh\u00e2id, ki\u00e4id \u00e4\u00e4\u0161i ki\u00e4sut, Euroop alg\u00e2aalmugma\u0111h\u00e2\u0161emkonferens\u00e2n EITC 2025:n, mii u\u00e1rnejuvvoo 20.\u221222.5.2025 Anarist.","breadcrumb":{"@id":"https:\/\/matkailu.samediggi.fi\/smn\/tiervapuattim-euroop-algaaalmugmadhasemkonferensan-eitc-2025n\/#breadcrumb"},"inLanguage":"smn-FI","potentialAction":[{"@type":"ReadAction","target":["https:\/\/matkailu.samediggi.fi\/smn\/tiervapuattim-euroop-algaaalmugmadhasemkonferensan-eitc-2025n\/"]}]},{"@type":"ImageObject","inLanguage":"smn-FI","@id":"https:\/\/matkailu.samediggi.fi\/smn\/tiervapuattim-euroop-algaaalmugmadhasemkonferensan-eitc-2025n\/#primaryimage","url":"https:\/\/matkailu.samediggi.fi\/wp-content\/uploads\/2024\/10\/european-indigenous-tourism-conference-2025.jpg","contentUrl":"https:\/\/matkailu.samediggi.fi\/wp-content\/uploads\/2024\/10\/european-indigenous-tourism-conference-2025.jpg","width":1920,"height":1358,"caption":"European Indigenous Tourism Conference 2025 at Inari, Finland"},{"@type":"BreadcrumbList","@id":"https:\/\/matkailu.samediggi.fi\/smn\/tiervapuattim-euroop-algaaalmugmadhasemkonferensan-eitc-2025n\/#breadcrumb","itemListElement":[{"@type":"ListItem","position":1,"name":"Home","item":"https:\/\/matkailu.samediggi.fi\/smn\/"},{"@type":"ListItem","position":2,"name":"Tierv\u00e2pu\u00e1ttim Euroop alg\u00e2aalmugma\u0111h\u00e2\u0161emkonferens\u00e2n EITC 2025:n!"}]},{"@type":"WebSite","@id":"https:\/\/matkailu.samediggi.fi\/smn\/#website","url":"https:\/\/matkailu.samediggi.fi\/smn\/","name":"Saamelaismatkailu","description":"","publisher":{"@id":"https:\/\/matkailu.samediggi.fi\/smn\/#organization"},"potentialAction":[{"@type":"SearchAction","target":{"@type":"EntryPoint","urlTemplate":"https:\/\/matkailu.samediggi.fi\/smn\/?s={search_term_string}"},"query-input":{"@type":"PropertyValueSpecification","valueRequired":true,"valueName":"search_term_string"}}],"inLanguage":"smn-FI"},{"@type":"Organization","@id":"https:\/\/matkailu.samediggi.fi\/smn\/#organization","name":"Saamelaisk\u00e4r\u00e4j\u00e4t","url":"https:\/\/matkailu.samediggi.fi\/smn\/","logo":{"@type":"ImageObject","inLanguage":"smn-FI","@id":"https:\/\/matkailu.samediggi.fi\/smn\/#\/schema\/logo\/image\/","url":"https:\/\/matkailu.samediggi.fi\/wp-content\/uploads\/2022\/02\/Samediggilogo_TxtAktiv-1.png","contentUrl":"https:\/\/matkailu.samediggi.fi\/wp-content\/uploads\/2022\/02\/Samediggilogo_TxtAktiv-1.png","width":2490,"height":1044,"caption":"Saamelaisk\u00e4r\u00e4j\u00e4t"},"image":{"@id":"https:\/\/matkailu.samediggi.fi\/smn\/#\/schema\/logo\/image\/"}}]}},"_links":{"self":[{"href":"https:\/\/matkailu.samediggi.fi\/smn\/wp-json\/wp\/v2\/pages\/1688","targetHints":{"allow":["GET"]}}],"collection":[{"href":"https:\/\/matkailu.samediggi.fi\/smn\/wp-json\/wp\/v2\/pages"}],"about":[{"href":"https:\/\/matkailu.samediggi.fi\/smn\/wp-json\/wp\/v2\/types\/page"}],"author":[{"embeddable":true,"href":"https:\/\/matkailu.samediggi.fi\/smn\/wp-json\/wp\/v2\/users\/8"}],"replies":[{"embeddable":true,"href":"https:\/\/matkailu.samediggi.fi\/smn\/wp-json\/wp\/v2\/comments?post=1688"}],"version-history":[{"count":59,"href":"https:\/\/matkailu.samediggi.fi\/smn\/wp-json\/wp\/v2\/pages\/1688\/revisions"}],"predecessor-version":[{"id":3773,"href":"https:\/\/matkailu.samediggi.fi\/smn\/wp-json\/wp\/v2\/pages\/1688\/revisions\/3773"}],"wp:featuredmedia":[{"embeddable":true,"href":"https:\/\/matkailu.samediggi.fi\/smn\/wp-json\/wp\/v2\/media\/2042"}],"wp:attachment":[{"href":"https:\/\/matkailu.samediggi.fi\/smn\/wp-json\/wp\/v2\/media?parent=1688"}],"curies":[{"name":"wp","href":"https:\/\/api.w.org\/{rel}","templated":true}]}}