{"id":2684,"date":"2025-03-25T12:05:42","date_gmt":"2025-03-25T10:05:42","guid":{"rendered":"https:\/\/matkailu.samediggi.fi\/?post_type=sanasto&#038;p=2684"},"modified":"2026-01-05T13:48:02","modified_gmt":"2026-01-05T11:48:02","slug":"vasttolasvuohta-vastuullisuus","status":"publish","type":"sanasto","link":"https:\/\/matkailu.samediggi.fi\/se\/sanasto\/vasttolasvuohta-vastuullisuus\/","title":{"rendered":"V\u00e1sttola\u0161vuohta"},"content":{"rendered":"<div class=\"wpb-content-wrapper\"><p>[vc_row row_height_percent=&#8221;0&#8243; overlay_alpha=&#8221;50&#8243; gutter_size=&#8221;3&#8243; column_width_percent=&#8221;100&#8243; shift_y=&#8221;0&#8243; z_index=&#8221;0&#8243; bottom_divider=&#8221;pyramids&#8221; uncode_shortcode_id=&#8221;494265&#8243;][vc_column column_width_percent=&#8221;100&#8243; gutter_size=&#8221;3&#8243; overlay_alpha=&#8221;50&#8243; shift_x=&#8221;0&#8243; shift_y=&#8221;0&#8243; shift_y_down=&#8221;0&#8243; z_index=&#8221;0&#8243; medium_width=&#8221;0&#8243; mobile_visibility=&#8221;yes&#8221; mobile_width=&#8221;0&#8243; width=&#8221;1\/4&#8243; uncode_shortcode_id=&#8221;184376&#8243;][\/vc_column][vc_column width=&#8221;1\/2&#8243;][vc_custom_heading auto_text=&#8221;yes&#8221; desktop_visibility=&#8221;yes&#8221; medium_visibility=&#8221;yes&#8221; uncode_shortcode_id=&#8221;193470&#8243;]Page Title[\/vc_custom_heading][vc_column_text uncode_shortcode_id=&#8221;184578&#8243;]V\u00e1sttola\u0161 ja ehtala\u010d\u010dat suvdilis m\u00e1tkeeal\u00e1hus gudnejahtt\u00e1 ja atn\u00e1 \u00e1rvvus s\u00e1mekultuvrra vuo\u0111\u0111omihtilmasvuo\u0111aid, ovddida s\u00e1miid ja s\u00e1miid ruovttuguovllu buresveadjima ja dahk\u00e1 vejola\u017e\u017ean s\u00e1mekultuvrra seailuma ja ovd\u00e1neami.<\/p>\n<p>S\u00e1mem\u00e1tkeeal\u00e1husas v\u00e1sttola\u0161vuohta lea konkrehtala\u0161 v\u00e1stu dan s\u00e1meservo\u0161ii, masa m\u00e1tkeeal\u00e1husa v\u00e1ikkuhusat \u010duhcet dahje s\u00e1httet \u010duohcat. S\u00e1mem\u00e1tkeeal\u00e1husa \u010diehkagea\u0111gin lea s\u00e1mekultuvrra buvttan h\u00e1bmema ja ovdanbuktima vuo\u0111\u0111uduvvan nana oktavuhtii ja v\u00e1stui dan \u00e1\u0161\u0161\u00e1igulleva\u0161 s\u00e1meservo\u0161a ja daid s\u00e1mesogaid, siiddaid dahje boazosiiddaid ektui, maid kultuvra, \u00e1rbevirola\u010d\u010dat \u00e1sahan guovllut dahje n\u00e1vdda\u0161anguovllut m\u00e1tkeeal\u00e1husbuktagis geavahuvvojit dahje ovdanbuktojit. V\u00e1sttola\u0161, buresveadji ja eallinf\u00e1mola\u0161 m\u00e1tkeeal\u00e1hus g\u00e1ibida ie\u017eas vuo\u0111\u0111un buresveadji ja eallinf\u00e1mola\u0161 kultuvrra ja kulturduovdaga.<\/p>\n<p>D\u00e1n oktavuo\u0111as v\u00e1sttola\u0161vuohta oaivvilda di\u0111ola\u0161 ja ehtala\u010d\u010dat suvdilis m\u00e1tkeeal\u00e1husdoaimma, mas figgojit dahkat suvdilis ja vuoiggala\u0161 \u010dovdosat, v\u00e1ldit vuhtii daguid ja mearr\u00e1dusaid v\u00e1ikkuhusaid olbmuide, birrasii ja servodahkii ja maid guoddit v\u00e1sttu \u010duovvumu\u0161ain. Fitnodagaide dat mearkka\u0161a fuolaheami b\u00e1ikk\u00e1la\u0161servo\u0161is, birrasis, bargiin, \u010danusjoavkkuin ja ehtala\u010d\u010dat suvdilis fitnodatdoaimmas. Ovttaskas olbmuide dat lea ie\u0161r\u00e1\u0111\u00e1la\u0161 v\u00e1sttu ie\u017eas daguid v\u00e1ikkuhusain ear\u00e1ide ja birrasii. V\u00e1sttola\u0161vuohta lea maidd\u00e1i positiivvala\u0161 v\u00e1ikkuhusaid nannen.<\/p>\n<p>V\u00e1sttola\u0161 s\u00e1mem\u00e1tkeeal\u00e1hus lea m\u00e1tkeeal\u00e1hus, man s\u00e1mesearvvu\u0161 lea dohkkehan ja dat vuo\u0111\u0111uduvv\u00e1 dan mearr\u00e1dusv\u00e1ld\u00e1i. Dat gudnejahtt\u00e1 s\u00e1mekultuvrra ja -\u00e1rbbi, doarju servo\u0161a buresveadjima ja dorvvasta luonddu m\u00e1\u014bggah\u00e1matvuo\u0111a.<\/p>\n<p>V\u00e1sttola\u0161vuohta d\u00e1n oktavuo\u0111as oaivvilda:<\/p>\n<ul>\n<li>kultuvrrala\u0161 suvdilvuo\u0111a:<\/li>\n<\/ul>\n<p>m\u00e1tkeeal\u00e1hus ii oa\u010d\u010do botnjat boasttul\u00e1ganin s\u00e1mekultuvrra dahje -die\u0111u, muhto dat galg\u00e1 vuo\u0111\u0111uduvvat gv. kultuvrra h\u00e1ldda\u0161eaddjiid ie\u017eas jitnii ja dihtui; s\u00e1mekultuvrra v\u00e1sttola\u0161 m\u00e1tkeeal\u00e1husla\u0161 \u00e1vkk\u00e1stallan ja g\u00e1vpp\u00e1la\u017e\u017ean dahkan gull\u00e1 s\u00e1miid kulturie\u0161r\u00e1\u0111\u0111emii.<\/p>\n<ul>\n<li>sosi\u00e1lala\u0161 suvdilvuohta:<\/li>\n<\/ul>\n<p>m\u00e1tkeeal\u00e1hus lea h\u00e1ldda\u0161uvvon ja dat doarju ee. b\u00e1ikk\u00e1la\u0161servo\u0161a buresveadjima ja oass\u00e1lastinm\u00e1\u0167ola\u0161vuo\u0111a ja maid nanne nuoraid vejola\u0161vuo\u0111aid joatkit \u00e1rbevirola\u0161 eal\u00e1husaid.<\/p>\n<ul>\n<li>ekologala\u0161 suvdilvuohta:<\/li>\n<\/ul>\n<p>doaibma pl\u00e1nejuvvo nu, ahte dat ii hedjonahte omd. guohtunguovlluid, \u010d\u00e1z\u00e1dagaid ja ekosystemaid suvdilvuo\u0111a ja guoddinn\u00e1vcca,<\/p>\n<ul>\n<li>ekonomala\u0161 suvdilvuohta:<\/li>\n<\/ul>\n<p>m\u00e1tkeeal\u00e1husa \u00e1vkkit mannet b\u00e1ikk\u00e1la\u0161servo\u0161ii, ovdamearkan bargovejola\u0161vuo\u0111aid bokte ja go lagasborramu\u0161 h\u00e1hkkojuvvo b\u00e1ikk\u00e1la\u0161 doibmiin, gu\u0111et doibmet v\u00e1sttola\u010d\u010dat ja ehtala\u010d\u010dat suvdilit.<\/p>\n<p>V\u00e1sttola\u0161vuohta lea olles s\u00e1mem\u00e1tkeeal\u00e1husa sertifik\u00e1hta oppala\u0161 prinsihppa.[\/vc_column_text][vc_row_inner][vc_column_inner column_width_percent=&#8221;100&#8243; gutter_size=&#8221;3&#8243; back_color=&#8221;color-xsdn&#8221; overlay_alpha=&#8221;50&#8243; radius=&#8221;std&#8221; shadow=&#8221;xs&#8221; shift_x=&#8221;0&#8243; shift_y=&#8221;0&#8243; shift_y_down=&#8221;0&#8243; z_index=&#8221;0&#8243; medium_width=&#8221;0&#8243; mobile_width=&#8221;0&#8243; width=&#8221;1\/1&#8243; uncode_shortcode_id=&#8221;113858&#8243; back_color_type=&#8221;uncode-palette&#8221;][vc_column_text uncode_shortcode_id=&#8221;654515&#8243;]<\/p>\n<h3>Geah\u010da maidd\u00e1i<\/h3>\n<p><a href=\"https:\/\/matkailu.samediggi.fi\/se\/sanasto\/samematkeealahusa-etihkalas-ravvagat-saamelaismatkailun-eettinen-ohje\/\">s\u00e1mem\u00e1tkeeal\u00e1husa etihkala\u0161 r\u00e1vvagat<\/a>, <a href=\"https:\/\/matkailu.samediggi.fi\/se\/sanasto\/eamialbmotturisma-alkuperaiskansamatkailu\/\">eami\u00e1lbmotturisma<\/a>, <a href=\"https:\/\/matkailu.samediggi.fi\/se\/sanasto\/arktalas-biras-arktinen-ymparisto\/\">\u00e1rktala\u0161 biras<\/a>, <a href=\"https:\/\/matkailu.samediggi.fi\/se\/sanasto\/govven-valokuvaus\/\">govven<\/a>, <a href=\"https:\/\/matkailu.samediggi.fi\/se\/sanasto\/kulturdorvvolasvuohta-kulttuuriturvallisuus\/\">kulturdorvvola\u0161vuohta<\/a>, <a href=\"https:\/\/matkailu.samediggi.fi\/se\/sanasto\/ruoktoraffi-kotirauha\/\">ruoktor\u00e1ffi<\/a>, <a href=\"https:\/\/matkailu.samediggi.fi\/se\/sanasto\/ealli-kulturduovdda-elava-kulttuurimaisema\/\">ealli kulturduovdda<\/a>, <a href=\"https:\/\/matkailu.samediggi.fi\/se\/sanasto\/etihkalas-suvdilvuohta-eettinen-kestavyys\/\">etihkala\u0161 suvdilvuohta<\/a>, <a href=\"https:\/\/matkailu.samediggi.fi\/se\/sanasto\/vasttolas-sami-turisma-vastuullinen-saamelaismatkailu\/\">v\u00e1sttola\u0161 s\u00e1mi turisma<\/a>, <a href=\"https:\/\/matkailu.samediggi.fi\/se\/sanasto\/eakti-diedu-juohkin-oikean-tiedon-valittaminen\/\">eakti die\u0111u juohkin<\/a>, <a href=\"https:\/\/matkailu.samediggi.fi\/se\/sanasto\/arbevirolas-ealahusat-perinteiset-elinkeinot\/\">\u00e1rbevirola\u0161 eal\u00e1husat<\/a>, <a href=\"https:\/\/matkailu.samediggi.fi\/se\/sanasto\/ruovttudarbu-kotitarve\/\">ruovttud\u00e1rbu<\/a>, <a href=\"https:\/\/matkailu.samediggi.fi\/se\/sanasto\/searvvus-yhteiso\/\">searvvu\u0161<\/a>, <a href=\"https:\/\/matkailu.samediggi.fi\/se\/sanasto\/servosa-miehtan-yhteison-hyvaksynta\/\">servo\u0161a miehtan<\/a>, <a href=\"https:\/\/matkailu.samediggi.fi\/se\/sanasto\/sosialalas-doaibmalohpi-sosiaalinen-toimilupa\/\">sosi\u00e1lala\u0161 doaibmalohpi<\/a>, <a href=\"https:\/\/matkailu.samediggi.fi\/se\/sanasto\/kultuvrralas-doaibmalohpi-kulttuurinen-toimilupa\/\">kultuvrrala\u0161 doaibmalohpi<\/a>, <a href=\"https:\/\/matkailu.samediggi.fi\/se\/sanasto\/samekultuvra-saamelaiskulttuuri\/\">s\u00e1mekultuvra<\/a>, <a href=\"https:\/\/matkailu.samediggi.fi\/se\/sanasto\/vuhtiivaldin-huomioiminen\/\">vuhtiiv\u00e1ldin<\/a>, <a href=\"https:\/\/matkailu.samediggi.fi\/se\/sanasto\/heterogenalasvuohta-heterogeenisyys\/\">heterogenala\u0161vuohta<\/a>, <a href=\"https:\/\/matkailu.samediggi.fi\/se\/sanasto\/boazu-poro\/\">boazu<\/a>, <a href=\"https:\/\/matkailu.samediggi.fi\/se\/sanasto\/bohccuid-balddahallan-porojen-pelottelu\/\">bohccuid baldd\u00e1hallan<\/a>, <a href=\"https:\/\/matkailu.samediggi.fi\/se\/sanasto\/luovosbeatnagat-irrallaan-olevat-koirat\/\">luovosbeatnagat<\/a>, <a href=\"https:\/\/matkailu.samediggi.fi\/se\/sanasto\/guodohanraffi-laidunrauha\/\">guo\u0111ohanr\u00e1ffi<\/a>, <a href=\"https:\/\/matkailu.samediggi.fi\/se\/sanasto\/eaktivuohta-aitous\/\">eaktivuohta<\/a>, <a href=\"https:\/\/matkailu.samediggi.fi\/se\/sanasto\/kultuvrralas-identitehtasuoladeapmi-kulttuurinen-identiteettivarkaus\/\">kultuvrrala\u0161 identitehtasuol\u00e1deapmi<\/a>, <a href=\"https:\/\/matkailu.samediggi.fi\/se\/sanasto\/kultuvrralas-oamasteapmi-kulttuurinen-omiminen\/\">kultuvrrala\u0161 oamasteapmi<\/a>, <a href=\"https:\/\/matkailu.samediggi.fi\/se\/sanasto\/hutkojuvvon-arbevierut-keksityt-perinteet\/\">hutkojuvvon \u00e1rbevierut<\/a>, <a href=\"https:\/\/matkailu.samediggi.fi\/se\/sanasto\/luoikkahuvvon-arbevierut-lainatut-perinteet\/\">luoikkahuvvon \u00e1rbevierut<\/a>, <a href=\"https:\/\/matkailu.samediggi.fi\/se\/sanasto\/stereotypiija-stereotypia\/\">stereotypiija<\/a>, <a href=\"https:\/\/matkailu.samediggi.fi\/se\/sanasto\/primitiivvalazzan-botnjan-primitivisointi\/\">primitiivvala\u017e\u017ean botnjan<\/a>, <a href=\"https:\/\/matkailu.samediggi.fi\/se\/sanasto\/eksotiseren-eksotisointi\/\">eksotiseren<\/a>, <a href=\"https:\/\/matkailu.samediggi.fi\/se\/sanasto\/zotifikasuvdna-zooifikaatio\/\">zotifika\u0161uvdna<\/a>, <a href=\"https:\/\/matkailu.samediggi.fi\/se\/sanasto\/objeaktan-dahkan-esineellistaminen\/\">objeaktan dahkan<\/a>, <a href=\"https:\/\/matkailu.samediggi.fi\/se\/sanasto\/rekvisihtta-rekvisiitta\/\">rekvisihtta<\/a><\/p>\n<p>Li\u014bka s\u00e1mem\u00e1tkeeal\u00e1husa ehtala\u0161 r\u00e1vvagiidda <a href=\"https:\/\/matkailu.samediggi.fi\/wp-content\/uploads\/2025\/05\/Vasttolas-ja-etihkalaccat-suvdilis-sameturismma-doaibmanprinsihpat.pdf\" target=\"_blank\" rel=\"noopener\">V\u00e1sttola\u0161 ja etihkala\u010d\u010dat suvdilis s\u00e1mi turismmaeal\u00e1husa doaibmanprinsihpat <\/a><\/p>\n<p>Li\u014bka v\u00e1sttola\u0161 m\u00e1tkk\u00e1la\u010d\u010da galledeaddjiid r\u00e1vvagiidda: <a href=\"https:\/\/matkailu.samediggi.fi\/se\/kavijaohjeistus\/\" target=\"_blank\" rel=\"noopener\">S\u00e1mem\u00e1tkeeal\u00e1husa die\u0111ut ja d\u00e1iddut \u2013 v\u00e1sttola\u0161 m\u00e1tkeeal\u00e1hus s\u00e1miid ruovttuguovllus<\/a><\/p>\n<p>Li\u014bka ehtala\u0161 suvdilvuo\u0111a anima\u0161uvdnii: <a href=\"https:\/\/matkailu.samediggi.fi\/se\/kokonaisvaltainen-kestavyys\/\" target=\"_blank\" rel=\"noopener\">Oppala\u0161 suvdilvuohta<\/a>[\/vc_column_text][\/vc_column_inner][\/vc_row_inner][\/vc_column][vc_column width=&#8221;1\/4&#8243;][\/vc_column][\/vc_row]<\/p>\n<\/div>","protected":false},"excerpt":{"rendered":"<p>[vc_row row_height_percent=&#8221;0&#8243; overlay_alpha=&#8221;50&#8243; gutter_size=&#8221;3&#8243; column_width_percent=&#8221;100&#8243; shift_y=&#8221;0&#8243; z_index=&#8221;0&#8243; bottom_divider=&#8221;pyramids&#8221; uncode_shortcode_id=&#8221;494265&#8243;][vc_column column_width_percent=&#8221;100&#8243; gutter_size=&#8221;3&#8243; overlay_alpha=&#8221;50&#8243; shift_x=&#8221;0&#8243; shift_y=&#8221;0&#8243; shift_y_down=&#8221;0&#8243; z_index=&#8221;0&#8243; medium_width=&#8221;0&#8243; mobile_visibility=&#8221;yes&#8221; mobile_width=&#8221;0&#8243; width=&#8221;1\/4&#8243; [&hellip;]<\/p>\n","protected":false},"featured_media":0,"template":"","meta":[],"categories":[179],"class_list":["post-2684","sanasto","type-sanasto","status-publish","hentry","category-v-se"],"yoast_head":"<!-- This site is optimized with the Yoast SEO plugin v26.6 - https:\/\/yoast.com\/wordpress\/plugins\/seo\/ -->\n<title>V\u00e1sttola\u0161vuohta - Saamelaismatkailu<\/title>\n<meta name=\"robots\" content=\"index, follow, max-snippet:-1, max-image-preview:large, max-video-preview:-1\" \/>\n<link rel=\"canonical\" href=\"https:\/\/matkailu.samediggi.fi\/se\/sanasto\/vasttolasvuohta-vastuullisuus\/\" \/>\n<meta property=\"og:locale\" content=\"se_NO\" \/>\n<meta property=\"og:type\" content=\"article\" \/>\n<meta property=\"og:title\" content=\"V\u00e1sttola\u0161vuohta - Saamelaismatkailu\" \/>\n<meta property=\"og:description\" content=\"[vc_row row_height_percent=&#8221;0&#8243; overlay_alpha=&#8221;50&#8243; gutter_size=&#8221;3&#8243; column_width_percent=&#8221;100&#8243; shift_y=&#8221;0&#8243; z_index=&#8221;0&#8243; bottom_divider=&#8221;pyramids&#8221; uncode_shortcode_id=&#8221;494265&#8243;][vc_column column_width_percent=&#8221;100&#8243; gutter_size=&#8221;3&#8243; overlay_alpha=&#8221;50&#8243; shift_x=&#8221;0&#8243; shift_y=&#8221;0&#8243; shift_y_down=&#8221;0&#8243; z_index=&#8221;0&#8243; medium_width=&#8221;0&#8243; mobile_visibility=&#8221;yes&#8221; mobile_width=&#8221;0&#8243; width=&#8221;1\/4&#8243; [&hellip;]\" \/>\n<meta property=\"og:url\" content=\"https:\/\/matkailu.samediggi.fi\/se\/sanasto\/vasttolasvuohta-vastuullisuus\/\" \/>\n<meta property=\"og:site_name\" content=\"Saamelaismatkailu\" \/>\n<meta property=\"article:modified_time\" content=\"2026-01-05T11:48:02+00:00\" \/>\n<meta name=\"twitter:card\" content=\"summary_large_image\" \/>\n<meta name=\"twitter:label1\" content=\"Est. reading time\" \/>\n\t<meta name=\"twitter:data1\" content=\"1 minute\" \/>\n<script type=\"application\/ld+json\" class=\"yoast-schema-graph\">{\"@context\":\"https:\/\/schema.org\",\"@graph\":[{\"@type\":\"WebPage\",\"@id\":\"https:\/\/matkailu.samediggi.fi\/se\/sanasto\/vasttolasvuohta-vastuullisuus\/\",\"url\":\"https:\/\/matkailu.samediggi.fi\/se\/sanasto\/vasttolasvuohta-vastuullisuus\/\",\"name\":\"V\u00e1sttola\u0161vuohta - Saamelaismatkailu\",\"isPartOf\":{\"@id\":\"https:\/\/matkailu.samediggi.fi\/se\/#website\"},\"datePublished\":\"2025-03-25T10:05:42+00:00\",\"dateModified\":\"2026-01-05T11:48:02+00:00\",\"breadcrumb\":{\"@id\":\"https:\/\/matkailu.samediggi.fi\/se\/sanasto\/vasttolasvuohta-vastuullisuus\/#breadcrumb\"},\"inLanguage\":\"se-NO\",\"potentialAction\":[{\"@type\":\"ReadAction\",\"target\":[\"https:\/\/matkailu.samediggi.fi\/se\/sanasto\/vasttolasvuohta-vastuullisuus\/\"]}]},{\"@type\":\"BreadcrumbList\",\"@id\":\"https:\/\/matkailu.samediggi.fi\/se\/sanasto\/vasttolasvuohta-vastuullisuus\/#breadcrumb\",\"itemListElement\":[{\"@type\":\"ListItem\",\"position\":1,\"name\":\"Home\",\"item\":\"https:\/\/matkailu.samediggi.fi\/se\/\"},{\"@type\":\"ListItem\",\"position\":2,\"name\":\"V\u00e1sttola\u0161vuohta\"}]},{\"@type\":\"WebSite\",\"@id\":\"https:\/\/matkailu.samediggi.fi\/se\/#website\",\"url\":\"https:\/\/matkailu.samediggi.fi\/se\/\",\"name\":\"Saamelaismatkailu\",\"description\":\"\",\"publisher\":{\"@id\":\"https:\/\/matkailu.samediggi.fi\/se\/#organization\"},\"potentialAction\":[{\"@type\":\"SearchAction\",\"target\":{\"@type\":\"EntryPoint\",\"urlTemplate\":\"https:\/\/matkailu.samediggi.fi\/se\/?s={search_term_string}\"},\"query-input\":{\"@type\":\"PropertyValueSpecification\",\"valueRequired\":true,\"valueName\":\"search_term_string\"}}],\"inLanguage\":\"se-NO\"},{\"@type\":\"Organization\",\"@id\":\"https:\/\/matkailu.samediggi.fi\/se\/#organization\",\"name\":\"Saamelaisk\u00e4r\u00e4j\u00e4t\",\"url\":\"https:\/\/matkailu.samediggi.fi\/se\/\",\"logo\":{\"@type\":\"ImageObject\",\"inLanguage\":\"se-NO\",\"@id\":\"https:\/\/matkailu.samediggi.fi\/se\/#\/schema\/logo\/image\/\",\"url\":\"https:\/\/matkailu.samediggi.fi\/wp-content\/uploads\/2022\/02\/Samediggilogo_TxtAktiv-1.png\",\"contentUrl\":\"https:\/\/matkailu.samediggi.fi\/wp-content\/uploads\/2022\/02\/Samediggilogo_TxtAktiv-1.png\",\"width\":2490,\"height\":1044,\"caption\":\"Saamelaisk\u00e4r\u00e4j\u00e4t\"},\"image\":{\"@id\":\"https:\/\/matkailu.samediggi.fi\/se\/#\/schema\/logo\/image\/\"}}]}<\/script>\n<!-- \/ Yoast SEO plugin. -->","yoast_head_json":{"title":"V\u00e1sttola\u0161vuohta - Saamelaismatkailu","robots":{"index":"index","follow":"follow","max-snippet":"max-snippet:-1","max-image-preview":"max-image-preview:large","max-video-preview":"max-video-preview:-1"},"canonical":"https:\/\/matkailu.samediggi.fi\/se\/sanasto\/vasttolasvuohta-vastuullisuus\/","og_locale":"se_NO","og_type":"article","og_title":"V\u00e1sttola\u0161vuohta - Saamelaismatkailu","og_description":"[vc_row row_height_percent=&#8221;0&#8243; overlay_alpha=&#8221;50&#8243; gutter_size=&#8221;3&#8243; column_width_percent=&#8221;100&#8243; shift_y=&#8221;0&#8243; z_index=&#8221;0&#8243; bottom_divider=&#8221;pyramids&#8221; uncode_shortcode_id=&#8221;494265&#8243;][vc_column column_width_percent=&#8221;100&#8243; gutter_size=&#8221;3&#8243; overlay_alpha=&#8221;50&#8243; shift_x=&#8221;0&#8243; shift_y=&#8221;0&#8243; shift_y_down=&#8221;0&#8243; z_index=&#8221;0&#8243; medium_width=&#8221;0&#8243; mobile_visibility=&#8221;yes&#8221; mobile_width=&#8221;0&#8243; width=&#8221;1\/4&#8243; [&hellip;]","og_url":"https:\/\/matkailu.samediggi.fi\/se\/sanasto\/vasttolasvuohta-vastuullisuus\/","og_site_name":"Saamelaismatkailu","article_modified_time":"2026-01-05T11:48:02+00:00","twitter_card":"summary_large_image","twitter_misc":{"Est. reading time":"1 minute"},"schema":{"@context":"https:\/\/schema.org","@graph":[{"@type":"WebPage","@id":"https:\/\/matkailu.samediggi.fi\/se\/sanasto\/vasttolasvuohta-vastuullisuus\/","url":"https:\/\/matkailu.samediggi.fi\/se\/sanasto\/vasttolasvuohta-vastuullisuus\/","name":"V\u00e1sttola\u0161vuohta - Saamelaismatkailu","isPartOf":{"@id":"https:\/\/matkailu.samediggi.fi\/se\/#website"},"datePublished":"2025-03-25T10:05:42+00:00","dateModified":"2026-01-05T11:48:02+00:00","breadcrumb":{"@id":"https:\/\/matkailu.samediggi.fi\/se\/sanasto\/vasttolasvuohta-vastuullisuus\/#breadcrumb"},"inLanguage":"se-NO","potentialAction":[{"@type":"ReadAction","target":["https:\/\/matkailu.samediggi.fi\/se\/sanasto\/vasttolasvuohta-vastuullisuus\/"]}]},{"@type":"BreadcrumbList","@id":"https:\/\/matkailu.samediggi.fi\/se\/sanasto\/vasttolasvuohta-vastuullisuus\/#breadcrumb","itemListElement":[{"@type":"ListItem","position":1,"name":"Home","item":"https:\/\/matkailu.samediggi.fi\/se\/"},{"@type":"ListItem","position":2,"name":"V\u00e1sttola\u0161vuohta"}]},{"@type":"WebSite","@id":"https:\/\/matkailu.samediggi.fi\/se\/#website","url":"https:\/\/matkailu.samediggi.fi\/se\/","name":"Saamelaismatkailu","description":"","publisher":{"@id":"https:\/\/matkailu.samediggi.fi\/se\/#organization"},"potentialAction":[{"@type":"SearchAction","target":{"@type":"EntryPoint","urlTemplate":"https:\/\/matkailu.samediggi.fi\/se\/?s={search_term_string}"},"query-input":{"@type":"PropertyValueSpecification","valueRequired":true,"valueName":"search_term_string"}}],"inLanguage":"se-NO"},{"@type":"Organization","@id":"https:\/\/matkailu.samediggi.fi\/se\/#organization","name":"Saamelaisk\u00e4r\u00e4j\u00e4t","url":"https:\/\/matkailu.samediggi.fi\/se\/","logo":{"@type":"ImageObject","inLanguage":"se-NO","@id":"https:\/\/matkailu.samediggi.fi\/se\/#\/schema\/logo\/image\/","url":"https:\/\/matkailu.samediggi.fi\/wp-content\/uploads\/2022\/02\/Samediggilogo_TxtAktiv-1.png","contentUrl":"https:\/\/matkailu.samediggi.fi\/wp-content\/uploads\/2022\/02\/Samediggilogo_TxtAktiv-1.png","width":2490,"height":1044,"caption":"Saamelaisk\u00e4r\u00e4j\u00e4t"},"image":{"@id":"https:\/\/matkailu.samediggi.fi\/se\/#\/schema\/logo\/image\/"}}]}},"_links":{"self":[{"href":"https:\/\/matkailu.samediggi.fi\/se\/wp-json\/wp\/v2\/sanasto\/2684","targetHints":{"allow":["GET"]}}],"collection":[{"href":"https:\/\/matkailu.samediggi.fi\/se\/wp-json\/wp\/v2\/sanasto"}],"about":[{"href":"https:\/\/matkailu.samediggi.fi\/se\/wp-json\/wp\/v2\/types\/sanasto"}],"wp:attachment":[{"href":"https:\/\/matkailu.samediggi.fi\/se\/wp-json\/wp\/v2\/media?parent=2684"}],"wp:term":[{"taxonomy":"category","embeddable":true,"href":"https:\/\/matkailu.samediggi.fi\/se\/wp-json\/wp\/v2\/categories?post=2684"}],"curies":[{"name":"wp","href":"https:\/\/api.w.org\/{rel}","templated":true}]}}