{"id":2351,"date":"2025-03-11T13:52:54","date_gmt":"2025-03-11T11:52:54","guid":{"rendered":"https:\/\/matkailu.samediggi.fi\/?post_type=sanasto&#038;p=2351"},"modified":"2025-04-08T11:56:44","modified_gmt":"2025-04-08T08:56:44","slug":"vasttolas-sami-turisma-vastuullinen-saamelaismatkailu","status":"publish","type":"sanasto","link":"https:\/\/matkailu.samediggi.fi\/se\/sanasto\/vasttolas-sami-turisma-vastuullinen-saamelaismatkailu\/","title":{"rendered":"V\u00e1sttola\u0161 s\u00e1mi turisma"},"content":{"rendered":"<div class=\"wpb-content-wrapper\"><p>[vc_row row_height_percent=&#8221;0&#8243; overlay_alpha=&#8221;50&#8243; gutter_size=&#8221;3&#8243; column_width_percent=&#8221;100&#8243; shift_y=&#8221;0&#8243; z_index=&#8221;0&#8243; bottom_divider=&#8221;pyramids&#8221; uncode_shortcode_id=&#8221;494265&#8243;][vc_column column_width_percent=&#8221;100&#8243; gutter_size=&#8221;3&#8243; overlay_alpha=&#8221;50&#8243; shift_x=&#8221;0&#8243; shift_y=&#8221;0&#8243; shift_y_down=&#8221;0&#8243; z_index=&#8221;0&#8243; medium_width=&#8221;0&#8243; mobile_visibility=&#8221;yes&#8221; mobile_width=&#8221;0&#8243; width=&#8221;1\/4&#8243; uncode_shortcode_id=&#8221;184376&#8243;][\/vc_column][vc_column width=&#8221;1\/2&#8243;][vc_custom_heading auto_text=&#8221;yes&#8221; desktop_visibility=&#8221;yes&#8221; medium_visibility=&#8221;yes&#8221; uncode_shortcode_id=&#8221;193470&#8243;]Page Title[\/vc_custom_heading][vc_column_text uncode_shortcode_id=&#8221;360482&#8243;]V\u00e1sttola\u0161 ja etihkala\u010d\u010dat suvdilis turisma gudnejahtt\u00e1 ja atn\u00e1 \u00e1rvvus s\u00e1mekultuvrra mihtilmas ie\u0161vuo\u0111aid, ovddida s\u00e1miid ja s\u00e1miid ruovttuguovllu buresveadjima sihke dahk\u00e1 vejola\u017e\u017ean s\u00e1mekultuvrra seailuma ja ovd\u00e1neami. S\u00e1mi turismmas v\u00e1sttola\u0161vuohta lea konkrehta ovddasv\u00e1st\u00e1dus dan s\u00e1mi servo\u0161a guovdu, masa turismma v\u00e1ikkuhusat \u010duhcet dahje s\u00e1httet \u010duohcit. S\u00e1meturismma \u010diehkagea\u0111gin lea s\u00e1mekultuvrra buvttan r\u00e1hkadeami ja ovdanbuktima vuo\u0111\u0111udeapmi nana oktavuhtii ja ovddasv\u00e1st\u00e1dussii dan \u00e1\u0161\u0161eoas\u00e1la\u0161 s\u00e1meservo\u0161a sihke daid s\u00e1mesogaid dahje siiddaid ektui, geaid kultuvrra dahje \u00e1rbevirola\u010d\u010dat \u00e1sson guovllut\/n\u00e1vdda\u0161anguovllut turismabuktagis geavahuvvojit dahje ovdanbuktojit. V\u00e1sttola\u0161, buorre ja eallinf\u00e1mola\u0161 turisma g\u00e1ibida vuo\u0111\u0111un buresveadji ja eallinf\u00e1mola\u0161 kultuvrra ja kultureanadaga.[\/vc_column_text][vc_row_inner][vc_column_inner column_width_percent=&#8221;100&#8243; gutter_size=&#8221;3&#8243; back_color=&#8221;color-xsdn&#8221; overlay_alpha=&#8221;50&#8243; radius=&#8221;std&#8221; shadow=&#8221;xs&#8221; shift_x=&#8221;0&#8243; shift_y=&#8221;0&#8243; shift_y_down=&#8221;0&#8243; z_index=&#8221;0&#8243; medium_width=&#8221;0&#8243; mobile_width=&#8221;0&#8243; width=&#8221;1\/1&#8243; uncode_shortcode_id=&#8221;113858&#8243; back_color_type=&#8221;uncode-palette&#8221;][vc_column_text uncode_shortcode_id=&#8221;202544&#8243;]<\/p>\n<h3>Geah\u010da maidd\u00e1i<\/h3>\n<p><a href=\"https:\/\/matkailu.samediggi.fi\/se\/sanasto\/sameturisma-saamelaismatkailu\/\">s\u00e1meturisma<\/a>, <a href=\"https:\/\/matkailu.samediggi.fi\/se\/sanasto\/sapmelasvuhtii-vuodduduvvi-turisma-saamelaisuuteen-perustuva-matkailu\/\">s\u00e1pmela\u0161vuhtii vuo\u0111\u0111uduvvi turisma<\/a>, <a href=\"https:\/\/matkailu.samediggi.fi\/se\/sanasto\/turismma-mii-avkkastalla-sapmelasvuoda-saamelaisuutta-hyvaksikayttava-matkailu\/\">turismma, mii \u00e1vkk\u00e1stall\u00e1 s\u00e1pmela\u0161vuo\u0111a<\/a>[\/vc_column_text][\/vc_column_inner][\/vc_row_inner][\/vc_column][vc_column width=&#8221;1\/4&#8243;][\/vc_column][\/vc_row]<\/p>\n<\/div>","protected":false},"excerpt":{"rendered":"<p>[vc_row row_height_percent=&#8221;0&#8243; overlay_alpha=&#8221;50&#8243; gutter_size=&#8221;3&#8243; column_width_percent=&#8221;100&#8243; shift_y=&#8221;0&#8243; z_index=&#8221;0&#8243; bottom_divider=&#8221;pyramids&#8221; uncode_shortcode_id=&#8221;494265&#8243;][vc_column column_width_percent=&#8221;100&#8243; gutter_size=&#8221;3&#8243; overlay_alpha=&#8221;50&#8243; shift_x=&#8221;0&#8243; shift_y=&#8221;0&#8243; shift_y_down=&#8221;0&#8243; z_index=&#8221;0&#8243; medium_width=&#8221;0&#8243; mobile_visibility=&#8221;yes&#8221; mobile_width=&#8221;0&#8243; width=&#8221;1\/4&#8243; [&hellip;]<\/p>\n","protected":false},"featured_media":0,"template":"","meta":[],"categories":[179],"class_list":["post-2351","sanasto","type-sanasto","status-publish","hentry","category-v-se"],"yoast_head":"<!-- This site is optimized with the Yoast SEO plugin v26.6 - https:\/\/yoast.com\/wordpress\/plugins\/seo\/ -->\n<title>V\u00e1sttola\u0161 s\u00e1mi turisma - Saamelaismatkailu<\/title>\n<meta name=\"robots\" content=\"index, follow, max-snippet:-1, max-image-preview:large, max-video-preview:-1\" \/>\n<link rel=\"canonical\" href=\"https:\/\/matkailu.samediggi.fi\/se\/sanasto\/vasttolas-sami-turisma-vastuullinen-saamelaismatkailu\/\" \/>\n<meta property=\"og:locale\" content=\"se_NO\" \/>\n<meta property=\"og:type\" content=\"article\" \/>\n<meta property=\"og:title\" content=\"V\u00e1sttola\u0161 s\u00e1mi turisma - Saamelaismatkailu\" \/>\n<meta property=\"og:description\" content=\"[vc_row row_height_percent=&#8221;0&#8243; overlay_alpha=&#8221;50&#8243; gutter_size=&#8221;3&#8243; column_width_percent=&#8221;100&#8243; shift_y=&#8221;0&#8243; z_index=&#8221;0&#8243; bottom_divider=&#8221;pyramids&#8221; uncode_shortcode_id=&#8221;494265&#8243;][vc_column column_width_percent=&#8221;100&#8243; gutter_size=&#8221;3&#8243; overlay_alpha=&#8221;50&#8243; shift_x=&#8221;0&#8243; shift_y=&#8221;0&#8243; shift_y_down=&#8221;0&#8243; z_index=&#8221;0&#8243; medium_width=&#8221;0&#8243; mobile_visibility=&#8221;yes&#8221; mobile_width=&#8221;0&#8243; width=&#8221;1\/4&#8243; [&hellip;]\" \/>\n<meta property=\"og:url\" content=\"https:\/\/matkailu.samediggi.fi\/se\/sanasto\/vasttolas-sami-turisma-vastuullinen-saamelaismatkailu\/\" \/>\n<meta property=\"og:site_name\" content=\"Saamelaismatkailu\" \/>\n<meta property=\"article:modified_time\" content=\"2025-04-08T08:56:44+00:00\" \/>\n<meta name=\"twitter:card\" content=\"summary_large_image\" \/>\n<meta name=\"twitter:label1\" content=\"Est. reading time\" \/>\n\t<meta name=\"twitter:data1\" content=\"1 minute\" \/>\n<script type=\"application\/ld+json\" class=\"yoast-schema-graph\">{\"@context\":\"https:\/\/schema.org\",\"@graph\":[{\"@type\":\"WebPage\",\"@id\":\"https:\/\/matkailu.samediggi.fi\/se\/sanasto\/vasttolas-sami-turisma-vastuullinen-saamelaismatkailu\/\",\"url\":\"https:\/\/matkailu.samediggi.fi\/se\/sanasto\/vasttolas-sami-turisma-vastuullinen-saamelaismatkailu\/\",\"name\":\"V\u00e1sttola\u0161 s\u00e1mi turisma - Saamelaismatkailu\",\"isPartOf\":{\"@id\":\"https:\/\/matkailu.samediggi.fi\/se\/#website\"},\"datePublished\":\"2025-03-11T11:52:54+00:00\",\"dateModified\":\"2025-04-08T08:56:44+00:00\",\"breadcrumb\":{\"@id\":\"https:\/\/matkailu.samediggi.fi\/se\/sanasto\/vasttolas-sami-turisma-vastuullinen-saamelaismatkailu\/#breadcrumb\"},\"inLanguage\":\"se-NO\",\"potentialAction\":[{\"@type\":\"ReadAction\",\"target\":[\"https:\/\/matkailu.samediggi.fi\/se\/sanasto\/vasttolas-sami-turisma-vastuullinen-saamelaismatkailu\/\"]}]},{\"@type\":\"BreadcrumbList\",\"@id\":\"https:\/\/matkailu.samediggi.fi\/se\/sanasto\/vasttolas-sami-turisma-vastuullinen-saamelaismatkailu\/#breadcrumb\",\"itemListElement\":[{\"@type\":\"ListItem\",\"position\":1,\"name\":\"Home\",\"item\":\"https:\/\/matkailu.samediggi.fi\/se\/\"},{\"@type\":\"ListItem\",\"position\":2,\"name\":\"V\u00e1sttola\u0161 s\u00e1mi turisma\"}]},{\"@type\":\"WebSite\",\"@id\":\"https:\/\/matkailu.samediggi.fi\/se\/#website\",\"url\":\"https:\/\/matkailu.samediggi.fi\/se\/\",\"name\":\"Saamelaismatkailu\",\"description\":\"\",\"publisher\":{\"@id\":\"https:\/\/matkailu.samediggi.fi\/se\/#organization\"},\"potentialAction\":[{\"@type\":\"SearchAction\",\"target\":{\"@type\":\"EntryPoint\",\"urlTemplate\":\"https:\/\/matkailu.samediggi.fi\/se\/?s={search_term_string}\"},\"query-input\":{\"@type\":\"PropertyValueSpecification\",\"valueRequired\":true,\"valueName\":\"search_term_string\"}}],\"inLanguage\":\"se-NO\"},{\"@type\":\"Organization\",\"@id\":\"https:\/\/matkailu.samediggi.fi\/se\/#organization\",\"name\":\"Saamelaisk\u00e4r\u00e4j\u00e4t\",\"url\":\"https:\/\/matkailu.samediggi.fi\/se\/\",\"logo\":{\"@type\":\"ImageObject\",\"inLanguage\":\"se-NO\",\"@id\":\"https:\/\/matkailu.samediggi.fi\/se\/#\/schema\/logo\/image\/\",\"url\":\"https:\/\/matkailu.samediggi.fi\/wp-content\/uploads\/2022\/02\/Samediggilogo_TxtAktiv-1.png\",\"contentUrl\":\"https:\/\/matkailu.samediggi.fi\/wp-content\/uploads\/2022\/02\/Samediggilogo_TxtAktiv-1.png\",\"width\":2490,\"height\":1044,\"caption\":\"Saamelaisk\u00e4r\u00e4j\u00e4t\"},\"image\":{\"@id\":\"https:\/\/matkailu.samediggi.fi\/se\/#\/schema\/logo\/image\/\"}}]}<\/script>\n<!-- \/ Yoast SEO plugin. -->","yoast_head_json":{"title":"V\u00e1sttola\u0161 s\u00e1mi turisma - Saamelaismatkailu","robots":{"index":"index","follow":"follow","max-snippet":"max-snippet:-1","max-image-preview":"max-image-preview:large","max-video-preview":"max-video-preview:-1"},"canonical":"https:\/\/matkailu.samediggi.fi\/se\/sanasto\/vasttolas-sami-turisma-vastuullinen-saamelaismatkailu\/","og_locale":"se_NO","og_type":"article","og_title":"V\u00e1sttola\u0161 s\u00e1mi turisma - Saamelaismatkailu","og_description":"[vc_row row_height_percent=&#8221;0&#8243; overlay_alpha=&#8221;50&#8243; gutter_size=&#8221;3&#8243; column_width_percent=&#8221;100&#8243; shift_y=&#8221;0&#8243; z_index=&#8221;0&#8243; bottom_divider=&#8221;pyramids&#8221; uncode_shortcode_id=&#8221;494265&#8243;][vc_column column_width_percent=&#8221;100&#8243; gutter_size=&#8221;3&#8243; overlay_alpha=&#8221;50&#8243; shift_x=&#8221;0&#8243; shift_y=&#8221;0&#8243; shift_y_down=&#8221;0&#8243; z_index=&#8221;0&#8243; medium_width=&#8221;0&#8243; mobile_visibility=&#8221;yes&#8221; mobile_width=&#8221;0&#8243; width=&#8221;1\/4&#8243; [&hellip;]","og_url":"https:\/\/matkailu.samediggi.fi\/se\/sanasto\/vasttolas-sami-turisma-vastuullinen-saamelaismatkailu\/","og_site_name":"Saamelaismatkailu","article_modified_time":"2025-04-08T08:56:44+00:00","twitter_card":"summary_large_image","twitter_misc":{"Est. reading time":"1 minute"},"schema":{"@context":"https:\/\/schema.org","@graph":[{"@type":"WebPage","@id":"https:\/\/matkailu.samediggi.fi\/se\/sanasto\/vasttolas-sami-turisma-vastuullinen-saamelaismatkailu\/","url":"https:\/\/matkailu.samediggi.fi\/se\/sanasto\/vasttolas-sami-turisma-vastuullinen-saamelaismatkailu\/","name":"V\u00e1sttola\u0161 s\u00e1mi turisma - Saamelaismatkailu","isPartOf":{"@id":"https:\/\/matkailu.samediggi.fi\/se\/#website"},"datePublished":"2025-03-11T11:52:54+00:00","dateModified":"2025-04-08T08:56:44+00:00","breadcrumb":{"@id":"https:\/\/matkailu.samediggi.fi\/se\/sanasto\/vasttolas-sami-turisma-vastuullinen-saamelaismatkailu\/#breadcrumb"},"inLanguage":"se-NO","potentialAction":[{"@type":"ReadAction","target":["https:\/\/matkailu.samediggi.fi\/se\/sanasto\/vasttolas-sami-turisma-vastuullinen-saamelaismatkailu\/"]}]},{"@type":"BreadcrumbList","@id":"https:\/\/matkailu.samediggi.fi\/se\/sanasto\/vasttolas-sami-turisma-vastuullinen-saamelaismatkailu\/#breadcrumb","itemListElement":[{"@type":"ListItem","position":1,"name":"Home","item":"https:\/\/matkailu.samediggi.fi\/se\/"},{"@type":"ListItem","position":2,"name":"V\u00e1sttola\u0161 s\u00e1mi turisma"}]},{"@type":"WebSite","@id":"https:\/\/matkailu.samediggi.fi\/se\/#website","url":"https:\/\/matkailu.samediggi.fi\/se\/","name":"Saamelaismatkailu","description":"","publisher":{"@id":"https:\/\/matkailu.samediggi.fi\/se\/#organization"},"potentialAction":[{"@type":"SearchAction","target":{"@type":"EntryPoint","urlTemplate":"https:\/\/matkailu.samediggi.fi\/se\/?s={search_term_string}"},"query-input":{"@type":"PropertyValueSpecification","valueRequired":true,"valueName":"search_term_string"}}],"inLanguage":"se-NO"},{"@type":"Organization","@id":"https:\/\/matkailu.samediggi.fi\/se\/#organization","name":"Saamelaisk\u00e4r\u00e4j\u00e4t","url":"https:\/\/matkailu.samediggi.fi\/se\/","logo":{"@type":"ImageObject","inLanguage":"se-NO","@id":"https:\/\/matkailu.samediggi.fi\/se\/#\/schema\/logo\/image\/","url":"https:\/\/matkailu.samediggi.fi\/wp-content\/uploads\/2022\/02\/Samediggilogo_TxtAktiv-1.png","contentUrl":"https:\/\/matkailu.samediggi.fi\/wp-content\/uploads\/2022\/02\/Samediggilogo_TxtAktiv-1.png","width":2490,"height":1044,"caption":"Saamelaisk\u00e4r\u00e4j\u00e4t"},"image":{"@id":"https:\/\/matkailu.samediggi.fi\/se\/#\/schema\/logo\/image\/"}}]}},"_links":{"self":[{"href":"https:\/\/matkailu.samediggi.fi\/se\/wp-json\/wp\/v2\/sanasto\/2351","targetHints":{"allow":["GET"]}}],"collection":[{"href":"https:\/\/matkailu.samediggi.fi\/se\/wp-json\/wp\/v2\/sanasto"}],"about":[{"href":"https:\/\/matkailu.samediggi.fi\/se\/wp-json\/wp\/v2\/types\/sanasto"}],"wp:attachment":[{"href":"https:\/\/matkailu.samediggi.fi\/se\/wp-json\/wp\/v2\/media?parent=2351"}],"wp:term":[{"taxonomy":"category","embeddable":true,"href":"https:\/\/matkailu.samediggi.fi\/se\/wp-json\/wp\/v2\/categories?post=2351"}],"curies":[{"name":"wp","href":"https:\/\/api.w.org\/{rel}","templated":true}]}}