{"id":2337,"date":"2025-03-11T12:39:14","date_gmt":"2025-03-11T10:39:14","guid":{"rendered":"https:\/\/matkailu.samediggi.fi\/?post_type=sanasto&#038;p=2337"},"modified":"2025-04-08T09:31:43","modified_gmt":"2025-04-08T06:31:43","slug":"sosiala-gierdevasvuohta-sosiaalinen-kantokyky","status":"publish","type":"sanasto","link":"https:\/\/matkailu.samediggi.fi\/se\/sanasto\/sosiala-gierdevasvuohta-sosiaalinen-kantokyky\/","title":{"rendered":"Sosi\u00e1la gierdeva\u0161vuohta"},"content":{"rendered":"<div class=\"wpb-content-wrapper\"><p>[vc_row row_height_percent=&#8221;0&#8243; overlay_alpha=&#8221;50&#8243; gutter_size=&#8221;3&#8243; column_width_percent=&#8221;100&#8243; shift_y=&#8221;0&#8243; z_index=&#8221;0&#8243; bottom_divider=&#8221;pyramids&#8221; uncode_shortcode_id=&#8221;494265&#8243;][vc_column column_width_percent=&#8221;100&#8243; gutter_size=&#8221;3&#8243; overlay_alpha=&#8221;50&#8243; shift_x=&#8221;0&#8243; shift_y=&#8221;0&#8243; shift_y_down=&#8221;0&#8243; z_index=&#8221;0&#8243; medium_width=&#8221;0&#8243; mobile_visibility=&#8221;yes&#8221; mobile_width=&#8221;0&#8243; width=&#8221;1\/4&#8243; uncode_shortcode_id=&#8221;184376&#8243;][\/vc_column][vc_column width=&#8221;1\/2&#8243;][vc_custom_heading auto_text=&#8221;yes&#8221; desktop_visibility=&#8221;yes&#8221; medium_visibility=&#8221;yes&#8221; uncode_shortcode_id=&#8221;193470&#8243;]Page Title[\/vc_custom_heading][vc_column_text uncode_shortcode_id=&#8221;198320&#8243;]S\u00e1miid ruovttuguovllus sosi\u00e1lala\u0161 guoddinn\u00e1kca r\u00e1vvagiin s\u00e1meservo\u0161a sihke s\u00e1mekultuvrra seailuma ja ovd\u00e1neami perspektiivvas. Sosi\u00e1lala\u0161 guoddinn\u00e1vcca toler\u00e1nsar\u00e1j\u00e1id \u00e1rvvo\u0161taladettiin, galg\u00e1 mero\u0161tallat m\u00e1tkk\u00e1la\u010d\u010daid ja turismadoaimmaid b\u00e1ikk\u00e1la\u010d\u010dat dohkkehan maksim\u00e1lameari, goas dat v\u00e1ikkuhi\u0161goaht\u00e1 heajudan l\u00e1hkai s\u00e1meservo\u0161a identitehta dovdui, eallinvuohk\u00e1i, sosi\u00e1lala\u0161 l\u00e1httemii dahje vugiide. Turisma ii galgga hilggodit s\u00e1meservo\u0161a ovdduid dahje vuoigatvuo\u0111aid iige v\u00e1ikkuhit negatiivvala\u010d\u010dat s\u00e1meservo\u0161a b\u00e1lvalusaid d\u00e1ss\u00e1i.Maidd\u00e1i m\u00e1tkk\u00e1la\u010d\u010daid perspektiivvas m\u00e1tkk\u00e1la\u010d\u010daid meari ja turismaprogr\u00e1mmab\u00e1lvalusaid meari oktiiheiven galg\u00e1 bissut dohkkehahtti d\u00e1sis almm\u00e1 m\u00e1tkk\u00e1la\u010d\u010daid \u00e1\u0161\u0161ehasdu\u0111ava\u0161vuo\u0111a hedjoneami haga.Sosi\u00e1lala\u0161 guoddinn\u00e1vcca molsa\u0161uddan s\u00e1htt\u00e1 leat mearkka\u0161ahtti maidd\u00e1i s\u00e1meservo\u0161a siste, mii lea gitta earret ear\u00e1 das, leago servo\u0161a lahtuide turismmas njuolggo dahje gaskkala\u0161 \u00e1vki, man guhkkin eret searvvu\u0161 dahje dan lahtut leat vuo\u0111\u0111ob\u00e1lvalusain sihke das, man l\u00e1hkai turismma lass\u00e1neapmi v\u00e1ikkuha ovdamearkan servo\u0161a ja\/dahje ovttaskas olbmuid vuo\u0111\u0111odorvvu dovdui. Sosi\u00e1lala\u0161 guoddinn\u00e1vcca k\u00e1rtedettiin galg\u00e1ge \u00e1rvvo\u0161tallat maidd\u00e1i vuo\u0111\u0111oinfrastruktuvrra guoddinn\u00e1vcca m\u00e1tkk\u00e1la\u0161meriid lass\u00e1nettiin sihke b\u00e1ikk\u00e1la\u010d\u010dat ja \u00e1igg\u00e1la\u010d\u010dat nu ahte seso\u014b\u014baid molsa\u0161uddamat v\u00e1ldojuvvojit vuhtii. Juos v\u00e1sihuvvo, ahte dihto guvlui guoski turisma dahje m\u00e1tkk\u00e1la\u010d\u010dat v\u00e1tt\u00e1smahttet b\u00e1ikk\u00e1la\u010d\u010daid vuo\u0111\u0111oeallima dahje vuo\u0111\u0111od\u00e1rbbuid olla\u0161uvvama dahje juos v\u00e1sihuvvo, ahte turisma dahje m\u00e1tkk\u00e1la\u010d\u010dat v\u00e1ikkuhit negatiivvala\u010d\u010dat b\u00e1ikk\u00e1la\u0161 olbmuid vuo\u0111\u0111odorvvola\u0161vuo\u0111a dovdui, galg\u00e1 dill\u00e1i darv\u00e1nit ja geah\u010d\u010dalit divvut nu jo\u0111\u00e1nit go vejola\u0161, ammes ii s\u00e1meservo\u0161a, ear\u00e1 b\u00e1ikk\u00e1la\u0161 servo\u0161a dahje m\u00e1tkk\u00e1la\u010d\u010daid buresveadjin hedjoniv\u010d\u010de.[\/vc_column_text][vc_row_inner][vc_column_inner column_width_percent=&#8221;100&#8243; gutter_size=&#8221;3&#8243; back_color=&#8221;color-xsdn&#8221; overlay_alpha=&#8221;50&#8243; radius=&#8221;std&#8221; shadow=&#8221;xs&#8221; shift_x=&#8221;0&#8243; shift_y=&#8221;0&#8243; shift_y_down=&#8221;0&#8243; z_index=&#8221;0&#8243; medium_width=&#8221;0&#8243; mobile_width=&#8221;0&#8243; width=&#8221;1\/1&#8243; uncode_shortcode_id=&#8221;113858&#8243; back_color_type=&#8221;uncode-palette&#8221;][vc_column_text uncode_shortcode_id=&#8221;683032&#8243;]<\/p>\n<h3>Geah\u010da maidd\u00e1i<\/h3>\n<p><a href=\"https:\/\/matkailu.samediggi.fi\/se\/sanasto\/searvvus-yhteiso\/\">searvvu\u0161<\/a>, <a href=\"https:\/\/matkailu.samediggi.fi\/se\/sanasto\/vasttolas-sami-turisma-vastuullinen-saamelaismatkailu\/\">v\u00e1sttola\u0161 s\u00e1mi turisma<\/a>, <a href=\"https:\/\/matkailu.samediggi.fi\/se\/sanasto\/vuhtiivaldin-huomioiminen\/\">vuhtiiv\u00e1ldin<\/a>, <a href=\"https:\/\/matkailu.samediggi.fi\/se\/sanasto\/ealli-kulturduovdda-elava-kulttuurimaisema\/\">ealli kulturduovdda<\/a>, <a href=\"https:\/\/matkailu.samediggi.fi\/se\/sanasto\/ekologalas-suvdilisvuohta-ekologinen-kestavyys\/\">ekologala\u0161 suvdilisvuohta<\/a>, <a href=\"https:\/\/matkailu.samediggi.fi\/se\/sanasto\/kultuvrralas-suvdilvuohta-kulttuurinen-kestavyys\/\">kultuvrrala\u0161 suvdilvuohta<\/a>, <a href=\"https:\/\/matkailu.samediggi.fi\/se\/sanasto\/sosiala-suvdilisvuohta-sosiaalinen-kestavyys\/\">sosi\u00e1la suvdilisvuohta<\/a>, <a href=\"https:\/\/matkailu.samediggi.fi\/se\/sanasto\/ekonomalas-suvdilisvuohta-taloudellinen-kestavyys\/\">ekonomala\u0161 suvdilisvuohta<\/a>, <a href=\"https:\/\/matkailu.samediggi.fi\/se\/sanasto\/ekologalas-suvdinnakca-ekologinen-kantokyky\/\">ekologala\u0161 suvdinn\u00e1kca<\/a>, <a href=\"https:\/\/matkailu.samediggi.fi\/se\/sanasto\/kultuvrralas-guoddinnakca-kulttuurinen-kantokyky\/\">kultuvrrala\u0161 guoddinn\u00e1kca<\/a>, <a href=\"https:\/\/matkailu.samediggi.fi\/se\/sanasto\/ekonomalas-guoddinnakca-taloudellinen-kantokyky\/\">ekonomala\u0161 guoddinn\u00e1kca<\/a>, <a href=\"https:\/\/matkailu.samediggi.fi\/se\/sanasto\/sapmelasvuhtii-vuodduduvvi-turisma-saamelaisuuteen-perustuva-matkailu\/\">s\u00e1pmela\u0161vuhtii vuo\u0111\u0111uduvvi turisma<\/a>, <a href=\"https:\/\/matkailu.samediggi.fi\/se\/sanasto\/turismma-mii-avkkastalla-sapmelasvuoda-saamelaisuutta-hyvaksikayttava-matkailu\/\">turismma, mii \u00e1vkk\u00e1stall\u00e1 s\u00e1pmela\u0161vuo\u0111a<\/a>, <a href=\"https:\/\/matkailu.samediggi.fi\/se\/sanasto\/etihkalas-ravvagat-eettinen-ohje\/\">etihkala\u0161 r\u00e1vvagat<\/a>, <a href=\"https:\/\/matkailu.samediggi.fi\/se\/sanasto\/samediggi-saamelaiskarajat\/\">s\u00e1mediggi<\/a>[\/vc_column_text][\/vc_column_inner][\/vc_row_inner][\/vc_column][vc_column width=&#8221;1\/4&#8243;][\/vc_column][\/vc_row]<\/p>\n<\/div>","protected":false},"excerpt":{"rendered":"<p>[vc_row row_height_percent=&#8221;0&#8243; overlay_alpha=&#8221;50&#8243; gutter_size=&#8221;3&#8243; column_width_percent=&#8221;100&#8243; shift_y=&#8221;0&#8243; z_index=&#8221;0&#8243; bottom_divider=&#8221;pyramids&#8221; uncode_shortcode_id=&#8221;494265&#8243;][vc_column column_width_percent=&#8221;100&#8243; gutter_size=&#8221;3&#8243; overlay_alpha=&#8221;50&#8243; shift_x=&#8221;0&#8243; shift_y=&#8221;0&#8243; shift_y_down=&#8221;0&#8243; z_index=&#8221;0&#8243; medium_width=&#8221;0&#8243; mobile_visibility=&#8221;yes&#8221; mobile_width=&#8221;0&#8243; width=&#8221;1\/4&#8243; [&hellip;]<\/p>\n","protected":false},"featured_media":0,"template":"","meta":[],"categories":[174],"class_list":["post-2337","sanasto","type-sanasto","status-publish","hentry","category-s-se"],"yoast_head":"<!-- This site is optimized with the Yoast SEO plugin v26.6 - https:\/\/yoast.com\/wordpress\/plugins\/seo\/ -->\n<title>Sosi\u00e1la gierdeva\u0161vuohta - Saamelaismatkailu<\/title>\n<meta name=\"robots\" content=\"index, follow, max-snippet:-1, max-image-preview:large, max-video-preview:-1\" \/>\n<link rel=\"canonical\" href=\"https:\/\/matkailu.samediggi.fi\/se\/sanasto\/sosiala-gierdevasvuohta-sosiaalinen-kantokyky\/\" \/>\n<meta property=\"og:locale\" content=\"se_NO\" \/>\n<meta property=\"og:type\" content=\"article\" \/>\n<meta property=\"og:title\" content=\"Sosi\u00e1la gierdeva\u0161vuohta - Saamelaismatkailu\" \/>\n<meta property=\"og:description\" content=\"[vc_row row_height_percent=&#8221;0&#8243; overlay_alpha=&#8221;50&#8243; gutter_size=&#8221;3&#8243; column_width_percent=&#8221;100&#8243; shift_y=&#8221;0&#8243; z_index=&#8221;0&#8243; bottom_divider=&#8221;pyramids&#8221; uncode_shortcode_id=&#8221;494265&#8243;][vc_column column_width_percent=&#8221;100&#8243; gutter_size=&#8221;3&#8243; overlay_alpha=&#8221;50&#8243; shift_x=&#8221;0&#8243; shift_y=&#8221;0&#8243; shift_y_down=&#8221;0&#8243; z_index=&#8221;0&#8243; medium_width=&#8221;0&#8243; mobile_visibility=&#8221;yes&#8221; mobile_width=&#8221;0&#8243; width=&#8221;1\/4&#8243; [&hellip;]\" \/>\n<meta property=\"og:url\" content=\"https:\/\/matkailu.samediggi.fi\/se\/sanasto\/sosiala-gierdevasvuohta-sosiaalinen-kantokyky\/\" \/>\n<meta property=\"og:site_name\" content=\"Saamelaismatkailu\" \/>\n<meta property=\"article:modified_time\" content=\"2025-04-08T06:31:43+00:00\" \/>\n<meta name=\"twitter:card\" content=\"summary_large_image\" \/>\n<meta name=\"twitter:label1\" content=\"Est. reading time\" \/>\n\t<meta name=\"twitter:data1\" content=\"2 minutes\" \/>\n<script type=\"application\/ld+json\" class=\"yoast-schema-graph\">{\"@context\":\"https:\/\/schema.org\",\"@graph\":[{\"@type\":\"WebPage\",\"@id\":\"https:\/\/matkailu.samediggi.fi\/se\/sanasto\/sosiala-gierdevasvuohta-sosiaalinen-kantokyky\/\",\"url\":\"https:\/\/matkailu.samediggi.fi\/se\/sanasto\/sosiala-gierdevasvuohta-sosiaalinen-kantokyky\/\",\"name\":\"Sosi\u00e1la gierdeva\u0161vuohta - Saamelaismatkailu\",\"isPartOf\":{\"@id\":\"https:\/\/matkailu.samediggi.fi\/se\/#website\"},\"datePublished\":\"2025-03-11T10:39:14+00:00\",\"dateModified\":\"2025-04-08T06:31:43+00:00\",\"breadcrumb\":{\"@id\":\"https:\/\/matkailu.samediggi.fi\/se\/sanasto\/sosiala-gierdevasvuohta-sosiaalinen-kantokyky\/#breadcrumb\"},\"inLanguage\":\"se-NO\",\"potentialAction\":[{\"@type\":\"ReadAction\",\"target\":[\"https:\/\/matkailu.samediggi.fi\/se\/sanasto\/sosiala-gierdevasvuohta-sosiaalinen-kantokyky\/\"]}]},{\"@type\":\"BreadcrumbList\",\"@id\":\"https:\/\/matkailu.samediggi.fi\/se\/sanasto\/sosiala-gierdevasvuohta-sosiaalinen-kantokyky\/#breadcrumb\",\"itemListElement\":[{\"@type\":\"ListItem\",\"position\":1,\"name\":\"Home\",\"item\":\"https:\/\/matkailu.samediggi.fi\/se\/\"},{\"@type\":\"ListItem\",\"position\":2,\"name\":\"Sosi\u00e1la gierdeva\u0161vuohta\"}]},{\"@type\":\"WebSite\",\"@id\":\"https:\/\/matkailu.samediggi.fi\/se\/#website\",\"url\":\"https:\/\/matkailu.samediggi.fi\/se\/\",\"name\":\"Saamelaismatkailu\",\"description\":\"\",\"publisher\":{\"@id\":\"https:\/\/matkailu.samediggi.fi\/se\/#organization\"},\"potentialAction\":[{\"@type\":\"SearchAction\",\"target\":{\"@type\":\"EntryPoint\",\"urlTemplate\":\"https:\/\/matkailu.samediggi.fi\/se\/?s={search_term_string}\"},\"query-input\":{\"@type\":\"PropertyValueSpecification\",\"valueRequired\":true,\"valueName\":\"search_term_string\"}}],\"inLanguage\":\"se-NO\"},{\"@type\":\"Organization\",\"@id\":\"https:\/\/matkailu.samediggi.fi\/se\/#organization\",\"name\":\"Saamelaisk\u00e4r\u00e4j\u00e4t\",\"url\":\"https:\/\/matkailu.samediggi.fi\/se\/\",\"logo\":{\"@type\":\"ImageObject\",\"inLanguage\":\"se-NO\",\"@id\":\"https:\/\/matkailu.samediggi.fi\/se\/#\/schema\/logo\/image\/\",\"url\":\"https:\/\/matkailu.samediggi.fi\/wp-content\/uploads\/2022\/02\/Samediggilogo_TxtAktiv-1.png\",\"contentUrl\":\"https:\/\/matkailu.samediggi.fi\/wp-content\/uploads\/2022\/02\/Samediggilogo_TxtAktiv-1.png\",\"width\":2490,\"height\":1044,\"caption\":\"Saamelaisk\u00e4r\u00e4j\u00e4t\"},\"image\":{\"@id\":\"https:\/\/matkailu.samediggi.fi\/se\/#\/schema\/logo\/image\/\"}}]}<\/script>\n<!-- \/ Yoast SEO plugin. -->","yoast_head_json":{"title":"Sosi\u00e1la gierdeva\u0161vuohta - Saamelaismatkailu","robots":{"index":"index","follow":"follow","max-snippet":"max-snippet:-1","max-image-preview":"max-image-preview:large","max-video-preview":"max-video-preview:-1"},"canonical":"https:\/\/matkailu.samediggi.fi\/se\/sanasto\/sosiala-gierdevasvuohta-sosiaalinen-kantokyky\/","og_locale":"se_NO","og_type":"article","og_title":"Sosi\u00e1la gierdeva\u0161vuohta - Saamelaismatkailu","og_description":"[vc_row row_height_percent=&#8221;0&#8243; overlay_alpha=&#8221;50&#8243; gutter_size=&#8221;3&#8243; column_width_percent=&#8221;100&#8243; shift_y=&#8221;0&#8243; z_index=&#8221;0&#8243; bottom_divider=&#8221;pyramids&#8221; uncode_shortcode_id=&#8221;494265&#8243;][vc_column column_width_percent=&#8221;100&#8243; gutter_size=&#8221;3&#8243; overlay_alpha=&#8221;50&#8243; shift_x=&#8221;0&#8243; shift_y=&#8221;0&#8243; shift_y_down=&#8221;0&#8243; z_index=&#8221;0&#8243; medium_width=&#8221;0&#8243; mobile_visibility=&#8221;yes&#8221; mobile_width=&#8221;0&#8243; width=&#8221;1\/4&#8243; [&hellip;]","og_url":"https:\/\/matkailu.samediggi.fi\/se\/sanasto\/sosiala-gierdevasvuohta-sosiaalinen-kantokyky\/","og_site_name":"Saamelaismatkailu","article_modified_time":"2025-04-08T06:31:43+00:00","twitter_card":"summary_large_image","twitter_misc":{"Est. reading time":"2 minutes"},"schema":{"@context":"https:\/\/schema.org","@graph":[{"@type":"WebPage","@id":"https:\/\/matkailu.samediggi.fi\/se\/sanasto\/sosiala-gierdevasvuohta-sosiaalinen-kantokyky\/","url":"https:\/\/matkailu.samediggi.fi\/se\/sanasto\/sosiala-gierdevasvuohta-sosiaalinen-kantokyky\/","name":"Sosi\u00e1la gierdeva\u0161vuohta - Saamelaismatkailu","isPartOf":{"@id":"https:\/\/matkailu.samediggi.fi\/se\/#website"},"datePublished":"2025-03-11T10:39:14+00:00","dateModified":"2025-04-08T06:31:43+00:00","breadcrumb":{"@id":"https:\/\/matkailu.samediggi.fi\/se\/sanasto\/sosiala-gierdevasvuohta-sosiaalinen-kantokyky\/#breadcrumb"},"inLanguage":"se-NO","potentialAction":[{"@type":"ReadAction","target":["https:\/\/matkailu.samediggi.fi\/se\/sanasto\/sosiala-gierdevasvuohta-sosiaalinen-kantokyky\/"]}]},{"@type":"BreadcrumbList","@id":"https:\/\/matkailu.samediggi.fi\/se\/sanasto\/sosiala-gierdevasvuohta-sosiaalinen-kantokyky\/#breadcrumb","itemListElement":[{"@type":"ListItem","position":1,"name":"Home","item":"https:\/\/matkailu.samediggi.fi\/se\/"},{"@type":"ListItem","position":2,"name":"Sosi\u00e1la gierdeva\u0161vuohta"}]},{"@type":"WebSite","@id":"https:\/\/matkailu.samediggi.fi\/se\/#website","url":"https:\/\/matkailu.samediggi.fi\/se\/","name":"Saamelaismatkailu","description":"","publisher":{"@id":"https:\/\/matkailu.samediggi.fi\/se\/#organization"},"potentialAction":[{"@type":"SearchAction","target":{"@type":"EntryPoint","urlTemplate":"https:\/\/matkailu.samediggi.fi\/se\/?s={search_term_string}"},"query-input":{"@type":"PropertyValueSpecification","valueRequired":true,"valueName":"search_term_string"}}],"inLanguage":"se-NO"},{"@type":"Organization","@id":"https:\/\/matkailu.samediggi.fi\/se\/#organization","name":"Saamelaisk\u00e4r\u00e4j\u00e4t","url":"https:\/\/matkailu.samediggi.fi\/se\/","logo":{"@type":"ImageObject","inLanguage":"se-NO","@id":"https:\/\/matkailu.samediggi.fi\/se\/#\/schema\/logo\/image\/","url":"https:\/\/matkailu.samediggi.fi\/wp-content\/uploads\/2022\/02\/Samediggilogo_TxtAktiv-1.png","contentUrl":"https:\/\/matkailu.samediggi.fi\/wp-content\/uploads\/2022\/02\/Samediggilogo_TxtAktiv-1.png","width":2490,"height":1044,"caption":"Saamelaisk\u00e4r\u00e4j\u00e4t"},"image":{"@id":"https:\/\/matkailu.samediggi.fi\/se\/#\/schema\/logo\/image\/"}}]}},"_links":{"self":[{"href":"https:\/\/matkailu.samediggi.fi\/se\/wp-json\/wp\/v2\/sanasto\/2337","targetHints":{"allow":["GET"]}}],"collection":[{"href":"https:\/\/matkailu.samediggi.fi\/se\/wp-json\/wp\/v2\/sanasto"}],"about":[{"href":"https:\/\/matkailu.samediggi.fi\/se\/wp-json\/wp\/v2\/types\/sanasto"}],"wp:attachment":[{"href":"https:\/\/matkailu.samediggi.fi\/se\/wp-json\/wp\/v2\/media?parent=2337"}],"wp:term":[{"taxonomy":"category","embeddable":true,"href":"https:\/\/matkailu.samediggi.fi\/se\/wp-json\/wp\/v2\/categories?post=2337"}],"curies":[{"name":"wp","href":"https:\/\/api.w.org\/{rel}","templated":true}]}}