{"id":2274,"date":"2025-03-11T08:34:15","date_gmt":"2025-03-11T06:34:15","guid":{"rendered":"https:\/\/matkailu.samediggi.fi\/?post_type=sanasto&#038;p=2274"},"modified":"2025-04-07T09:57:16","modified_gmt":"2025-04-07T06:57:16","slug":"kultuvrralas-oamasteapmi-kulttuurinen-omiminen","status":"publish","type":"sanasto","link":"https:\/\/matkailu.samediggi.fi\/se\/sanasto\/kultuvrralas-oamasteapmi-kulttuurinen-omiminen\/","title":{"rendered":"Kultuvrrala\u0161 oamasteapmi"},"content":{"rendered":"<div class=\"wpb-content-wrapper\"><p>[vc_row row_height_percent=&#8221;0&#8243; overlay_alpha=&#8221;50&#8243; gutter_size=&#8221;3&#8243; column_width_percent=&#8221;100&#8243; shift_y=&#8221;0&#8243; z_index=&#8221;0&#8243; bottom_divider=&#8221;pyramids&#8221; uncode_shortcode_id=&#8221;494265&#8243;][vc_column column_width_percent=&#8221;100&#8243; gutter_size=&#8221;3&#8243; overlay_alpha=&#8221;50&#8243; shift_x=&#8221;0&#8243; shift_y=&#8221;0&#8243; shift_y_down=&#8221;0&#8243; z_index=&#8221;0&#8243; medium_width=&#8221;0&#8243; mobile_visibility=&#8221;yes&#8221; mobile_width=&#8221;0&#8243; width=&#8221;1\/4&#8243; uncode_shortcode_id=&#8221;184376&#8243;][\/vc_column][vc_column width=&#8221;1\/2&#8243;][vc_custom_heading auto_text=&#8221;yes&#8221; desktop_visibility=&#8221;yes&#8221; medium_visibility=&#8221;yes&#8221; uncode_shortcode_id=&#8221;193470&#8243;]Page Title[\/vc_custom_heading][vc_column_text uncode_shortcode_id=&#8221;210868&#8243;]Kultuvrrala\u0161 oamasteapmi rihkku s\u00e1miid kulturie\u0161r\u00e1\u0111\u0111ema, nuppiid s\u00e1niiguin s\u00e1miid vuo\u0111\u0111ol\u00e1gala\u0161 vuoigatvuo\u0111a mearridit ie\u017easet kultuvrras ja dan geavaheamis. Kultuvrrala\u0161 oamastemiin d\u00e1rkkuhuvvo dakk\u00e1r doaibma, mas \u00e1vkin adnojuvvojit elemeanttat nuppi kultuvrras, mii ii gula geavaheaddji ie\u017eas kultuvrii, ja \u00e1vkin atnin d\u00e1hp\u00e1huvv\u00e1 almm\u00e1 geavahuvvon kultuvrra oamasteaddjiid miehtama haga. Kultuvrrala\u0161 oamasteamis lea jearaldat unnitlogu ja eanetlogu gaskasa\u0161 v\u00e1lder\u00e1hkadusain. Lobihis \u00e1vkin atnima lassin kultuvrra oamasteami dahk\u00e1 vah\u00e1tla\u017e\u017ean dat, ahte dakk\u00e1r olmmo\u0161, guhte atn\u00e1 \u00e1vkin nuppi kultuvrra elemeanttaid, ii \u00e1dde dahje ane \u00e1rvvus elemeanttaid viid\u00e1sut kultuvrrala\u0161 mearkka\u0161umi dahje die\u0111u. Olu s\u00e1mekultuvrra oasit leat buorringeavahuvvon turismmas juo logiidjagiid. D\u00e1vj\u00e1 turismmas geavahuvvon s\u00e1mekultuvrra symbolat leat s\u00e1miide erenom\u00e1\u0161 deh\u00e1la\u010d\u010dat ja daidda lakt\u00e1sit m\u00e1\u014bggat mearkka\u0161ahtti kultuvrrala\u0161 mearkka\u0161umit ja die\u0111ut, maid birra dakk\u00e1r olbmos, guhte ii dovdda kultuvrra, ii vejola\u010d\u010dat g\u00e1vdno \u010diek\u014balut ipm\u00e1rdus iige \u00e1ddejupmi. \u010ciek\u014balut kultuvrrala\u0161 mearkka\u0161umi \u00e1ddetmeahttunvuohta ovddida kultuvrra boasttogeavahusaid ja vejola\u010d\u010dat dagaha kultuvrrala\u0161 boastto informa\u0161uvnna l\u00e1vdama. Diehtemeahttunvuohta ii j\u00e1vkat kultuvrra olggobeale geavaheaddji ovddasv\u00e1st\u00e1dusa, muhto dovddaha buorebutge skiluhisvuo\u0111a dahje badjelgeah\u010d\u010dama kultuvrra ektui, maid geavaha \u00e1vkin.[\/vc_column_text][vc_row_inner][vc_column_inner column_width_percent=&#8221;100&#8243; gutter_size=&#8221;3&#8243; back_color=&#8221;color-xsdn&#8221; overlay_alpha=&#8221;50&#8243; radius=&#8221;std&#8221; shadow=&#8221;xs&#8221; shift_x=&#8221;0&#8243; shift_y=&#8221;0&#8243; shift_y_down=&#8221;0&#8243; z_index=&#8221;0&#8243; medium_width=&#8221;0&#8243; mobile_width=&#8221;0&#8243; width=&#8221;1\/1&#8243; uncode_shortcode_id=&#8221;113858&#8243; back_color_type=&#8221;uncode-palette&#8221;][vc_column_text uncode_shortcode_id=&#8221;928154&#8243;]<\/p>\n<h3>Geah\u010da maidd\u00e1i<\/h3>\n<p><a href=\"https:\/\/matkailu.samediggi.fi\/se\/sanasto\/kultuvrralas-suvdilvuohta-kulttuurinen-kestavyys\/\">kultuvrrala\u0161 suvdilvuohta<\/a>, <a href=\"https:\/\/matkailu.samediggi.fi\/se\/sanasto\/kultuvrralas-identitehtasuoladeapmi-kulttuurinen-identiteettivarkaus\/\">kultuvrrala\u0161 identitehtasuol\u00e1deapmi<\/a>, <a href=\"https:\/\/matkailu.samediggi.fi\/se\/sanasto\/hutkojuvvon-arbevierut-keksityt-perinteet\/\">hutkojuvvon \u00e1rbevierut<\/a>, <a href=\"https:\/\/matkailu.samediggi.fi\/se\/sanasto\/luoikkahuvvon-arbevierut-lainatut-perinteet\/\">luoikkahuvvon \u00e1rbevierut<\/a>, <a href=\"https:\/\/matkailu.samediggi.fi\/se\/sanasto\/disinformasuvdna-ja-misinformasuvdna-disinformaatio-ja-misinformaatio\/\">disinforma\u0161uvdna ja misinforma\u0161uvdna<\/a>, <a href=\"https:\/\/matkailu.samediggi.fi\/se\/sanasto\/turismma-mii-avkkastalla-sapmelasvuoda-saamelaisuutta-hyvaksikayttava-matkailu\/\">turismma, mii \u00e1vkk\u00e1stall\u00e1 s\u00e1pmela\u0161vuo\u0111a<\/a>, <a href=\"https:\/\/matkailu.samediggi.fi\/se\/sanasto\/sapmelasvuhtii-vuodduduvvi-turisma-saamelaisuuteen-perustuva-matkailu\/\">s\u00e1pmela\u0161vuhtii vuo\u0111\u0111uduvvi turisma<\/a>, <a href=\"https:\/\/matkailu.samediggi.fi\/se\/sanasto\/kultuvrra-halddaseaddjit-kulttuurin-haltijat\/\">kultuvrra h\u00e1ldda\u0161eaddjit<\/a>, <a href=\"https:\/\/matkailu.samediggi.fi\/se\/sanasto\/eaktivuohta-aitous\/\">eaktivuohta<\/a>[\/vc_column_text][\/vc_column_inner][\/vc_row_inner][\/vc_column][vc_column width=&#8221;1\/4&#8243;][\/vc_column][\/vc_row]<\/p>\n<\/div>","protected":false},"excerpt":{"rendered":"<p>[vc_row row_height_percent=&#8221;0&#8243; overlay_alpha=&#8221;50&#8243; gutter_size=&#8221;3&#8243; column_width_percent=&#8221;100&#8243; shift_y=&#8221;0&#8243; z_index=&#8221;0&#8243; bottom_divider=&#8221;pyramids&#8221; uncode_shortcode_id=&#8221;494265&#8243;][vc_column column_width_percent=&#8221;100&#8243; gutter_size=&#8221;3&#8243; overlay_alpha=&#8221;50&#8243; shift_x=&#8221;0&#8243; shift_y=&#8221;0&#8243; shift_y_down=&#8221;0&#8243; z_index=&#8221;0&#8243; medium_width=&#8221;0&#8243; mobile_visibility=&#8221;yes&#8221; mobile_width=&#8221;0&#8243; width=&#8221;1\/4&#8243; [&hellip;]<\/p>\n","protected":false},"featured_media":0,"template":"","meta":[],"categories":[166],"class_list":["post-2274","sanasto","type-sanasto","status-publish","hentry","category-k-se"],"yoast_head":"<!-- This site is optimized with the Yoast SEO plugin v26.6 - https:\/\/yoast.com\/wordpress\/plugins\/seo\/ -->\n<title>Kultuvrrala\u0161 oamasteapmi - Saamelaismatkailu<\/title>\n<meta name=\"robots\" content=\"index, follow, max-snippet:-1, max-image-preview:large, max-video-preview:-1\" \/>\n<link rel=\"canonical\" href=\"https:\/\/matkailu.samediggi.fi\/se\/sanasto\/kultuvrralas-oamasteapmi-kulttuurinen-omiminen\/\" \/>\n<meta property=\"og:locale\" content=\"se_NO\" \/>\n<meta property=\"og:type\" content=\"article\" \/>\n<meta property=\"og:title\" content=\"Kultuvrrala\u0161 oamasteapmi - Saamelaismatkailu\" \/>\n<meta property=\"og:description\" content=\"[vc_row row_height_percent=&#8221;0&#8243; overlay_alpha=&#8221;50&#8243; gutter_size=&#8221;3&#8243; column_width_percent=&#8221;100&#8243; shift_y=&#8221;0&#8243; z_index=&#8221;0&#8243; bottom_divider=&#8221;pyramids&#8221; uncode_shortcode_id=&#8221;494265&#8243;][vc_column column_width_percent=&#8221;100&#8243; gutter_size=&#8221;3&#8243; overlay_alpha=&#8221;50&#8243; shift_x=&#8221;0&#8243; shift_y=&#8221;0&#8243; shift_y_down=&#8221;0&#8243; z_index=&#8221;0&#8243; medium_width=&#8221;0&#8243; mobile_visibility=&#8221;yes&#8221; mobile_width=&#8221;0&#8243; width=&#8221;1\/4&#8243; [&hellip;]\" \/>\n<meta property=\"og:url\" content=\"https:\/\/matkailu.samediggi.fi\/se\/sanasto\/kultuvrralas-oamasteapmi-kulttuurinen-omiminen\/\" \/>\n<meta property=\"og:site_name\" content=\"Saamelaismatkailu\" \/>\n<meta property=\"article:modified_time\" content=\"2025-04-07T06:57:16+00:00\" \/>\n<meta name=\"twitter:card\" content=\"summary_large_image\" \/>\n<meta name=\"twitter:label1\" content=\"Est. reading time\" \/>\n\t<meta name=\"twitter:data1\" content=\"2 minutes\" \/>\n<script type=\"application\/ld+json\" class=\"yoast-schema-graph\">{\"@context\":\"https:\/\/schema.org\",\"@graph\":[{\"@type\":\"WebPage\",\"@id\":\"https:\/\/matkailu.samediggi.fi\/se\/sanasto\/kultuvrralas-oamasteapmi-kulttuurinen-omiminen\/\",\"url\":\"https:\/\/matkailu.samediggi.fi\/se\/sanasto\/kultuvrralas-oamasteapmi-kulttuurinen-omiminen\/\",\"name\":\"Kultuvrrala\u0161 oamasteapmi - Saamelaismatkailu\",\"isPartOf\":{\"@id\":\"https:\/\/matkailu.samediggi.fi\/se\/#website\"},\"datePublished\":\"2025-03-11T06:34:15+00:00\",\"dateModified\":\"2025-04-07T06:57:16+00:00\",\"breadcrumb\":{\"@id\":\"https:\/\/matkailu.samediggi.fi\/se\/sanasto\/kultuvrralas-oamasteapmi-kulttuurinen-omiminen\/#breadcrumb\"},\"inLanguage\":\"se-NO\",\"potentialAction\":[{\"@type\":\"ReadAction\",\"target\":[\"https:\/\/matkailu.samediggi.fi\/se\/sanasto\/kultuvrralas-oamasteapmi-kulttuurinen-omiminen\/\"]}]},{\"@type\":\"BreadcrumbList\",\"@id\":\"https:\/\/matkailu.samediggi.fi\/se\/sanasto\/kultuvrralas-oamasteapmi-kulttuurinen-omiminen\/#breadcrumb\",\"itemListElement\":[{\"@type\":\"ListItem\",\"position\":1,\"name\":\"Home\",\"item\":\"https:\/\/matkailu.samediggi.fi\/se\/\"},{\"@type\":\"ListItem\",\"position\":2,\"name\":\"Kultuvrrala\u0161 oamasteapmi\"}]},{\"@type\":\"WebSite\",\"@id\":\"https:\/\/matkailu.samediggi.fi\/se\/#website\",\"url\":\"https:\/\/matkailu.samediggi.fi\/se\/\",\"name\":\"Saamelaismatkailu\",\"description\":\"\",\"publisher\":{\"@id\":\"https:\/\/matkailu.samediggi.fi\/se\/#organization\"},\"potentialAction\":[{\"@type\":\"SearchAction\",\"target\":{\"@type\":\"EntryPoint\",\"urlTemplate\":\"https:\/\/matkailu.samediggi.fi\/se\/?s={search_term_string}\"},\"query-input\":{\"@type\":\"PropertyValueSpecification\",\"valueRequired\":true,\"valueName\":\"search_term_string\"}}],\"inLanguage\":\"se-NO\"},{\"@type\":\"Organization\",\"@id\":\"https:\/\/matkailu.samediggi.fi\/se\/#organization\",\"name\":\"Saamelaisk\u00e4r\u00e4j\u00e4t\",\"url\":\"https:\/\/matkailu.samediggi.fi\/se\/\",\"logo\":{\"@type\":\"ImageObject\",\"inLanguage\":\"se-NO\",\"@id\":\"https:\/\/matkailu.samediggi.fi\/se\/#\/schema\/logo\/image\/\",\"url\":\"https:\/\/matkailu.samediggi.fi\/wp-content\/uploads\/2022\/02\/Samediggilogo_TxtAktiv-1.png\",\"contentUrl\":\"https:\/\/matkailu.samediggi.fi\/wp-content\/uploads\/2022\/02\/Samediggilogo_TxtAktiv-1.png\",\"width\":2490,\"height\":1044,\"caption\":\"Saamelaisk\u00e4r\u00e4j\u00e4t\"},\"image\":{\"@id\":\"https:\/\/matkailu.samediggi.fi\/se\/#\/schema\/logo\/image\/\"}}]}<\/script>\n<!-- \/ Yoast SEO plugin. -->","yoast_head_json":{"title":"Kultuvrrala\u0161 oamasteapmi - Saamelaismatkailu","robots":{"index":"index","follow":"follow","max-snippet":"max-snippet:-1","max-image-preview":"max-image-preview:large","max-video-preview":"max-video-preview:-1"},"canonical":"https:\/\/matkailu.samediggi.fi\/se\/sanasto\/kultuvrralas-oamasteapmi-kulttuurinen-omiminen\/","og_locale":"se_NO","og_type":"article","og_title":"Kultuvrrala\u0161 oamasteapmi - Saamelaismatkailu","og_description":"[vc_row row_height_percent=&#8221;0&#8243; overlay_alpha=&#8221;50&#8243; gutter_size=&#8221;3&#8243; column_width_percent=&#8221;100&#8243; shift_y=&#8221;0&#8243; z_index=&#8221;0&#8243; bottom_divider=&#8221;pyramids&#8221; uncode_shortcode_id=&#8221;494265&#8243;][vc_column column_width_percent=&#8221;100&#8243; gutter_size=&#8221;3&#8243; overlay_alpha=&#8221;50&#8243; shift_x=&#8221;0&#8243; shift_y=&#8221;0&#8243; shift_y_down=&#8221;0&#8243; z_index=&#8221;0&#8243; medium_width=&#8221;0&#8243; mobile_visibility=&#8221;yes&#8221; mobile_width=&#8221;0&#8243; width=&#8221;1\/4&#8243; [&hellip;]","og_url":"https:\/\/matkailu.samediggi.fi\/se\/sanasto\/kultuvrralas-oamasteapmi-kulttuurinen-omiminen\/","og_site_name":"Saamelaismatkailu","article_modified_time":"2025-04-07T06:57:16+00:00","twitter_card":"summary_large_image","twitter_misc":{"Est. reading time":"2 minutes"},"schema":{"@context":"https:\/\/schema.org","@graph":[{"@type":"WebPage","@id":"https:\/\/matkailu.samediggi.fi\/se\/sanasto\/kultuvrralas-oamasteapmi-kulttuurinen-omiminen\/","url":"https:\/\/matkailu.samediggi.fi\/se\/sanasto\/kultuvrralas-oamasteapmi-kulttuurinen-omiminen\/","name":"Kultuvrrala\u0161 oamasteapmi - Saamelaismatkailu","isPartOf":{"@id":"https:\/\/matkailu.samediggi.fi\/se\/#website"},"datePublished":"2025-03-11T06:34:15+00:00","dateModified":"2025-04-07T06:57:16+00:00","breadcrumb":{"@id":"https:\/\/matkailu.samediggi.fi\/se\/sanasto\/kultuvrralas-oamasteapmi-kulttuurinen-omiminen\/#breadcrumb"},"inLanguage":"se-NO","potentialAction":[{"@type":"ReadAction","target":["https:\/\/matkailu.samediggi.fi\/se\/sanasto\/kultuvrralas-oamasteapmi-kulttuurinen-omiminen\/"]}]},{"@type":"BreadcrumbList","@id":"https:\/\/matkailu.samediggi.fi\/se\/sanasto\/kultuvrralas-oamasteapmi-kulttuurinen-omiminen\/#breadcrumb","itemListElement":[{"@type":"ListItem","position":1,"name":"Home","item":"https:\/\/matkailu.samediggi.fi\/se\/"},{"@type":"ListItem","position":2,"name":"Kultuvrrala\u0161 oamasteapmi"}]},{"@type":"WebSite","@id":"https:\/\/matkailu.samediggi.fi\/se\/#website","url":"https:\/\/matkailu.samediggi.fi\/se\/","name":"Saamelaismatkailu","description":"","publisher":{"@id":"https:\/\/matkailu.samediggi.fi\/se\/#organization"},"potentialAction":[{"@type":"SearchAction","target":{"@type":"EntryPoint","urlTemplate":"https:\/\/matkailu.samediggi.fi\/se\/?s={search_term_string}"},"query-input":{"@type":"PropertyValueSpecification","valueRequired":true,"valueName":"search_term_string"}}],"inLanguage":"se-NO"},{"@type":"Organization","@id":"https:\/\/matkailu.samediggi.fi\/se\/#organization","name":"Saamelaisk\u00e4r\u00e4j\u00e4t","url":"https:\/\/matkailu.samediggi.fi\/se\/","logo":{"@type":"ImageObject","inLanguage":"se-NO","@id":"https:\/\/matkailu.samediggi.fi\/se\/#\/schema\/logo\/image\/","url":"https:\/\/matkailu.samediggi.fi\/wp-content\/uploads\/2022\/02\/Samediggilogo_TxtAktiv-1.png","contentUrl":"https:\/\/matkailu.samediggi.fi\/wp-content\/uploads\/2022\/02\/Samediggilogo_TxtAktiv-1.png","width":2490,"height":1044,"caption":"Saamelaisk\u00e4r\u00e4j\u00e4t"},"image":{"@id":"https:\/\/matkailu.samediggi.fi\/se\/#\/schema\/logo\/image\/"}}]}},"_links":{"self":[{"href":"https:\/\/matkailu.samediggi.fi\/se\/wp-json\/wp\/v2\/sanasto\/2274","targetHints":{"allow":["GET"]}}],"collection":[{"href":"https:\/\/matkailu.samediggi.fi\/se\/wp-json\/wp\/v2\/sanasto"}],"about":[{"href":"https:\/\/matkailu.samediggi.fi\/se\/wp-json\/wp\/v2\/types\/sanasto"}],"wp:attachment":[{"href":"https:\/\/matkailu.samediggi.fi\/se\/wp-json\/wp\/v2\/media?parent=2274"}],"wp:term":[{"taxonomy":"category","embeddable":true,"href":"https:\/\/matkailu.samediggi.fi\/se\/wp-json\/wp\/v2\/categories?post=2274"}],"curies":[{"name":"wp","href":"https:\/\/api.w.org\/{rel}","templated":true}]}}