{"id":2272,"date":"2025-03-11T08:32:44","date_gmt":"2025-03-11T06:32:44","guid":{"rendered":"https:\/\/matkailu.samediggi.fi\/?post_type=sanasto&#038;p=2272"},"modified":"2025-04-07T09:54:03","modified_gmt":"2025-04-07T06:54:03","slug":"kultuvrralas-suvdilvuohta-kulttuurinen-kestavyys","status":"publish","type":"sanasto","link":"https:\/\/matkailu.samediggi.fi\/se\/sanasto\/kultuvrralas-suvdilvuohta-kulttuurinen-kestavyys\/","title":{"rendered":"Kultuvrrala\u0161 suvdilvuohta"},"content":{"rendered":"<div class=\"wpb-content-wrapper\"><p>[vc_row row_height_percent=&#8221;0&#8243; overlay_alpha=&#8221;50&#8243; gutter_size=&#8221;3&#8243; column_width_percent=&#8221;100&#8243; shift_y=&#8221;0&#8243; z_index=&#8221;0&#8243; bottom_divider=&#8221;pyramids&#8221; uncode_shortcode_id=&#8221;494265&#8243;][vc_column column_width_percent=&#8221;100&#8243; gutter_size=&#8221;3&#8243; overlay_alpha=&#8221;50&#8243; shift_x=&#8221;0&#8243; shift_y=&#8221;0&#8243; shift_y_down=&#8221;0&#8243; z_index=&#8221;0&#8243; medium_width=&#8221;0&#8243; mobile_visibility=&#8221;yes&#8221; mobile_width=&#8221;0&#8243; width=&#8221;1\/4&#8243; uncode_shortcode_id=&#8221;184376&#8243;][\/vc_column][vc_column width=&#8221;1\/2&#8243;][vc_custom_heading auto_text=&#8221;yes&#8221; desktop_visibility=&#8221;yes&#8221; medium_visibility=&#8221;yes&#8221; uncode_shortcode_id=&#8221;193470&#8243;]Page Title[\/vc_custom_heading][vc_column_text uncode_shortcode_id=&#8221;156035&#8243;]Kultuvrrala\u010d\u010dat suvdilis turismmala\u0161 buvttan r\u00e1hkadeamis lea deh\u00e1la\u0161 leat nana \u00e1ddejupmi dan kultuvrras mas lea buktaga r\u00e1hkadeamen. Kultuvrrala\u0161 buktagiid r\u00e1hkadeapm\u00e1i galg\u00e1 dahkkot kultuvrra h\u00e1ldda\u0161eddjiid kultuvrrala\u0161 \u00e1rvvuid ja oainnuid mielde. Kultuvrra h\u00e1ldda\u0161eaddjit galget bastit h\u00e1ldda\u0161it dan vuogi, mo sin kultuvra oidno turismmas ja maidd\u00e1i dan, maid kultuvrra osiid s\u00e1htt\u00e1 buvttan r\u00e1hkadit ja maid galg\u00e1 guo\u0111\u0111it g\u00e1vpp\u00e1la\u0161vuo\u0111a olggobeall\u00e1i. Guovdd\u00e1\u0161 dovdomearka kultuvrrala\u0161 suvdilvuo\u0111as s\u00e1mi turismmas lea eaktivuohta ja kultuvrra buvttan r\u00e1hkadeapmi b\u00e1ikk\u00e1la\u0161 \u00e1rbevieruid ja d\u00e1biid ja maidd\u00e1i d\u00e1l\u00e1 \u00e1iggi vuo\u0111ul. Kultuvrrala\u0161 suvdilvuo\u0111a vuolggasadjin turismma buvttan r\u00e1hkadeami ja \u010d\u00e1jeheami pl\u00e1nedettiin ja olla\u0161uhtidettiin galg\u00e1 leat kultuvrra seailluheapmi boahtteva\u0161 sohkabuolvvaide fuolakeahtt\u00e1 buvttan r\u00e1hkadeamis dahje \u010d\u00e1jeheamis. Turismaeal\u00e1hus ii oa\u010d\u010do dagahit doaimmaidisguin kultur\u00e1rbbi \u00e1itatvulo\u017ein, uhkivulo\u017ein dahje ahte dat\u00a0 j\u00e1vk\u00e1. S\u00e1mekultuvrra g\u00e1vpp\u00e1la\u0161 buvttadeapmi ja \u00e1vkk\u00e1stallan gull\u00e1 s\u00e1pmela\u0161 doibmiide. B\u00e1ikk\u00e1la\u0161 s\u00e1mekultuvrra gudnejahttin ja eaktivuohta kultuvrra \u00e1vkin atnimis gullet deh\u00e1la\u0161 oassin kultuvrrala\u010d\u010dat suvdilis ja v\u00e1sttola\u0161 s\u00e1mi turismmaeal\u00e1husaide. Kultuvrrala\u010d\u010dat suvdilis turisma maidd\u00e1i dahk\u00e1 vejola\u017e\u017ean dan, ahte turisma\u010duoz\u00e1haga s\u00e1mesearvvu\u0161 s\u00e1htt\u00e1 olla\u0161uhttit ja sirdit kultuvrra sihke \u00e1rggas ja \u00e1vvudoaluin almm\u00e1 turismmas dahje m\u00e1tkk\u00e1la\u010d\u010dain \u0161addi uhc\u00e1na\u010d\u010da stuor\u00e1t hehttehusaid dahje nupp\u00e1stusaid kultuvrrala\u0161 d\u00e1biide dahje geavadiidda.[\/vc_column_text][vc_row_inner][vc_column_inner column_width_percent=&#8221;100&#8243; gutter_size=&#8221;3&#8243; back_color=&#8221;color-xsdn&#8221; overlay_alpha=&#8221;50&#8243; radius=&#8221;std&#8221; shadow=&#8221;xs&#8221; shift_x=&#8221;0&#8243; shift_y=&#8221;0&#8243; shift_y_down=&#8221;0&#8243; z_index=&#8221;0&#8243; medium_width=&#8221;0&#8243; mobile_width=&#8221;0&#8243; width=&#8221;1\/1&#8243; uncode_shortcode_id=&#8221;113858&#8243; back_color_type=&#8221;uncode-palette&#8221;][vc_column_text uncode_shortcode_id=&#8221;207511&#8243;]<\/p>\n<h3>Geah\u010da maidd\u00e1i<\/h3>\n<p><a href=\"https:\/\/matkailu.samediggi.fi\/se\/sanasto\/samekultuvra-saamelaiskulttuuri\/\">s\u00e1mekultuvra<\/a>,\u00a0<a href=\"https:\/\/matkailu.samediggi.fi\/se\/sanasto\/kultuvrra-halddaseaddjit-kulttuurin-haltijat\/\">kultuvrra h\u00e1ldda\u0161eaddjit<\/a>, <a href=\"https:\/\/matkailu.samediggi.fi\/se\/sanasto\/etihkalas-ravvagat-eettinen-ohje\/\">etihkala\u0161 r\u00e1vvagat<\/a>, <a href=\"https:\/\/matkailu.samediggi.fi\/se\/sanasto\/eaktivuohta-aitous\/\">eaktivuohta<\/a>, <a href=\"https:\/\/matkailu.samediggi.fi\/se\/sanasto\/sameturisma-saamelaismatkailu\/\">s\u00e1meturisma<\/a>, <a href=\"https:\/\/matkailu.samediggi.fi\/se\/sanasto\/vasttolas-sami-turisma-vastuullinen-saamelaismatkailu\/\">v\u00e1sttola\u0161 s\u00e1mi turisma<\/a>, <a href=\"https:\/\/matkailu.samediggi.fi\/se\/sanasto\/ekologalas-suvdilisvuohta-ekologinen-kestavyys\/\">ekologala\u0161 suvdilisvuohta<\/a>, <a href=\"https:\/\/matkailu.samediggi.fi\/se\/sanasto\/sosiala-suvdilisvuohta-sosiaalinen-kestavyys\/\">sosi\u00e1la suvdilisvuohta<\/a>, <a href=\"https:\/\/matkailu.samediggi.fi\/se\/sanasto\/ekonomalas-suvdilisvuohta-taloudellinen-kestavyys\/\">ekonomala\u0161 suvdilisvuohta<\/a>, <a href=\"https:\/\/matkailu.samediggi.fi\/se\/sanasto\/ekologalas-suvdinnakca-ekologinen-kantokyky\/\">ekologala\u0161 suvdinn\u00e1kca<\/a>, <a href=\"https:\/\/matkailu.samediggi.fi\/se\/sanasto\/kultuvrralas-guoddinnakca-kulttuurinen-kantokyky\/\">kultuvrrala\u0161 guoddinn\u00e1kca<\/a>, <a href=\"https:\/\/matkailu.samediggi.fi\/se\/sanasto\/sosiala-gierdevasvuohta-sosiaalinen-kantokyky\/\">sosi\u00e1la gierdeva\u0161vuohta,<\/a> <a href=\"https:\/\/matkailu.samediggi.fi\/se\/sanasto\/ekonomalas-guoddinnakca-taloudellinen-kantokyky\/\">ekonomala\u0161 guoddinn\u00e1kca<\/a>, <a href=\"https:\/\/matkailu.samediggi.fi\/se\/sanasto\/sapmelasvuhtii-vuodduduvvi-turisma-saamelaisuuteen-perustuva-matkailu\/\">s\u00e1pmela\u0161vuhtii vuo\u0111\u0111uduvvi turisma<\/a>, <a href=\"https:\/\/matkailu.samediggi.fi\/se\/sanasto\/turismma-mii-avkkastalla-sapmelasvuoda-saamelaisuutta-hyvaksikayttava-matkailu\/\">turismma, mii \u00e1vkk\u00e1stall\u00e1 s\u00e1pmela\u0161vuo\u0111a<\/a>, <a href=\"https:\/\/matkailu.samediggi.fi\/se\/sanasto\/samediggi-saamelaiskarajat\/\">s\u00e1mediggi<\/a>[\/vc_column_text][\/vc_column_inner][\/vc_row_inner][\/vc_column][vc_column width=&#8221;1\/4&#8243;][\/vc_column][\/vc_row]<\/p>\n<\/div>","protected":false},"excerpt":{"rendered":"<p>[vc_row row_height_percent=&#8221;0&#8243; overlay_alpha=&#8221;50&#8243; gutter_size=&#8221;3&#8243; column_width_percent=&#8221;100&#8243; shift_y=&#8221;0&#8243; z_index=&#8221;0&#8243; bottom_divider=&#8221;pyramids&#8221; uncode_shortcode_id=&#8221;494265&#8243;][vc_column column_width_percent=&#8221;100&#8243; gutter_size=&#8221;3&#8243; overlay_alpha=&#8221;50&#8243; shift_x=&#8221;0&#8243; shift_y=&#8221;0&#8243; shift_y_down=&#8221;0&#8243; z_index=&#8221;0&#8243; medium_width=&#8221;0&#8243; mobile_visibility=&#8221;yes&#8221; mobile_width=&#8221;0&#8243; width=&#8221;1\/4&#8243; [&hellip;]<\/p>\n","protected":false},"featured_media":0,"template":"","meta":[],"categories":[166],"class_list":["post-2272","sanasto","type-sanasto","status-publish","hentry","category-k-se"],"yoast_head":"<!-- This site is optimized with the Yoast SEO plugin v26.6 - https:\/\/yoast.com\/wordpress\/plugins\/seo\/ -->\n<title>Kultuvrrala\u0161 suvdilvuohta - Saamelaismatkailu<\/title>\n<meta name=\"robots\" content=\"index, follow, max-snippet:-1, max-image-preview:large, max-video-preview:-1\" \/>\n<link rel=\"canonical\" href=\"https:\/\/matkailu.samediggi.fi\/se\/sanasto\/kultuvrralas-suvdilvuohta-kulttuurinen-kestavyys\/\" \/>\n<meta property=\"og:locale\" content=\"se_NO\" \/>\n<meta property=\"og:type\" content=\"article\" \/>\n<meta property=\"og:title\" content=\"Kultuvrrala\u0161 suvdilvuohta - Saamelaismatkailu\" \/>\n<meta property=\"og:description\" content=\"[vc_row row_height_percent=&#8221;0&#8243; overlay_alpha=&#8221;50&#8243; gutter_size=&#8221;3&#8243; column_width_percent=&#8221;100&#8243; shift_y=&#8221;0&#8243; z_index=&#8221;0&#8243; bottom_divider=&#8221;pyramids&#8221; uncode_shortcode_id=&#8221;494265&#8243;][vc_column column_width_percent=&#8221;100&#8243; gutter_size=&#8221;3&#8243; overlay_alpha=&#8221;50&#8243; shift_x=&#8221;0&#8243; shift_y=&#8221;0&#8243; shift_y_down=&#8221;0&#8243; z_index=&#8221;0&#8243; medium_width=&#8221;0&#8243; mobile_visibility=&#8221;yes&#8221; mobile_width=&#8221;0&#8243; width=&#8221;1\/4&#8243; [&hellip;]\" \/>\n<meta property=\"og:url\" content=\"https:\/\/matkailu.samediggi.fi\/se\/sanasto\/kultuvrralas-suvdilvuohta-kulttuurinen-kestavyys\/\" \/>\n<meta property=\"og:site_name\" content=\"Saamelaismatkailu\" \/>\n<meta property=\"article:modified_time\" content=\"2025-04-07T06:54:03+00:00\" \/>\n<meta name=\"twitter:card\" content=\"summary_large_image\" \/>\n<meta name=\"twitter:label1\" content=\"Est. reading time\" \/>\n\t<meta name=\"twitter:data1\" content=\"2 minutes\" \/>\n<script type=\"application\/ld+json\" class=\"yoast-schema-graph\">{\"@context\":\"https:\/\/schema.org\",\"@graph\":[{\"@type\":\"WebPage\",\"@id\":\"https:\/\/matkailu.samediggi.fi\/se\/sanasto\/kultuvrralas-suvdilvuohta-kulttuurinen-kestavyys\/\",\"url\":\"https:\/\/matkailu.samediggi.fi\/se\/sanasto\/kultuvrralas-suvdilvuohta-kulttuurinen-kestavyys\/\",\"name\":\"Kultuvrrala\u0161 suvdilvuohta - Saamelaismatkailu\",\"isPartOf\":{\"@id\":\"https:\/\/matkailu.samediggi.fi\/se\/#website\"},\"datePublished\":\"2025-03-11T06:32:44+00:00\",\"dateModified\":\"2025-04-07T06:54:03+00:00\",\"breadcrumb\":{\"@id\":\"https:\/\/matkailu.samediggi.fi\/se\/sanasto\/kultuvrralas-suvdilvuohta-kulttuurinen-kestavyys\/#breadcrumb\"},\"inLanguage\":\"se-NO\",\"potentialAction\":[{\"@type\":\"ReadAction\",\"target\":[\"https:\/\/matkailu.samediggi.fi\/se\/sanasto\/kultuvrralas-suvdilvuohta-kulttuurinen-kestavyys\/\"]}]},{\"@type\":\"BreadcrumbList\",\"@id\":\"https:\/\/matkailu.samediggi.fi\/se\/sanasto\/kultuvrralas-suvdilvuohta-kulttuurinen-kestavyys\/#breadcrumb\",\"itemListElement\":[{\"@type\":\"ListItem\",\"position\":1,\"name\":\"Home\",\"item\":\"https:\/\/matkailu.samediggi.fi\/se\/\"},{\"@type\":\"ListItem\",\"position\":2,\"name\":\"Kultuvrrala\u0161 suvdilvuohta\"}]},{\"@type\":\"WebSite\",\"@id\":\"https:\/\/matkailu.samediggi.fi\/se\/#website\",\"url\":\"https:\/\/matkailu.samediggi.fi\/se\/\",\"name\":\"Saamelaismatkailu\",\"description\":\"\",\"publisher\":{\"@id\":\"https:\/\/matkailu.samediggi.fi\/se\/#organization\"},\"potentialAction\":[{\"@type\":\"SearchAction\",\"target\":{\"@type\":\"EntryPoint\",\"urlTemplate\":\"https:\/\/matkailu.samediggi.fi\/se\/?s={search_term_string}\"},\"query-input\":{\"@type\":\"PropertyValueSpecification\",\"valueRequired\":true,\"valueName\":\"search_term_string\"}}],\"inLanguage\":\"se-NO\"},{\"@type\":\"Organization\",\"@id\":\"https:\/\/matkailu.samediggi.fi\/se\/#organization\",\"name\":\"Saamelaisk\u00e4r\u00e4j\u00e4t\",\"url\":\"https:\/\/matkailu.samediggi.fi\/se\/\",\"logo\":{\"@type\":\"ImageObject\",\"inLanguage\":\"se-NO\",\"@id\":\"https:\/\/matkailu.samediggi.fi\/se\/#\/schema\/logo\/image\/\",\"url\":\"https:\/\/matkailu.samediggi.fi\/wp-content\/uploads\/2022\/02\/Samediggilogo_TxtAktiv-1.png\",\"contentUrl\":\"https:\/\/matkailu.samediggi.fi\/wp-content\/uploads\/2022\/02\/Samediggilogo_TxtAktiv-1.png\",\"width\":2490,\"height\":1044,\"caption\":\"Saamelaisk\u00e4r\u00e4j\u00e4t\"},\"image\":{\"@id\":\"https:\/\/matkailu.samediggi.fi\/se\/#\/schema\/logo\/image\/\"}}]}<\/script>\n<!-- \/ Yoast SEO plugin. -->","yoast_head_json":{"title":"Kultuvrrala\u0161 suvdilvuohta - Saamelaismatkailu","robots":{"index":"index","follow":"follow","max-snippet":"max-snippet:-1","max-image-preview":"max-image-preview:large","max-video-preview":"max-video-preview:-1"},"canonical":"https:\/\/matkailu.samediggi.fi\/se\/sanasto\/kultuvrralas-suvdilvuohta-kulttuurinen-kestavyys\/","og_locale":"se_NO","og_type":"article","og_title":"Kultuvrrala\u0161 suvdilvuohta - Saamelaismatkailu","og_description":"[vc_row row_height_percent=&#8221;0&#8243; overlay_alpha=&#8221;50&#8243; gutter_size=&#8221;3&#8243; column_width_percent=&#8221;100&#8243; shift_y=&#8221;0&#8243; z_index=&#8221;0&#8243; bottom_divider=&#8221;pyramids&#8221; uncode_shortcode_id=&#8221;494265&#8243;][vc_column column_width_percent=&#8221;100&#8243; gutter_size=&#8221;3&#8243; overlay_alpha=&#8221;50&#8243; shift_x=&#8221;0&#8243; shift_y=&#8221;0&#8243; shift_y_down=&#8221;0&#8243; z_index=&#8221;0&#8243; medium_width=&#8221;0&#8243; mobile_visibility=&#8221;yes&#8221; mobile_width=&#8221;0&#8243; width=&#8221;1\/4&#8243; [&hellip;]","og_url":"https:\/\/matkailu.samediggi.fi\/se\/sanasto\/kultuvrralas-suvdilvuohta-kulttuurinen-kestavyys\/","og_site_name":"Saamelaismatkailu","article_modified_time":"2025-04-07T06:54:03+00:00","twitter_card":"summary_large_image","twitter_misc":{"Est. reading time":"2 minutes"},"schema":{"@context":"https:\/\/schema.org","@graph":[{"@type":"WebPage","@id":"https:\/\/matkailu.samediggi.fi\/se\/sanasto\/kultuvrralas-suvdilvuohta-kulttuurinen-kestavyys\/","url":"https:\/\/matkailu.samediggi.fi\/se\/sanasto\/kultuvrralas-suvdilvuohta-kulttuurinen-kestavyys\/","name":"Kultuvrrala\u0161 suvdilvuohta - Saamelaismatkailu","isPartOf":{"@id":"https:\/\/matkailu.samediggi.fi\/se\/#website"},"datePublished":"2025-03-11T06:32:44+00:00","dateModified":"2025-04-07T06:54:03+00:00","breadcrumb":{"@id":"https:\/\/matkailu.samediggi.fi\/se\/sanasto\/kultuvrralas-suvdilvuohta-kulttuurinen-kestavyys\/#breadcrumb"},"inLanguage":"se-NO","potentialAction":[{"@type":"ReadAction","target":["https:\/\/matkailu.samediggi.fi\/se\/sanasto\/kultuvrralas-suvdilvuohta-kulttuurinen-kestavyys\/"]}]},{"@type":"BreadcrumbList","@id":"https:\/\/matkailu.samediggi.fi\/se\/sanasto\/kultuvrralas-suvdilvuohta-kulttuurinen-kestavyys\/#breadcrumb","itemListElement":[{"@type":"ListItem","position":1,"name":"Home","item":"https:\/\/matkailu.samediggi.fi\/se\/"},{"@type":"ListItem","position":2,"name":"Kultuvrrala\u0161 suvdilvuohta"}]},{"@type":"WebSite","@id":"https:\/\/matkailu.samediggi.fi\/se\/#website","url":"https:\/\/matkailu.samediggi.fi\/se\/","name":"Saamelaismatkailu","description":"","publisher":{"@id":"https:\/\/matkailu.samediggi.fi\/se\/#organization"},"potentialAction":[{"@type":"SearchAction","target":{"@type":"EntryPoint","urlTemplate":"https:\/\/matkailu.samediggi.fi\/se\/?s={search_term_string}"},"query-input":{"@type":"PropertyValueSpecification","valueRequired":true,"valueName":"search_term_string"}}],"inLanguage":"se-NO"},{"@type":"Organization","@id":"https:\/\/matkailu.samediggi.fi\/se\/#organization","name":"Saamelaisk\u00e4r\u00e4j\u00e4t","url":"https:\/\/matkailu.samediggi.fi\/se\/","logo":{"@type":"ImageObject","inLanguage":"se-NO","@id":"https:\/\/matkailu.samediggi.fi\/se\/#\/schema\/logo\/image\/","url":"https:\/\/matkailu.samediggi.fi\/wp-content\/uploads\/2022\/02\/Samediggilogo_TxtAktiv-1.png","contentUrl":"https:\/\/matkailu.samediggi.fi\/wp-content\/uploads\/2022\/02\/Samediggilogo_TxtAktiv-1.png","width":2490,"height":1044,"caption":"Saamelaisk\u00e4r\u00e4j\u00e4t"},"image":{"@id":"https:\/\/matkailu.samediggi.fi\/se\/#\/schema\/logo\/image\/"}}]}},"_links":{"self":[{"href":"https:\/\/matkailu.samediggi.fi\/se\/wp-json\/wp\/v2\/sanasto\/2272","targetHints":{"allow":["GET"]}}],"collection":[{"href":"https:\/\/matkailu.samediggi.fi\/se\/wp-json\/wp\/v2\/sanasto"}],"about":[{"href":"https:\/\/matkailu.samediggi.fi\/se\/wp-json\/wp\/v2\/types\/sanasto"}],"wp:attachment":[{"href":"https:\/\/matkailu.samediggi.fi\/se\/wp-json\/wp\/v2\/media?parent=2272"}],"wp:term":[{"taxonomy":"category","embeddable":true,"href":"https:\/\/matkailu.samediggi.fi\/se\/wp-json\/wp\/v2\/categories?post=2272"}],"curies":[{"name":"wp","href":"https:\/\/api.w.org\/{rel}","templated":true}]}}