{"id":2236,"date":"2025-03-10T13:37:09","date_gmt":"2025-03-10T11:37:09","guid":{"rendered":"https:\/\/matkailu.samediggi.fi\/?post_type=sanasto&#038;p=2236"},"modified":"2025-04-04T10:37:36","modified_gmt":"2025-04-04T07:37:36","slug":"ekologalas-suvdinnakca-ekologinen-kantokyky","status":"publish","type":"sanasto","link":"https:\/\/matkailu.samediggi.fi\/se\/sanasto\/ekologalas-suvdinnakca-ekologinen-kantokyky\/","title":{"rendered":"Ekologala\u0161 suvdinn\u00e1kca"},"content":{"rendered":"<div class=\"wpb-content-wrapper\"><p>[vc_row row_height_percent=&#8221;0&#8243; overlay_alpha=&#8221;50&#8243; gutter_size=&#8221;3&#8243; column_width_percent=&#8221;100&#8243; shift_y=&#8221;0&#8243; z_index=&#8221;0&#8243; bottom_divider=&#8221;pyramids&#8221; uncode_shortcode_id=&#8221;494265&#8243;][vc_column column_width_percent=&#8221;100&#8243; gutter_size=&#8221;3&#8243; overlay_alpha=&#8221;50&#8243; shift_x=&#8221;0&#8243; shift_y=&#8221;0&#8243; shift_y_down=&#8221;0&#8243; z_index=&#8221;0&#8243; medium_width=&#8221;0&#8243; mobile_visibility=&#8221;yes&#8221; mobile_width=&#8221;0&#8243; width=&#8221;1\/4&#8243; uncode_shortcode_id=&#8221;184376&#8243;][\/vc_column][vc_column width=&#8221;1\/2&#8243;][vc_custom_heading auto_text=&#8221;yes&#8221; desktop_visibility=&#8221;yes&#8221; medium_visibility=&#8221;yes&#8221; uncode_shortcode_id=&#8221;193470&#8243;]Page Title[\/vc_custom_heading][vc_column_text uncode_shortcode_id=&#8221;626047&#8243;]Ekologala\u0161 suvdinn\u00e1kca sisttisdoall\u00e1 die\u0111u m\u00e1ksim\u00e1lala\u0161 mearis, man ollu turisttaid ja\/dahje turismadoaimmaid dihto turismaguovlu nagoda dustet almm\u00e1 birrasa goarideami haga. Turismadoibmii d\u00e1rbba\u0161uvvon ekologala\u0161 guoddinn\u00e1vccaide lakt\u00e1seaddji resurssaid geavaheami \u00e1rvvo\u0161taladettiin galg\u00e1 bidjat vuostta\u0161sadj\u00e1i s\u00e1meservo\u0161a luondduriggodagaid geavahand\u00e1rbbuid, masa gullet maidd\u00e1i b\u00e1ikk\u00e1la\u0161 s\u00e1meservo\u0161iid \u00e1rbevirola\u0161 eal\u00e1husat, n\u00e1vdda\u0161anvuoigatvuo\u0111at ja -guovllut ja ear\u00e1 eana- ja luondduriggodagaid geavaheapmi, mat leat juo g\u00e1vdnamis.[\/vc_column_text][vc_row_inner][vc_column_inner column_width_percent=&#8221;100&#8243; gutter_size=&#8221;3&#8243; back_color=&#8221;color-xsdn&#8221; overlay_alpha=&#8221;50&#8243; radius=&#8221;std&#8221; shadow=&#8221;xs&#8221; shift_x=&#8221;0&#8243; shift_y=&#8221;0&#8243; shift_y_down=&#8221;0&#8243; z_index=&#8221;0&#8243; medium_width=&#8221;0&#8243; mobile_width=&#8221;0&#8243; width=&#8221;1\/1&#8243; uncode_shortcode_id=&#8221;113858&#8243; back_color_type=&#8221;uncode-palette&#8221;][vc_column_text uncode_shortcode_id=&#8221;148246&#8243;]<\/p>\n<h3>Geah\u010da maidd\u00e1i<\/h3>\n<p><a href=\"https:\/\/matkailu.samediggi.fi\/se\/sanasto\/ekologalas-suvdilisvuohta-ekologinen-kestavyys\/\">ekologala\u0161 suvdilisvuohta<\/a>, <a href=\"https:\/\/matkailu.samediggi.fi\/se\/sanasto\/kultuvrralas-suvdilvuohta-kulttuurinen-kestavyys\/\">kultuvrrala\u0161 suvdilvuohta<\/a>, <a href=\"https:\/\/matkailu.samediggi.fi\/se\/sanasto\/sosiala-suvdilisvuohta-sosiaalinen-kestavyys\/\">sosi\u00e1la suvdilisvuohta<\/a>, <a href=\"https:\/\/matkailu.samediggi.fi\/se\/sanasto\/ekonomalas-suvdilisvuohta-taloudellinen-kestavyys\/\">ekonomala\u0161 suvdilisvuohta<\/a>, <a href=\"https:\/\/matkailu.samediggi.fi\/se\/sanasto\/kultuvrralas-guoddinnakca-kulttuurinen-kantokyky\/\">kultuvrrala\u0161 guoddinn\u00e1kca<\/a>, <a href=\"https:\/\/matkailu.samediggi.fi\/se\/sanasto\/sosiala-gierdevasvuohta-sosiaalinen-kantokyky\/\">sosi\u00e1la gierdeva\u0161vuohta<\/a>, <a href=\"https:\/\/matkailu.samediggi.fi\/se\/sanasto\/ekonomalas-guoddinnakca-taloudellinen-kantokyky\/\">ekonomala\u0161 guoddinn\u00e1kca<\/a>, <a href=\"https:\/\/matkailu.samediggi.fi\/se\/sanasto\/sapmelasvuhtii-vuodduduvvi-turisma-saamelaisuuteen-perustuva-matkailu\/\">s\u00e1pmela\u0161vuhtii vuo\u0111\u0111uduvvi turisma<\/a>,<a href=\"https:\/\/matkailu.samediggi.fi\/se\/sanasto\/turismma-mii-avkkastalla-sapmelasvuoda-saamelaisuutta-hyvaksikayttava-matkailu\/\"> turismma, mii \u00e1vkk\u00e1stall\u00e1 s\u00e1pmela\u0161vuo\u0111a<\/a>, <a href=\"https:\/\/matkailu.samediggi.fi\/se\/sanasto\/etihkalas-ravvagat-eettinen-ohje\/\">etihkala\u0161 r\u00e1vvagat<\/a>, <a href=\"https:\/\/matkailu.samediggi.fi\/se\/sanasto\/samediggi-saamelaiskarajat\/\">s\u00e1mediggi<\/a>[\/vc_column_text][\/vc_column_inner][\/vc_row_inner][\/vc_column][vc_column width=&#8221;1\/4&#8243;][\/vc_column][\/vc_row]<\/p>\n<\/div>","protected":false},"excerpt":{"rendered":"<p>[vc_row row_height_percent=&#8221;0&#8243; overlay_alpha=&#8221;50&#8243; gutter_size=&#8221;3&#8243; column_width_percent=&#8221;100&#8243; shift_y=&#8221;0&#8243; z_index=&#8221;0&#8243; bottom_divider=&#8221;pyramids&#8221; uncode_shortcode_id=&#8221;494265&#8243;][vc_column column_width_percent=&#8221;100&#8243; gutter_size=&#8221;3&#8243; overlay_alpha=&#8221;50&#8243; shift_x=&#8221;0&#8243; shift_y=&#8221;0&#8243; shift_y_down=&#8221;0&#8243; z_index=&#8221;0&#8243; medium_width=&#8221;0&#8243; mobile_visibility=&#8221;yes&#8221; mobile_width=&#8221;0&#8243; width=&#8221;1\/4&#8243; [&hellip;]<\/p>\n","protected":false},"featured_media":0,"template":"","meta":[],"categories":[160],"class_list":["post-2236","sanasto","type-sanasto","status-publish","hentry","category-e-se"],"yoast_head":"<!-- This site is optimized with the Yoast SEO plugin v26.6 - https:\/\/yoast.com\/wordpress\/plugins\/seo\/ -->\n<title>Ekologala\u0161 suvdinn\u00e1kca - Saamelaismatkailu<\/title>\n<meta name=\"robots\" content=\"index, follow, max-snippet:-1, max-image-preview:large, max-video-preview:-1\" \/>\n<link rel=\"canonical\" href=\"https:\/\/matkailu.samediggi.fi\/se\/sanasto\/ekologalas-suvdinnakca-ekologinen-kantokyky\/\" \/>\n<meta property=\"og:locale\" content=\"se_NO\" \/>\n<meta property=\"og:type\" content=\"article\" \/>\n<meta property=\"og:title\" content=\"Ekologala\u0161 suvdinn\u00e1kca - Saamelaismatkailu\" \/>\n<meta property=\"og:description\" content=\"[vc_row row_height_percent=&#8221;0&#8243; overlay_alpha=&#8221;50&#8243; gutter_size=&#8221;3&#8243; column_width_percent=&#8221;100&#8243; shift_y=&#8221;0&#8243; z_index=&#8221;0&#8243; bottom_divider=&#8221;pyramids&#8221; uncode_shortcode_id=&#8221;494265&#8243;][vc_column column_width_percent=&#8221;100&#8243; gutter_size=&#8221;3&#8243; overlay_alpha=&#8221;50&#8243; shift_x=&#8221;0&#8243; shift_y=&#8221;0&#8243; shift_y_down=&#8221;0&#8243; z_index=&#8221;0&#8243; medium_width=&#8221;0&#8243; mobile_visibility=&#8221;yes&#8221; mobile_width=&#8221;0&#8243; width=&#8221;1\/4&#8243; [&hellip;]\" \/>\n<meta property=\"og:url\" content=\"https:\/\/matkailu.samediggi.fi\/se\/sanasto\/ekologalas-suvdinnakca-ekologinen-kantokyky\/\" \/>\n<meta property=\"og:site_name\" content=\"Saamelaismatkailu\" \/>\n<meta property=\"article:modified_time\" content=\"2025-04-04T07:37:36+00:00\" \/>\n<meta name=\"twitter:card\" content=\"summary_large_image\" \/>\n<meta name=\"twitter:label1\" content=\"Est. reading time\" \/>\n\t<meta name=\"twitter:data1\" content=\"1 minute\" \/>\n<script type=\"application\/ld+json\" class=\"yoast-schema-graph\">{\"@context\":\"https:\/\/schema.org\",\"@graph\":[{\"@type\":\"WebPage\",\"@id\":\"https:\/\/matkailu.samediggi.fi\/se\/sanasto\/ekologalas-suvdinnakca-ekologinen-kantokyky\/\",\"url\":\"https:\/\/matkailu.samediggi.fi\/se\/sanasto\/ekologalas-suvdinnakca-ekologinen-kantokyky\/\",\"name\":\"Ekologala\u0161 suvdinn\u00e1kca - Saamelaismatkailu\",\"isPartOf\":{\"@id\":\"https:\/\/matkailu.samediggi.fi\/se\/#website\"},\"datePublished\":\"2025-03-10T11:37:09+00:00\",\"dateModified\":\"2025-04-04T07:37:36+00:00\",\"breadcrumb\":{\"@id\":\"https:\/\/matkailu.samediggi.fi\/se\/sanasto\/ekologalas-suvdinnakca-ekologinen-kantokyky\/#breadcrumb\"},\"inLanguage\":\"se-NO\",\"potentialAction\":[{\"@type\":\"ReadAction\",\"target\":[\"https:\/\/matkailu.samediggi.fi\/se\/sanasto\/ekologalas-suvdinnakca-ekologinen-kantokyky\/\"]}]},{\"@type\":\"BreadcrumbList\",\"@id\":\"https:\/\/matkailu.samediggi.fi\/se\/sanasto\/ekologalas-suvdinnakca-ekologinen-kantokyky\/#breadcrumb\",\"itemListElement\":[{\"@type\":\"ListItem\",\"position\":1,\"name\":\"Home\",\"item\":\"https:\/\/matkailu.samediggi.fi\/se\/\"},{\"@type\":\"ListItem\",\"position\":2,\"name\":\"Ekologala\u0161 suvdinn\u00e1kca\"}]},{\"@type\":\"WebSite\",\"@id\":\"https:\/\/matkailu.samediggi.fi\/se\/#website\",\"url\":\"https:\/\/matkailu.samediggi.fi\/se\/\",\"name\":\"Saamelaismatkailu\",\"description\":\"\",\"publisher\":{\"@id\":\"https:\/\/matkailu.samediggi.fi\/se\/#organization\"},\"potentialAction\":[{\"@type\":\"SearchAction\",\"target\":{\"@type\":\"EntryPoint\",\"urlTemplate\":\"https:\/\/matkailu.samediggi.fi\/se\/?s={search_term_string}\"},\"query-input\":{\"@type\":\"PropertyValueSpecification\",\"valueRequired\":true,\"valueName\":\"search_term_string\"}}],\"inLanguage\":\"se-NO\"},{\"@type\":\"Organization\",\"@id\":\"https:\/\/matkailu.samediggi.fi\/se\/#organization\",\"name\":\"Saamelaisk\u00e4r\u00e4j\u00e4t\",\"url\":\"https:\/\/matkailu.samediggi.fi\/se\/\",\"logo\":{\"@type\":\"ImageObject\",\"inLanguage\":\"se-NO\",\"@id\":\"https:\/\/matkailu.samediggi.fi\/se\/#\/schema\/logo\/image\/\",\"url\":\"https:\/\/matkailu.samediggi.fi\/wp-content\/uploads\/2022\/02\/Samediggilogo_TxtAktiv-1.png\",\"contentUrl\":\"https:\/\/matkailu.samediggi.fi\/wp-content\/uploads\/2022\/02\/Samediggilogo_TxtAktiv-1.png\",\"width\":2490,\"height\":1044,\"caption\":\"Saamelaisk\u00e4r\u00e4j\u00e4t\"},\"image\":{\"@id\":\"https:\/\/matkailu.samediggi.fi\/se\/#\/schema\/logo\/image\/\"}}]}<\/script>\n<!-- \/ Yoast SEO plugin. -->","yoast_head_json":{"title":"Ekologala\u0161 suvdinn\u00e1kca - Saamelaismatkailu","robots":{"index":"index","follow":"follow","max-snippet":"max-snippet:-1","max-image-preview":"max-image-preview:large","max-video-preview":"max-video-preview:-1"},"canonical":"https:\/\/matkailu.samediggi.fi\/se\/sanasto\/ekologalas-suvdinnakca-ekologinen-kantokyky\/","og_locale":"se_NO","og_type":"article","og_title":"Ekologala\u0161 suvdinn\u00e1kca - Saamelaismatkailu","og_description":"[vc_row row_height_percent=&#8221;0&#8243; overlay_alpha=&#8221;50&#8243; gutter_size=&#8221;3&#8243; column_width_percent=&#8221;100&#8243; shift_y=&#8221;0&#8243; z_index=&#8221;0&#8243; bottom_divider=&#8221;pyramids&#8221; uncode_shortcode_id=&#8221;494265&#8243;][vc_column column_width_percent=&#8221;100&#8243; gutter_size=&#8221;3&#8243; overlay_alpha=&#8221;50&#8243; shift_x=&#8221;0&#8243; shift_y=&#8221;0&#8243; shift_y_down=&#8221;0&#8243; z_index=&#8221;0&#8243; medium_width=&#8221;0&#8243; mobile_visibility=&#8221;yes&#8221; mobile_width=&#8221;0&#8243; width=&#8221;1\/4&#8243; [&hellip;]","og_url":"https:\/\/matkailu.samediggi.fi\/se\/sanasto\/ekologalas-suvdinnakca-ekologinen-kantokyky\/","og_site_name":"Saamelaismatkailu","article_modified_time":"2025-04-04T07:37:36+00:00","twitter_card":"summary_large_image","twitter_misc":{"Est. reading time":"1 minute"},"schema":{"@context":"https:\/\/schema.org","@graph":[{"@type":"WebPage","@id":"https:\/\/matkailu.samediggi.fi\/se\/sanasto\/ekologalas-suvdinnakca-ekologinen-kantokyky\/","url":"https:\/\/matkailu.samediggi.fi\/se\/sanasto\/ekologalas-suvdinnakca-ekologinen-kantokyky\/","name":"Ekologala\u0161 suvdinn\u00e1kca - Saamelaismatkailu","isPartOf":{"@id":"https:\/\/matkailu.samediggi.fi\/se\/#website"},"datePublished":"2025-03-10T11:37:09+00:00","dateModified":"2025-04-04T07:37:36+00:00","breadcrumb":{"@id":"https:\/\/matkailu.samediggi.fi\/se\/sanasto\/ekologalas-suvdinnakca-ekologinen-kantokyky\/#breadcrumb"},"inLanguage":"se-NO","potentialAction":[{"@type":"ReadAction","target":["https:\/\/matkailu.samediggi.fi\/se\/sanasto\/ekologalas-suvdinnakca-ekologinen-kantokyky\/"]}]},{"@type":"BreadcrumbList","@id":"https:\/\/matkailu.samediggi.fi\/se\/sanasto\/ekologalas-suvdinnakca-ekologinen-kantokyky\/#breadcrumb","itemListElement":[{"@type":"ListItem","position":1,"name":"Home","item":"https:\/\/matkailu.samediggi.fi\/se\/"},{"@type":"ListItem","position":2,"name":"Ekologala\u0161 suvdinn\u00e1kca"}]},{"@type":"WebSite","@id":"https:\/\/matkailu.samediggi.fi\/se\/#website","url":"https:\/\/matkailu.samediggi.fi\/se\/","name":"Saamelaismatkailu","description":"","publisher":{"@id":"https:\/\/matkailu.samediggi.fi\/se\/#organization"},"potentialAction":[{"@type":"SearchAction","target":{"@type":"EntryPoint","urlTemplate":"https:\/\/matkailu.samediggi.fi\/se\/?s={search_term_string}"},"query-input":{"@type":"PropertyValueSpecification","valueRequired":true,"valueName":"search_term_string"}}],"inLanguage":"se-NO"},{"@type":"Organization","@id":"https:\/\/matkailu.samediggi.fi\/se\/#organization","name":"Saamelaisk\u00e4r\u00e4j\u00e4t","url":"https:\/\/matkailu.samediggi.fi\/se\/","logo":{"@type":"ImageObject","inLanguage":"se-NO","@id":"https:\/\/matkailu.samediggi.fi\/se\/#\/schema\/logo\/image\/","url":"https:\/\/matkailu.samediggi.fi\/wp-content\/uploads\/2022\/02\/Samediggilogo_TxtAktiv-1.png","contentUrl":"https:\/\/matkailu.samediggi.fi\/wp-content\/uploads\/2022\/02\/Samediggilogo_TxtAktiv-1.png","width":2490,"height":1044,"caption":"Saamelaisk\u00e4r\u00e4j\u00e4t"},"image":{"@id":"https:\/\/matkailu.samediggi.fi\/se\/#\/schema\/logo\/image\/"}}]}},"_links":{"self":[{"href":"https:\/\/matkailu.samediggi.fi\/se\/wp-json\/wp\/v2\/sanasto\/2236","targetHints":{"allow":["GET"]}}],"collection":[{"href":"https:\/\/matkailu.samediggi.fi\/se\/wp-json\/wp\/v2\/sanasto"}],"about":[{"href":"https:\/\/matkailu.samediggi.fi\/se\/wp-json\/wp\/v2\/types\/sanasto"}],"wp:attachment":[{"href":"https:\/\/matkailu.samediggi.fi\/se\/wp-json\/wp\/v2\/media?parent=2236"}],"wp:term":[{"taxonomy":"category","embeddable":true,"href":"https:\/\/matkailu.samediggi.fi\/se\/wp-json\/wp\/v2\/categories?post=2236"}],"curies":[{"name":"wp","href":"https:\/\/api.w.org\/{rel}","templated":true}]}}